{"id":127,"date":"2017-07-12T11:47:47","date_gmt":"2017-07-12T09:47:47","guid":{"rendered":"http:\/\/asadepfrvn.cluster023.hosting.ovh.net\/?page_id=127"},"modified":"2018-02-18T23:32:07","modified_gmt":"2018-02-18T22:32:07","slug":"activites-html","status":"publish","type":"page","link":"https:\/\/asadep.fr\/index.php\/activites-html\/","title":{"rendered":"Nos activit\u00e9s"},"content":{"rendered":"<div id=\"pl-127\"  class=\"panel-layout\" ><div id=\"pg-127-0\"  class=\"panel-grid panel-no-style\" ><div id=\"pgc-127-0-0\"  class=\"panel-grid-cell\" ><div id=\"panel-127-0-0-0\" class=\"so-panel widget widget_sow-slider panel-first-child panel-last-child\" data-index=\"0\" ><div\n\t\t\t\n\t\t\tclass=\"so-widget-sow-slider so-widget-sow-slider-default-6d39609536fd-127\"\n\t\t\t\n\t\t>\t\t\t\t<div class=\"sow-slider-base\" style=\"display: none\" tabindex=\"0\">\n\t\t\t\t\t<ul\n\t\t\t\t\tclass=\"sow-slider-images\"\n\t\t\t\t\tdata-settings=\"{&quot;pagination&quot;:true,&quot;speed&quot;:800,&quot;timeout&quot;:8000,&quot;paused&quot;:false,&quot;pause_on_hover&quot;:false,&quot;swipe&quot;:true,&quot;nav_always_show_desktop&quot;:&quot;&quot;,&quot;nav_always_show_mobile&quot;:&quot;&quot;,&quot;breakpoint&quot;:&quot;780px&quot;,&quot;unmute&quot;:false,&quot;anchor&quot;:null}\"\n\t\t\t\t\t\t\t\t\t\tdata-anchor-id=\"\"\n\t\t\t\t>\t\t<li class=\"sow-slider-image\" style=\"visibility: visible;\" >\n\t\t\t\t\t\t<img loading=\"lazy\" decoding=\"async\" width=\"1439\" height=\"464\" src=\"https:\/\/asadep.fr\/wp-content\/uploads\/2017\/06\/DSC01908-Large-e1498031113280.jpg\" class=\"sow-slider-background-image\" alt=\"\" style=\"\" srcset=\"https:\/\/asadep.fr\/wp-content\/uploads\/2017\/06\/DSC01908-Large-e1498031113280.jpg 1439w, https:\/\/asadep.fr\/wp-content\/uploads\/2017\/06\/DSC01908-Large-e1498031113280-300x97.jpg 300w, https:\/\/asadep.fr\/wp-content\/uploads\/2017\/06\/DSC01908-Large-e1498031113280-768x248.jpg 768w, https:\/\/asadep.fr\/wp-content\/uploads\/2017\/06\/DSC01908-Large-e1498031113280-1024x330.jpg 1024w, https:\/\/asadep.fr\/wp-content\/uploads\/2017\/06\/DSC01908-Large-e1498031113280-248x80.jpg 248w\" sizes=\"auto, (max-width: 1439px) 100vw, 1439px\" \/>\t\t<\/li>\n\t\t\t\t<li class=\"sow-slider-image\" style=\"visibility: hidden;\" >\n\t\t\t\t\t\t<img loading=\"lazy\" decoding=\"async\" width=\"2011\" height=\"647\" src=\"https:\/\/asadep.fr\/wp-content\/uploads\/2017\/07\/logo-asadep4_milieu-e1500987394422.png\" class=\"sow-slider-background-image\" alt=\"\" style=\"\" srcset=\"https:\/\/asadep.fr\/wp-content\/uploads\/2017\/07\/logo-asadep4_milieu-e1500987394422.png 2011w, https:\/\/asadep.fr\/wp-content\/uploads\/2017\/07\/logo-asadep4_milieu-e1500987394422-300x97.png 300w, https:\/\/asadep.fr\/wp-content\/uploads\/2017\/07\/logo-asadep4_milieu-e1500987394422-768x247.png 768w, https:\/\/asadep.fr\/wp-content\/uploads\/2017\/07\/logo-asadep4_milieu-e1500987394422-1024x329.png 1024w, https:\/\/asadep.fr\/wp-content\/uploads\/2017\/07\/logo-asadep4_milieu-e1500987394422-249x80.png 249w\" sizes=\"auto, (max-width: 2011px) 100vw, 2011px\" \/>\t\t<\/li>\n\t\t\t\t<li class=\"sow-slider-image\" style=\"visibility: hidden;\" >\n\t\t\t\t\t\t<img loading=\"lazy\" decoding=\"async\" width=\"2048\" height=\"660\" src=\"https:\/\/asadep.fr\/wp-content\/uploads\/2017\/07\/SAINT-ANDRE-e1499847571565.jpg\" class=\"sow-slider-background-image\" alt=\"\" style=\"\" srcset=\"https:\/\/asadep.fr\/wp-content\/uploads\/2017\/07\/SAINT-ANDRE-e1499847571565.jpg 2048w, https:\/\/asadep.fr\/wp-content\/uploads\/2017\/07\/SAINT-ANDRE-e1499847571565-300x97.jpg 300w, https:\/\/asadep.fr\/wp-content\/uploads\/2017\/07\/SAINT-ANDRE-e1499847571565-768x248.jpg 768w, https:\/\/asadep.fr\/wp-content\/uploads\/2017\/07\/SAINT-ANDRE-e1499847571565-1024x330.jpg 1024w, https:\/\/asadep.fr\/wp-content\/uploads\/2017\/07\/SAINT-ANDRE-e1499847571565-248x80.jpg 248w\" sizes=\"auto, (max-width: 2048px) 100vw, 2048px\" \/>\t\t<\/li>\n\t\t\t\t<li class=\"sow-slider-image\" style=\"visibility: hidden;\" >\n\t\t\t\t\t\t<img loading=\"lazy\" decoding=\"async\" width=\"1536\" height=\"496\" src=\"https:\/\/asadep.fr\/wp-content\/uploads\/2017\/07\/24-06-06-FEU-de-la-St-jEAN-25-e1499847601576.jpg\" class=\"sow-slider-background-image\" alt=\"\" style=\"\" srcset=\"https:\/\/asadep.fr\/wp-content\/uploads\/2017\/07\/24-06-06-FEU-de-la-St-jEAN-25-e1499847601576.jpg 1536w, https:\/\/asadep.fr\/wp-content\/uploads\/2017\/07\/24-06-06-FEU-de-la-St-jEAN-25-e1499847601576-300x97.jpg 300w, https:\/\/asadep.fr\/wp-content\/uploads\/2017\/07\/24-06-06-FEU-de-la-St-jEAN-25-e1499847601576-768x248.jpg 768w, https:\/\/asadep.fr\/wp-content\/uploads\/2017\/07\/24-06-06-FEU-de-la-St-jEAN-25-e1499847601576-1024x331.jpg 1024w, https:\/\/asadep.fr\/wp-content\/uploads\/2017\/07\/24-06-06-FEU-de-la-St-jEAN-25-e1499847601576-248x80.jpg 248w\" sizes=\"auto, (max-width: 1536px) 100vw, 1536px\" \/>\t\t<\/li>\n\t\t\t\t<li class=\"sow-slider-image\" style=\"visibility: hidden;\" >\n\t\t\t\t\t\t<img loading=\"lazy\" decoding=\"async\" width=\"2048\" height=\"660\" src=\"https:\/\/asadep.fr\/wp-content\/uploads\/2017\/07\/30-07-05-VETEMENTS-SACERDOTAUX-St-ANDRE-d-H-25-e1499847632218.jpg\" class=\"sow-slider-background-image\" alt=\"\" style=\"\" srcset=\"https:\/\/asadep.fr\/wp-content\/uploads\/2017\/07\/30-07-05-VETEMENTS-SACERDOTAUX-St-ANDRE-d-H-25-e1499847632218.jpg 2048w, https:\/\/asadep.fr\/wp-content\/uploads\/2017\/07\/30-07-05-VETEMENTS-SACERDOTAUX-St-ANDRE-d-H-25-e1499847632218-300x97.jpg 300w, https:\/\/asadep.fr\/wp-content\/uploads\/2017\/07\/30-07-05-VETEMENTS-SACERDOTAUX-St-ANDRE-d-H-25-e1499847632218-768x248.jpg 768w, https:\/\/asadep.fr\/wp-content\/uploads\/2017\/07\/30-07-05-VETEMENTS-SACERDOTAUX-St-ANDRE-d-H-25-e1499847632218-1024x330.jpg 1024w, https:\/\/asadep.fr\/wp-content\/uploads\/2017\/07\/30-07-05-VETEMENTS-SACERDOTAUX-St-ANDRE-d-H-25-e1499847632218-248x80.jpg 248w\" sizes=\"auto, (max-width: 2048px) 100vw, 2048px\" \/>\t\t<\/li>\n\t\t\t\t<li class=\"sow-slider-image\" style=\"visibility: hidden;\" >\n\t\t\t\t\t\t<img loading=\"lazy\" decoding=\"async\" width=\"2048\" height=\"660\" src=\"https:\/\/asadep.fr\/wp-content\/uploads\/2017\/07\/30-07-05-e1499847653672.jpg\" class=\"sow-slider-background-image\" alt=\"\" style=\"\" srcset=\"https:\/\/asadep.fr\/wp-content\/uploads\/2017\/07\/30-07-05-e1499847653672.jpg 2048w, https:\/\/asadep.fr\/wp-content\/uploads\/2017\/07\/30-07-05-e1499847653672-300x97.jpg 300w, https:\/\/asadep.fr\/wp-content\/uploads\/2017\/07\/30-07-05-e1499847653672-768x248.jpg 768w, https:\/\/asadep.fr\/wp-content\/uploads\/2017\/07\/30-07-05-e1499847653672-1024x330.jpg 1024w, https:\/\/asadep.fr\/wp-content\/uploads\/2017\/07\/30-07-05-e1499847653672-248x80.jpg 248w\" sizes=\"auto, (max-width: 2048px) 100vw, 2048px\" \/>\t\t<\/li>\n\t\t\t\t<li class=\"sow-slider-image\" style=\"visibility: hidden;\" >\n\t\t\t\t\t\t<img loading=\"lazy\" decoding=\"async\" width=\"2048\" height=\"660\" src=\"https:\/\/asadep.fr\/wp-content\/uploads\/2017\/07\/19-03-05-e1499847683888.jpg\" class=\"sow-slider-background-image\" alt=\"\" style=\"\" srcset=\"https:\/\/asadep.fr\/wp-content\/uploads\/2017\/07\/19-03-05-e1499847683888.jpg 2048w, https:\/\/asadep.fr\/wp-content\/uploads\/2017\/07\/19-03-05-e1499847683888-300x97.jpg 300w, https:\/\/asadep.fr\/wp-content\/uploads\/2017\/07\/19-03-05-e1499847683888-768x248.jpg 768w, https:\/\/asadep.fr\/wp-content\/uploads\/2017\/07\/19-03-05-e1499847683888-1024x330.jpg 1024w, https:\/\/asadep.fr\/wp-content\/uploads\/2017\/07\/19-03-05-e1499847683888-248x80.jpg 248w\" sizes=\"auto, (max-width: 2048px) 100vw, 2048px\" \/>\t\t<\/li>\n\t\t<\/ul>\t\t\t\t<ol class=\"sow-slider-pagination\">\n\t\t\t\t\t\t\t\t\t\t\t<li><a href=\"#\" data-goto=\"0\" aria-label=\"Display slide 1\"><\/a><\/li>\n\t\t\t\t\t\t\t\t\t\t\t<li><a href=\"#\" data-goto=\"1\" aria-label=\"Display slide 2\"><\/a><\/li>\n\t\t\t\t\t\t\t\t\t\t\t<li><a href=\"#\" data-goto=\"2\" aria-label=\"Display slide 3\"><\/a><\/li>\n\t\t\t\t\t\t\t\t\t\t\t<li><a href=\"#\" data-goto=\"3\" aria-label=\"Display slide 4\"><\/a><\/li>\n\t\t\t\t\t\t\t\t\t\t\t<li><a href=\"#\" data-goto=\"4\" aria-label=\"Display slide 5\"><\/a><\/li>\n\t\t\t\t\t\t\t\t\t\t\t<li><a href=\"#\" data-goto=\"5\" aria-label=\"Display slide 6\"><\/a><\/li>\n\t\t\t\t\t\t\t\t\t\t\t<li><a href=\"#\" data-goto=\"6\" aria-label=\"Display slide 7\"><\/a><\/li>\n\t\t\t\t\t\t\t\t\t<\/ol>\n\n\t\t\t\t<div class=\"sow-slide-nav sow-slide-nav-next\">\n\t\t\t\t\t<a href=\"#\" data-goto=\"next\" aria-label=\"Next slide\" data-action=\"next\">\n\t\t\t\t\t\t<em class=\"sow-sld-icon-thin-right\"><\/em>\n\t\t\t\t\t<\/a>\n\t\t\t\t<\/div>\n\n\t\t\t\t<div class=\"sow-slide-nav sow-slide-nav-prev\">\n\t\t\t\t\t<a href=\"#\" data-goto=\"previous\" aria-label=\"Previous slide\" data-action=\"prev\">\n\t\t\t\t\t\t<em class=\"sow-sld-icon-thin-left\"><\/em>\n\t\t\t\t\t<\/a>\n\t\t\t\t<\/div>\n\t\t\t\t<\/div><\/div><\/div><\/div><\/div><div id=\"pg-127-1\"  class=\"panel-grid panel-no-style\" ><div id=\"pgc-127-1-0\"  class=\"panel-grid-cell panel-grid-cell-empty\" ><\/div><div id=\"pgc-127-1-1\"  class=\"panel-grid-cell panel-grid-cell-mobile-last\" ><div id=\"panel-127-1-1-0\" class=\"so-panel widget widget_sow-editor panel-first-child panel-last-child\" data-index=\"1\" ><div\n\t\t\t\n\t\t\tclass=\"so-widget-sow-editor so-widget-sow-editor-base\"\n\t\t\t\n\t\t>\n<div class=\"siteorigin-widget-tinymce textwidget\">\n\t<h1 style=\"text-align: center;\"><span class=\"titre\"><span class=\"\" style=\"display:block;clear:both;height: 0px;padding-top: 20px;border-top-width:0px;border-bottom-width:0px;\"><\/span>Nos activit\u00e9s<\/span><\/h1>\n<p style=\"text-align: center;\"><span class=\"texte\"><a href=\"http:\/\/asadepfrvn.cluster023.hosting.ovh.net\/index.php\/presse-html\/\">Cliquez ici<\/a> pour consulter les articles de presse concernant l'ASADEP.<br \/> <strong>Consultez r\u00e9guli\u00e8rement ce site afin de vous tenir inform\u00e9s.<\/strong><\/span><\/p>\n<h2 style=\"text-align: center;\"><span class=\"sous-titre\"><span class=\"\" style=\"display:block;clear:both;height: 0px;padding-top: 20px;border-top-width:0px;border-bottom-width:0px;\"><\/span>Programme 2017<\/span><\/h2>\n<\/div>\n<\/div><\/div><\/div><div id=\"pgc-127-1-2\"  class=\"panel-grid-cell panel-grid-cell-empty\" ><\/div><\/div><div id=\"pg-127-2\"  class=\"panel-grid panel-no-style\" ><div id=\"pgc-127-2-0\"  class=\"panel-grid-cell panel-grid-cell-empty\" ><\/div><div id=\"pgc-127-2-1\"  class=\"panel-grid-cell panel-grid-cell-mobile-last\" ><div id=\"panel-127-2-1-0\" class=\"so-panel widget widget_sow-editor panel-first-child panel-last-child\" data-index=\"2\" ><div\n\t\t\t\n\t\t\tclass=\"so-widget-sow-editor so-widget-sow-editor-base\"\n\t\t\t\n\t\t>\n<div class=\"siteorigin-widget-tinymce textwidget\">\n\t<h2 style=\"text-align: center;\"><span class=\"sous-titre\"><span class=\"\" style=\"display:block;clear:both;height: 0px;padding-top: 20px;border-top-width:0px;border-bottom-width:0px;\"><\/span>Activit\u00e9s pass\u00e9es<\/span><\/h2>\n<\/div>\n<\/div><\/div><\/div><div id=\"pgc-127-2-2\"  class=\"panel-grid-cell panel-grid-cell-empty\" ><\/div><\/div><div id=\"pg-127-3\"  class=\"panel-grid panel-no-style\" ><div id=\"pgc-127-3-0\"  class=\"panel-grid-cell panel-grid-cell-empty\" ><\/div><div id=\"pgc-127-3-1\"  class=\"panel-grid-cell\" ><div id=\"panel-127-3-1-0\" class=\"so-panel widget widget_sow-editor panel-first-child panel-last-child\" data-index=\"3\" ><div\n\t\t\t\n\t\t\tclass=\"so-widget-sow-editor so-widget-sow-editor-base\"\n\t\t\t\n\t\t>\n<div class=\"siteorigin-widget-tinymce textwidget\">\n\t<p style=\"text-align: justify;\"><span class=\"texte\"><strong>Journ\u00e9es Europ\u00e9ennes du Patrimoine 2016<\/strong><br \/> Les <strong>17 et 18 septembre<\/strong> dernier, la Commune, associ\u00e9e \u00e0 l'ASADEP a pr\u00e9sent\u00e9 les derniers travaux de restauration de 4 tableaux conserv\u00e9s dans notre Eglise.<br \/> Ces quatre tableaux sont: <\/span><\/p>\n<ol>\n<li style=\"text-align: justify;\"><span class=\"texte\">\"<strong>Remise des Tables de la Loi<\/strong>\", 17e si\u00e8cle, peintre non identifi\u00e9<\/span><\/li>\n<li style=\"text-align: justify;\"><span class=\"texte\">\"<strong>Saint Nicolas<\/strong>\", d\u00e9but 19e si\u00e8cle, peintre non identifi\u00e9<\/span><\/li>\n<li style=\"text-align: justify;\"><span class=\"texte\">\"<strong>Pr\u00e9sentation de Marie au Temple<\/strong>\", vers 1785, esquisse d'Anicet Charles Gabriel LEMONNIER<\/span><\/li>\n<li style=\"text-align: justify;\"><span class=\"texte\">\"<strong>Charles Borrom\u00e9e visitant les Pesteux<\/strong>\", vers 1785, esquisse d'Anicet Charles Gabriel LEMONNIER.<\/span><\/li>\n<\/ol>\n<p><span class=\"texte\">Apr\u00e8s un bref propos introductif de <strong>Pierre Bougard<\/strong>, Maire de Saint Andr\u00e9 d'H\u00e9bertot, <strong>G\u00e9rard Redon<\/strong>, Pr\u00e9sident de l'Asadep, accompagn\u00e9 de quatre membres de l'association s'est livr\u00e9 \u00e0 une \u00e9vocation historique de la commune, intitul\u00e9e \"Mille ans d'histoire et d'histoires\".<\/span><\/p>\n<p><span class=\"texte\">La pr\u00e9sence de Mesdames <strong>Nicole Ameline<\/strong>, D\u00e9put\u00e9e du Calvados, et <strong>Audrey Gadenne<\/strong>, Conseill\u00e8re D\u00e9partementale du Calvados, a donn\u00e9 \u00e0 cette manifestation une r\u00e9sonance exceptionnelle.<br \/> L'\u00e9vocation termin\u00e9e, tous ont pu admirer \u00e0 loisir les \u0153uvres restaur\u00e9es, chacune accompagn\u00e9e d'un panneau descriptif donnant informations et comparatifs avant-apr\u00e8s.<br \/> Par ailleurs, la Commune pr\u00e9sentait une exposition photos tr\u00e8s d\u00e9taill\u00e9e sur la longue restauration de l'Eglise qui s'est ex\u00e9cut\u00e9e de fin janvier 2012 \u00e0 mi-septembre 2013.<br \/> Un public nombreux nous a gratifi\u00e9s de sa pr\u00e9sence lors des deux journ\u00e9es qu'ont dur\u00e9 cet \u00e9v\u00e9nement.<span class=\"\" style=\"display:block;clear:both;height: 0px;padding-top: 20px;border-top-width:0px;border-bottom-width:0px;\"><\/span><\/span><\/p>\n<hr \/>\n<p><span class=\"texte\"><span class=\"\" style=\"display:block;clear:both;height: 0px;padding-top: 20px;border-top-width:0px;border-bottom-width:0px;\"><\/span><\/span><\/p>\n<\/div>\n<\/div><\/div><\/div><div id=\"pgc-127-3-2\"  class=\"panel-grid-cell panel-grid-cell-mobile-last\" ><div id=\"panel-127-3-2-0\" class=\"so-panel widget widget_sow-slider panel-first-child panel-last-child\" data-index=\"4\" ><div\n\t\t\t\n\t\t\tclass=\"so-widget-sow-slider so-widget-sow-slider-default-6d39609536fd-127\"\n\t\t\t\n\t\t>\t\t\t\t<div class=\"sow-slider-base\" style=\"display: none\" tabindex=\"0\">\n\t\t\t\t\t<ul\n\t\t\t\t\tclass=\"sow-slider-images\"\n\t\t\t\t\tdata-settings=\"{&quot;pagination&quot;:true,&quot;speed&quot;:800,&quot;timeout&quot;:8000,&quot;paused&quot;:false,&quot;pause_on_hover&quot;:false,&quot;swipe&quot;:true,&quot;nav_always_show_desktop&quot;:&quot;&quot;,&quot;nav_always_show_mobile&quot;:&quot;&quot;,&quot;breakpoint&quot;:&quot;780px&quot;,&quot;unmute&quot;:false,&quot;anchor&quot;:null}\"\n\t\t\t\t\t\t\t\t\t\tdata-anchor-id=\"\"\n\t\t\t\t>\t\t<li class=\"sow-slider-image\" style=\"visibility: visible;;cursor: pointer;\" data-url=\"{&quot;url&quot;:&quot;http:\\\/\\\/asadepfrvn.cluster023.hosting.ovh.net\\\/index.php\\\/photos_jep_2016\\\/&quot;,&quot;new_window&quot;:true}\" >\n\t\t\t\t\t\t\t\t\t\t<a href=\"http:\/\/asadepfrvn.cluster023.hosting.ovh.net\/index.php\/photos_jep_2016\/\"\n\t\t\t\t\t\t\t\t\t\t\t\t\t\t\ttarget=\"_blank\" \t\t\t\t\t\t\t\t\t\t\t\t\t\t\t\t\t\t\t\trel=\"noopener noreferrer\" \t\t\t\t\t\t\t\t\t>\n\t\t\t<img loading=\"lazy\" decoding=\"async\" width=\"1440\" height=\"1080\" src=\"https:\/\/asadep.fr\/wp-content\/uploads\/2017\/07\/IMG_3535.jpg\" class=\"sow-slider-background-image\" alt=\"\" style=\"\" srcset=\"https:\/\/asadep.fr\/wp-content\/uploads\/2017\/07\/IMG_3535.jpg 1440w, https:\/\/asadep.fr\/wp-content\/uploads\/2017\/07\/IMG_3535-300x225.jpg 300w, https:\/\/asadep.fr\/wp-content\/uploads\/2017\/07\/IMG_3535-768x576.jpg 768w, https:\/\/asadep.fr\/wp-content\/uploads\/2017\/07\/IMG_3535-1024x768.jpg 1024w, https:\/\/asadep.fr\/wp-content\/uploads\/2017\/07\/IMG_3535-107x80.jpg 107w\" sizes=\"auto, (max-width: 1440px) 100vw, 1440px\" \/><\/a>\t\t<\/li>\n\t\t<\/ul>\t\t\t\t<ol class=\"sow-slider-pagination\">\n\t\t\t\t\t\t\t\t\t\t\t<li><a href=\"#\" data-goto=\"0\" aria-label=\"Display slide 1\"><\/a><\/li>\n\t\t\t\t\t\t\t\t\t<\/ol>\n\n\t\t\t\t<div class=\"sow-slide-nav sow-slide-nav-next\">\n\t\t\t\t\t<a href=\"#\" data-goto=\"next\" aria-label=\"Next slide\" data-action=\"next\">\n\t\t\t\t\t\t<em class=\"sow-sld-icon-thin-right\"><\/em>\n\t\t\t\t\t<\/a>\n\t\t\t\t<\/div>\n\n\t\t\t\t<div class=\"sow-slide-nav sow-slide-nav-prev\">\n\t\t\t\t\t<a href=\"#\" data-goto=\"previous\" aria-label=\"Previous slide\" data-action=\"prev\">\n\t\t\t\t\t\t<em class=\"sow-sld-icon-thin-left\"><\/em>\n\t\t\t\t\t<\/a>\n\t\t\t\t<\/div>\n\t\t\t\t<\/div><\/div><\/div><\/div><div id=\"pgc-127-3-3\"  class=\"panel-grid-cell panel-grid-cell-empty\" ><\/div><\/div><div id=\"pg-127-4\"  class=\"panel-grid panel-no-style\" ><div id=\"pgc-127-4-0\"  class=\"panel-grid-cell panel-grid-cell-empty\" ><\/div><div id=\"pgc-127-4-1\"  class=\"panel-grid-cell\" ><div id=\"panel-127-4-1-0\" class=\"so-panel widget widget_sow-editor panel-first-child panel-last-child\" data-index=\"5\" ><div\n\t\t\t\n\t\t\tclass=\"so-widget-sow-editor so-widget-sow-editor-base\"\n\t\t\t\n\t\t>\n<div class=\"siteorigin-widget-tinymce textwidget\">\n\t<p style=\"text-align: justify;\"><span class=\"texte\">Le <strong>samedi 5 d\u00e9cembre 2015<\/strong> \u00e0 18h00, l'Asadep a eu le plaisir d'accueillir <strong>l'Harmonie Municipale de Pont l'Ev\u00eaque<\/strong> pour un <strong>concert gratuit \"HARMONIE\"<\/strong> \u00e0 l'occasion de la Sainte C\u00e9cile, patronne des musiciens.<br \/> Ce concert a eu lieu au <strong>Prieur\u00e9<\/strong> et a rencontr\u00e9 un grand succ\u00e8s<br \/> <a href=\"http:\/\/asadepfrvn.cluster023.hosting.ovh.net\/wp-content\/uploads\/2017\/07\/Affiche-concert-HMPL-5122015.jpg\" data-lightbox=\"gal[127]\" target=\"_blank\" rel=\"noopener\">Voir l'affiche de ce concert<\/a><br \/> <a href=\"https:\/\/www.facebook.com\/HarmonieMunicipaledePontlEveque\/\" target=\"_blank\" rel=\"noopener\">En savoir plus sur l'Harmonie Municipale de Pont l'Ev\u00eaque<\/a><span class=\"\" style=\"display:block;clear:both;height: 0px;padding-top: 20px;border-top-width:0px;border-bottom-width:0px;\"><\/span><\/span><\/p>\n<hr \/>\n<p><span class=\"texte\"><span class=\"\" style=\"display:block;clear:both;height: 0px;padding-top: 20px;border-top-width:0px;border-bottom-width:0px;\"><\/span><\/span><\/p>\n<\/div>\n<\/div><\/div><\/div><div id=\"pgc-127-4-2\"  class=\"panel-grid-cell panel-grid-cell-mobile-last\" ><div id=\"panel-127-4-2-0\" class=\"so-panel widget widget_sow-slider panel-first-child panel-last-child\" data-index=\"6\" ><div\n\t\t\t\n\t\t\tclass=\"so-widget-sow-slider so-widget-sow-slider-default-6d39609536fd-127\"\n\t\t\t\n\t\t>\t\t\t\t<div class=\"sow-slider-base\" style=\"display: none\" tabindex=\"0\">\n\t\t\t\t\t<ul\n\t\t\t\t\tclass=\"sow-slider-images\"\n\t\t\t\t\tdata-settings=\"{&quot;pagination&quot;:true,&quot;speed&quot;:800,&quot;timeout&quot;:8000,&quot;paused&quot;:false,&quot;pause_on_hover&quot;:false,&quot;swipe&quot;:true,&quot;nav_always_show_desktop&quot;:&quot;&quot;,&quot;nav_always_show_mobile&quot;:&quot;&quot;,&quot;breakpoint&quot;:&quot;780px&quot;,&quot;unmute&quot;:false,&quot;anchor&quot;:null}\"\n\t\t\t\t\t\t\t\t\t\tdata-anchor-id=\"\"\n\t\t\t\t>\t\t<li class=\"sow-slider-image\" style=\"visibility: visible;;cursor: pointer;\" data-url=\"{&quot;url&quot;:&quot;http:\\\/\\\/asadepfrvn.cluster023.hosting.ovh.net\\\/index.php\\\/photos_jep_2016\\\/&quot;,&quot;new_window&quot;:true}\" >\n\t\t\t\t\t\t\t\t\t\t<a href=\"http:\/\/asadepfrvn.cluster023.hosting.ovh.net\/index.php\/photos_jep_2016\/\"\n\t\t\t\t\t\t\t\t\t\t\t\t\t\t\ttarget=\"_blank\" \t\t\t\t\t\t\t\t\t\t\t\t\t\t\t\t\t\t\t\trel=\"noopener noreferrer\" \t\t\t\t\t\t\t\t\t>\n\t\t\t<img loading=\"lazy\" decoding=\"async\" width=\"1440\" height=\"1080\" src=\"https:\/\/asadep.fr\/wp-content\/uploads\/2017\/07\/IMG_3535.jpg\" class=\"sow-slider-background-image\" alt=\"\" style=\"\" srcset=\"https:\/\/asadep.fr\/wp-content\/uploads\/2017\/07\/IMG_3535.jpg 1440w, https:\/\/asadep.fr\/wp-content\/uploads\/2017\/07\/IMG_3535-300x225.jpg 300w, https:\/\/asadep.fr\/wp-content\/uploads\/2017\/07\/IMG_3535-768x576.jpg 768w, https:\/\/asadep.fr\/wp-content\/uploads\/2017\/07\/IMG_3535-1024x768.jpg 1024w, https:\/\/asadep.fr\/wp-content\/uploads\/2017\/07\/IMG_3535-107x80.jpg 107w\" sizes=\"auto, (max-width: 1440px) 100vw, 1440px\" \/><\/a>\t\t<\/li>\n\t\t<\/ul>\t\t\t\t<ol class=\"sow-slider-pagination\">\n\t\t\t\t\t\t\t\t\t\t\t<li><a href=\"#\" data-goto=\"0\" aria-label=\"Display slide 1\"><\/a><\/li>\n\t\t\t\t\t\t\t\t\t<\/ol>\n\n\t\t\t\t<div class=\"sow-slide-nav sow-slide-nav-next\">\n\t\t\t\t\t<a href=\"#\" data-goto=\"next\" aria-label=\"Next slide\" data-action=\"next\">\n\t\t\t\t\t\t<em class=\"sow-sld-icon-thin-right\"><\/em>\n\t\t\t\t\t<\/a>\n\t\t\t\t<\/div>\n\n\t\t\t\t<div class=\"sow-slide-nav sow-slide-nav-prev\">\n\t\t\t\t\t<a href=\"#\" data-goto=\"previous\" aria-label=\"Previous slide\" data-action=\"prev\">\n\t\t\t\t\t\t<em class=\"sow-sld-icon-thin-left\"><\/em>\n\t\t\t\t\t<\/a>\n\t\t\t\t<\/div>\n\t\t\t\t<\/div><\/div><\/div><\/div><div id=\"pgc-127-4-3\"  class=\"panel-grid-cell panel-grid-cell-empty\" ><\/div><\/div><div id=\"pg-127-5\"  class=\"panel-grid panel-no-style\" ><div id=\"pgc-127-5-0\"  class=\"panel-grid-cell panel-grid-cell-empty\" ><\/div><div id=\"pgc-127-5-1\"  class=\"panel-grid-cell\" ><div id=\"panel-127-5-1-0\" class=\"so-panel widget widget_sow-editor panel-first-child panel-last-child\" data-index=\"7\" ><div\n\t\t\t\n\t\t\tclass=\"so-widget-sow-editor so-widget-sow-editor-base\"\n\t\t\t\n\t\t>\n<div class=\"siteorigin-widget-tinymce textwidget\">\n\t<p style=\"text-align: justify;\"><span class=\"texte\">Le <strong>samedi 31 octobre 2015<\/strong>, pour ses 10 ans, l\u2019ASADEP organisait au soir un Diner-Concert, dans la majestueuse salle du Prieur\u00e9 de Saint Andr\u00e9 d\u2019H\u00e9bertot.<br \/> Soixante cinq convives ont pu diner et danser \u2013 jusqu\u2019\u00e0 2 heures du matin \u2013 avec le groupe \u00ab THE FOUR MUSTANGS \u00bb aux sons entrainants de la musique de Cliff Richard, des Shadows, des ann\u00e9es 60<br \/> et des rythmes latinos.<br \/> \u00ab Une vraie r\u00e9compense pour les membres du bureau et les b\u00e9n\u00e9voles de notre association qui ont oeuvr\u00e9 toutes ces ann\u00e9es pour la restauration du Patrimoine communal. \u00bb<span class=\"\" style=\"display:block;clear:both;height: 0px;padding-top: 20px;border-top-width:0px;border-bottom-width:0px;\"><\/span><\/span><\/p>\n<p>\u00a0<\/p>\n<hr \/>\n<p><span class=\"texte\"><span class=\"\" style=\"display:block;clear:both;height: 0px;padding-top: 20px;border-top-width:0px;border-bottom-width:0px;\"><\/span><\/span><\/p>\n<\/div>\n<\/div><\/div><\/div><div id=\"pgc-127-5-2\"  class=\"panel-grid-cell panel-grid-cell-empty panel-grid-cell-mobile-last\" ><\/div><div id=\"pgc-127-5-3\"  class=\"panel-grid-cell panel-grid-cell-empty\" ><\/div><\/div><div id=\"pg-127-6\"  class=\"panel-grid panel-no-style\" ><div id=\"pgc-127-6-0\"  class=\"panel-grid-cell panel-grid-cell-empty\" ><\/div><div id=\"pgc-127-6-1\"  class=\"panel-grid-cell\" ><div id=\"panel-127-6-1-0\" class=\"so-panel widget widget_sow-editor panel-first-child panel-last-child\" data-index=\"8\" ><div\n\t\t\t\n\t\t\tclass=\"so-widget-sow-editor so-widget-sow-editor-base\"\n\t\t\t\n\t\t>\n<div class=\"siteorigin-widget-tinymce textwidget\">\n\t<p style=\"text-align: justify;\"><span class=\"texte\">Le <strong>dimanche 20 septembre 2015<\/strong>, dans le cadre des Journ\u00e9es Europ\u00e9ennes du Patrimoine, l\u2019Eglise de Saint Andr\u00e9 d\u2019H\u00e9bertot a ouvert ses portes \u00e0 une centaine de visiteurs les 19 et 20 septembre.<br \/> Le dimanche \u00e0 15 h, l\u2019Asadep a propos\u00e9 aux visiteurs une Evocation historique \u00e0 5 voix sur le th\u00e8me de \" <strong>Mille ans d'Histoire et d'Histoires<\/strong>\" d\u00e9taillant la vie du village, les \u00e9v\u00e8nements marquants et les hommes c\u00e9l\u00e8bres de la commune. Un si\u00e8cle parcouru en trente minutes mais riche de sujets, d\u2019anecdotes et \u00e9maill\u00e9 de po\u00e8mes normands.<br \/> Le public tr\u00e8s int\u00e9ress\u00e9 a pos\u00e9 de nombreuses questions sur l\u2019architecture de l\u2019Eglise, ses aspects sp\u00e9cifiques et particuliers, et notamment certains beaux objets: la Vierge \u00e0 l\u2019Enfant du 14\u00b0 si\u00e8cle, le chapier en \u00e9ventail du 17\u00b0, l\u2019aigle-lutrin. Les passionn\u00e9s d\u2019Art Roman ont \u00e9galement enrichi la discussion par leur connaissance.<br \/> Un dimanche ensoleill\u00e9 et tr\u00e8s r\u00e9ussi!<br \/> Voir <a href=\"http:\/\/asadepfrvn.cluster023.hosting.ovh.net\/wp-content\/uploads\/2017\/07\/Affiche-JEP-2015.pdf\" target=\"_blank\" rel=\"noopener\">l'affiche <\/a>et une <a href=\"http:\/\/asadepfrvn.cluster023.hosting.ovh.net\/wp-content\/uploads\/2017\/07\/Mille-Ans-dHistoires-1.jpg\" data-lightbox=\"gal[127]\" target=\"_blank\" rel=\"noopener\">photo<\/a><span class=\"\" style=\"display:block;clear:both;height: 0px;padding-top: 20px;border-top-width:0px;border-bottom-width:0px;\"><\/span><\/span><\/p>\n<p>\u00a0<\/p>\n<hr \/>\n<p><span class=\"texte\"><span class=\"\" style=\"display:block;clear:both;height: 0px;padding-top: 20px;border-top-width:0px;border-bottom-width:0px;\"><\/span><\/span><\/p>\n<\/div>\n<\/div><\/div><\/div><div id=\"pgc-127-6-2\"  class=\"panel-grid-cell panel-grid-cell-empty panel-grid-cell-mobile-last\" ><\/div><div id=\"pgc-127-6-3\"  class=\"panel-grid-cell panel-grid-cell-empty\" ><\/div><\/div><div id=\"pg-127-7\"  class=\"panel-grid panel-no-style\" ><div id=\"pgc-127-7-0\"  class=\"panel-grid-cell panel-grid-cell-empty\" ><\/div><div id=\"pgc-127-7-1\"  class=\"panel-grid-cell\" ><div id=\"panel-127-7-1-0\" class=\"so-panel widget widget_sow-editor panel-first-child panel-last-child\" data-index=\"9\" ><div\n\t\t\t\n\t\t\tclass=\"so-widget-sow-editor so-widget-sow-editor-base\"\n\t\t\t\n\t\t>\n<div class=\"siteorigin-widget-tinymce textwidget\">\n\t<p style=\"text-align: justify;\"><span class=\"texte\">Le <strong>lundi 29 juin 2015<\/strong>, les enfants des classes de CE1\/2 et de CM1\/2 de l\u2019\u00e9cole de Quetteville, encadr\u00e9s par leurs maitressesse, se sont rendus \u00e0 Saint Andr\u00e9 d\u2019H\u00e9bertot dans le cadre de leur programme scolaire sur l\u2019Art Roman. Les membres de l\u2019Association les y ont accueillis et guid\u00e9s.<br \/> Certains \u00e9l\u00e8ves avaient pour objectif de d\u00e9couvrir la r\u00e9alit\u00e9 in situ apr\u00e8s avoir, dans la matin\u00e9e, \u00e9t\u00e9 initi\u00e9s \u00e0 la th\u00e9orie de la construction romane et son \u00e9volution vers le gothique.<br \/> Les plus jeunes avaient pour objectif particulier les m\u00e9tiers, les m\u00e9thodes et les outils de la mise en \u0153uvre.<br \/> Ces pierres magnifiques, vieilles d\u2019un millier d\u2019ann\u00e9e, les ont impressionn\u00e9s, comme la nef bois\u00e9e o\u00f9 chacun a pu reconna\u00eetre la forme d\u2019un bateau.<br \/> Leur curiosit\u00e9 a \u00e9t\u00e9 forte et les \u00e9l\u00e8ves ont pos\u00e9 beaucoup de questions. Pour reprendre les mots de madame Boulay, Directrice de l\u2019\u00e9cole, compte tenu de \u00ab la curiosit\u00e9 que vous avez su \u00e9veiller chez les enfants, je suis persuad\u00e9e que mes \u00e9l\u00e8ves de Cours \u00e9l\u00e9mentaire ne regarderont plus les Eglises de la m\u00eame fa\u00e7on\u2026. \u00bb<br \/> C\u2019est, pour les organisateurs de cette belle sortie, la plus belle des conclusions.<span class=\"\" style=\"display:block;clear:both;height: 0px;padding-top: 20px;border-top-width:0px;border-bottom-width:0px;\"><\/span><\/span><\/p>\n<p>\u00a0<\/p>\n<hr \/>\n<p><span class=\"texte\"><span class=\"\" style=\"display:block;clear:both;height: 0px;padding-top: 20px;border-top-width:0px;border-bottom-width:0px;\"><\/span><\/span><\/p>\n<\/div>\n<\/div><\/div><\/div><div id=\"pgc-127-7-2\"  class=\"panel-grid-cell panel-grid-cell-empty panel-grid-cell-mobile-last\" ><\/div><div id=\"pgc-127-7-3\"  class=\"panel-grid-cell panel-grid-cell-empty\" ><\/div><\/div><div id=\"pg-127-8\"  class=\"panel-grid panel-no-style\" ><div id=\"pgc-127-8-0\"  class=\"panel-grid-cell panel-grid-cell-empty\" ><\/div><div id=\"pgc-127-8-1\"  class=\"panel-grid-cell\" ><div id=\"panel-127-8-1-0\" class=\"so-panel widget widget_sow-editor panel-first-child panel-last-child\" data-index=\"10\" ><div\n\t\t\t\n\t\t\tclass=\"so-widget-sow-editor so-widget-sow-editor-base\"\n\t\t\t\n\t\t>\n<div class=\"siteorigin-widget-tinymce textwidget\">\n\t<p style=\"text-align: justify;\"><span class=\"texte\">Le <strong>dimanche 21 juin 2015<\/strong> de 14h00 \u00e0 18h00, nous avons ouvert l'\u00e9glise de Saint Andr\u00e9 d'H\u00e9bertot, dans le cadre de la 18\u00e8me \u00e9dition des <a href=\"http:\/\/patrimoine-environnement.fr\/wp-content\/uploads\/2015\/01\/Journal-JPPM-2015.pdf\" target=\"_blank\" rel=\"noopener\"><strong>Journ\u00e9es du Patrimoine de Pays et des Moulins<\/strong><\/a> sur le th\u00e8me:<br \/> \"Le Moyen Age encore pr\u00e9sent\".<br \/> Ce fut l\u2019occasion de faire d\u00e9couvrir au public int\u00e9ress\u00e9 les richesses architecturales de l\u2019Eglise dont le d\u00e9but de la construction se situe au milieu du XI\u00b0 si\u00e8cle pour s\u2019achever au XII\u00b0 si\u00e8cle.<br \/> L\u2019art roman y est repr\u00e9sent\u00e9 entre autres par son plan, ses colonnes, chapiteaux, arcs et sculptures. Particularit\u00e9 int\u00e9ressante \u00e9galement est la chapelle gauche de pur style gothique qui permet de visualiser l\u2019\u00e9volution dans le temps de l\u2019architecture religieuse.<span class=\"\" style=\"display:block;clear:both;height: 0px;padding-top: 20px;border-top-width:0px;border-bottom-width:0px;\"><\/span><\/span><\/p>\n<p>\u00a0<\/p>\n<hr \/>\n<p><span class=\"texte\"><span class=\"\" style=\"display:block;clear:both;height: 0px;padding-top: 20px;border-top-width:0px;border-bottom-width:0px;\"><\/span><\/span><\/p>\n<\/div>\n<\/div><\/div><\/div><div id=\"pgc-127-8-2\"  class=\"panel-grid-cell panel-grid-cell-empty panel-grid-cell-mobile-last\" ><\/div><div id=\"pgc-127-8-3\"  class=\"panel-grid-cell panel-grid-cell-empty\" ><\/div><\/div><div id=\"pg-127-9\"  class=\"panel-grid panel-no-style\" ><div id=\"pgc-127-9-0\"  class=\"panel-grid-cell panel-grid-cell-empty\" ><\/div><div id=\"pgc-127-9-1\"  class=\"panel-grid-cell\" ><div id=\"panel-127-9-1-0\" class=\"so-panel widget widget_sow-editor panel-first-child panel-last-child\" data-index=\"11\" ><div\n\t\t\t\n\t\t\tclass=\"so-widget-sow-editor so-widget-sow-editor-base\"\n\t\t\t\n\t\t>\n<div class=\"siteorigin-widget-tinymce textwidget\">\n\t<p style=\"text-align: justify;\"><span class=\"texte\">Le <strong>samedi 16 mai 2015<\/strong> de 21h00 \u00e0 1h00 du matin pour la 4\u00e8me \u00e9dition de <strong>Pierres en Lumi\u00e8res<\/strong>, organis\u00e9e par le Conseil G\u00e9n\u00e9ral du Calvados et la Fondation du Patrimoine, l'Asadep a pr\u00e9sent\u00e9 l'\u00e9glise de Saint Andr\u00e9 d'H\u00e9bertot toute en lumi\u00e8res. <a href=\"http:\/\/asadepfrvn.cluster023.hosting.ovh.net\/wp-content\/uploads\/2017\/07\/Pierres-en-Lumieres-2015-Affiche.pdf\" target=\"_blank\" rel=\"noopener\">Voir l'affiche<\/a><br \/> A 21h30, s'est tenu le <strong>r\u00e9cital \"Une Voix en Lumi\u00e8re\" de la chanteuse Katia<\/strong>, suivi d'un pot de l'amiti\u00e9.<br \/> La soir\u00e9e a \u00e9t\u00e9 un franc succ\u00e8s. Plus d'une centaine de personnes y ont assist\u00e9, et les chansons ont succ\u00e9d\u00e9 les unes aux autres pour le plus grand plaisir des participants.<br \/> Un buffet convivial a permis de prolonger ce beau moment entre amis.<br \/> Voici un extrait du talent de Katia:<\/span><\/p>\n<\/div>\n<\/div><\/div><\/div><div id=\"pgc-127-9-2\"  class=\"panel-grid-cell panel-grid-cell-empty panel-grid-cell-mobile-last\" ><\/div><div id=\"pgc-127-9-3\"  class=\"panel-grid-cell panel-grid-cell-empty\" ><\/div><\/div><div id=\"pg-127-10\"  class=\"panel-grid panel-no-style\" ><div id=\"pgc-127-10-0\"  class=\"panel-grid-cell panel-grid-cell-empty\" ><\/div><div id=\"pgc-127-10-1\"  class=\"panel-grid-cell\" ><div id=\"panel-127-10-1-0\" class=\"so-panel widget widget_simple_music_widget panel-first-child panel-last-child\" data-index=\"12\" >\n\t\t<div class=\"simple-music-widget\">\n\t\t\t<!-- album cover -->\n\t\t\t\t\t\t<!-- song details -->\n\t\t\t\t\t\t<!-- audio player -->\n\t\t\t<audio preload=\"metadata\" controls=\"\" src=\"http:\/\/asadepfrvn.cluster023.hosting.ovh.net\/wp-content\/uploads\/2017\/07\/LAigle-Noir.mp3\"><p>Your browser does not support the audio element.<\/p><\/audio>\t\t\t<!-- description -->\n\t\t\t\n\t\t<\/div>\n\t\t<\/div>\t\t<\/div><div id=\"pgc-127-10-2\"  class=\"panel-grid-cell panel-grid-cell-empty panel-grid-cell-mobile-last\" ><\/div><div id=\"pgc-127-10-3\"  class=\"panel-grid-cell panel-grid-cell-empty\" ><\/div><\/div><div id=\"pg-127-11\"  class=\"panel-grid panel-no-style\" ><div id=\"pgc-127-11-0\"  class=\"panel-grid-cell panel-grid-cell-empty\" ><\/div><div id=\"pgc-127-11-1\"  class=\"panel-grid-cell\" ><div id=\"panel-127-11-1-0\" class=\"so-panel widget widget_sow-editor panel-first-child panel-last-child\" data-index=\"13\" ><div\n\t\t\t\n\t\t\tclass=\"so-widget-sow-editor so-widget-sow-editor-base\"\n\t\t\t\n\t\t>\n<div class=\"siteorigin-widget-tinymce textwidget\">\n\t<p>\u00a0<\/p>\n<hr \/>\n<p><span class=\"texte\"><span class=\"\" style=\"display:block;clear:both;height: 0px;padding-top: 20px;border-top-width:0px;border-bottom-width:0px;\"><\/span><\/span><\/p>\n<p style=\"text-align: justify;\"><span class=\"texte\">Le <strong>samedi 20 septembre 2014<\/strong> de 14h30 \u00e0 18h et le <strong>dimanche 21 septembre<\/strong> de 10 \u00e0 12h et de 14h30 \u00e0 18h dans l'\u00e9glise de Saint Andr\u00e9 d'H\u00e9bertot, dans le cadre des <strong>Journ\u00e9es Europ\u00e9ennes du Patrimoine<\/strong>.<br \/> le <strong>Dimanche 21 septembre 2014<\/strong> \u00e0 16h00<br \/> Evocation historique du village et de son \u00e9glise:<br \/> \"<strong>Une si vieille dame...<\/strong>\"<span class=\"\" style=\"display:block;clear:both;height: 0px;padding-top: 20px;border-top-width:0px;border-bottom-width:0px;\"><\/span><\/span><\/p>\n<p>\u00a0<\/p>\n<hr \/>\n<p><span class=\"texte\"><span class=\"\" style=\"display:block;clear:both;height: 0px;padding-top: 20px;border-top-width:0px;border-bottom-width:0px;\"><\/span><\/span><\/p>\n<\/div>\n<\/div><\/div><\/div><div id=\"pgc-127-11-2\"  class=\"panel-grid-cell panel-grid-cell-empty panel-grid-cell-mobile-last\" ><\/div><div id=\"pgc-127-11-3\"  class=\"panel-grid-cell panel-grid-cell-empty\" ><\/div><\/div><div id=\"pg-127-12\"  class=\"panel-grid panel-no-style\" ><div id=\"pgc-127-12-0\"  class=\"panel-grid-cell panel-grid-cell-empty\" ><\/div><div id=\"pgc-127-12-1\"  class=\"panel-grid-cell\" ><div id=\"panel-127-12-1-0\" class=\"so-panel widget widget_sow-editor panel-first-child panel-last-child\" data-index=\"14\" ><div\n\t\t\t\n\t\t\tclass=\"so-widget-sow-editor so-widget-sow-editor-base\"\n\t\t\t\n\t\t>\n<div class=\"siteorigin-widget-tinymce textwidget\">\n\t<p style=\"text-align: justify;\"><span class=\"texte\">Le <strong>samedi 14 juin 2014<\/strong> de 14h30 \u00e0 17h et le dimanche 15 juin de 10 \u00e0 12h et de 14h30 \u00e0 18h dans l'\u00e9glise de Saint Andr\u00e9 d'H\u00e9bertot, dans le cadre des <strong>Journ\u00e9es du Patrimoine de Pays et des Moulins<\/strong> dont le th\u00e8me national est \"<a href=\"http:\/\/www.patrimoine-environnement.fr\/nos-actions\/connaitre\/journees-du-patrimoine-de-pays-et-des-moulins\/\" target=\"_blank\" rel=\"noopener\"><strong>Lumi\u00e8re et Couleurs<\/strong><\/a>\".<span class=\"\" style=\"display:block;clear:both;height: 0px;padding-top: 20px;border-top-width:0px;border-bottom-width:0px;\"><\/span><\/span><\/p>\n<p>\u00a0<\/p>\n<hr \/>\n<p><span class=\"texte\"><span class=\"\" style=\"display:block;clear:both;height: 0px;padding-top: 20px;border-top-width:0px;border-bottom-width:0px;\"><\/span><\/span><\/p>\n<\/div>\n<\/div><\/div><\/div><div id=\"pgc-127-12-2\"  class=\"panel-grid-cell panel-grid-cell-empty panel-grid-cell-mobile-last\" ><\/div><div id=\"pgc-127-12-3\"  class=\"panel-grid-cell panel-grid-cell-empty\" ><\/div><\/div><div id=\"pg-127-13\"  class=\"panel-grid panel-no-style\" ><div id=\"pgc-127-13-0\"  class=\"panel-grid-cell panel-grid-cell-empty\" ><\/div><div id=\"pgc-127-13-1\"  class=\"panel-grid-cell\" ><div id=\"panel-127-13-1-0\" class=\"so-panel widget widget_sow-editor panel-first-child panel-last-child\" data-index=\"15\" ><div\n\t\t\t\n\t\t\tclass=\"so-widget-sow-editor so-widget-sow-editor-base\"\n\t\t\t\n\t\t>\n<div class=\"siteorigin-widget-tinymce textwidget\">\n\t<p style=\"text-align: justify;\"><span class=\"texte\">Le\u00a0<strong>samedi 17 mai 2014<\/strong> de 21h \u00e0 1h du matin dans l'\u00e9glise de Saint Andr\u00e9 d'H\u00e9bertot, dans le cadre de l'op\u00e9ration \"<a href=\"http:\/\/asadepfrvn.cluster023.hosting.ovh.net\/wp-content\/uploads\/2017\/07\/2014-PEL-Calvados.pdf\" target=\"_blank\" rel=\"noopener\"><strong>Pierres en Lumieres<\/strong><\/a>\" organis\u00e9e par le Conseil G\u00e9n\u00e9ral du Calvados et la Fondation du Patrimoine.<span class=\"\" style=\"display:block;clear:both;height: 0px;padding-top: 20px;border-top-width:0px;border-bottom-width:0px;\"><\/span><\/span><\/p>\n<p>\u00a0<\/p>\n<hr \/>\n<p><span class=\"texte\"><span class=\"\" style=\"display:block;clear:both;height: 0px;padding-top: 20px;border-top-width:0px;border-bottom-width:0px;\"><\/span><\/span><\/p>\n<\/div>\n<\/div><\/div><\/div><div id=\"pgc-127-13-2\"  class=\"panel-grid-cell panel-grid-cell-empty panel-grid-cell-mobile-last\" ><\/div><div id=\"pgc-127-13-3\"  class=\"panel-grid-cell panel-grid-cell-empty\" ><\/div><\/div><div id=\"pg-127-14\"  class=\"panel-grid panel-no-style\" ><div id=\"pgc-127-14-0\"  class=\"panel-grid-cell panel-grid-cell-empty\" ><\/div><div id=\"pgc-127-14-1\"  class=\"panel-grid-cell\" ><div id=\"panel-127-14-1-0\" class=\"so-panel widget widget_sow-editor panel-first-child panel-last-child\" data-index=\"16\" ><div\n\t\t\t\n\t\t\tclass=\"so-widget-sow-editor so-widget-sow-editor-base\"\n\t\t\t\n\t\t>\n<div class=\"siteorigin-widget-tinymce textwidget\">\n\t<p style=\"text-align: justify;\"><span class=\"texte\"><strong>La participation aux Journ\u00e9es du Patrimoine en 2011, 2012 et 2013, <\/strong>par l'ouverture exceptionnelle de l'Eglise de Saint Andr\u00e9 d'H\u00e9bertot, et la pr\u00e9sence de b\u00e9n\u00e9voles afin de r\u00e9pondre aux questions des visiteurs.<\/span><\/p>\n<p>\u00a0<\/p>\n<hr \/>\n<p><span class=\"texte\"><span class=\"\" style=\"display:block;clear:both;height: 0px;padding-top: 20px;border-top-width:0px;border-bottom-width:0px;\"><\/span><\/span><\/p>\n<\/div>\n<\/div><\/div><\/div><div id=\"pgc-127-14-2\"  class=\"panel-grid-cell panel-grid-cell-empty panel-grid-cell-mobile-last\" ><\/div><div id=\"pgc-127-14-3\"  class=\"panel-grid-cell panel-grid-cell-empty\" ><\/div><\/div><div id=\"pg-127-15\"  class=\"panel-grid panel-no-style\" ><div id=\"pgc-127-15-0\"  class=\"panel-grid-cell panel-grid-cell-empty\" ><\/div><div id=\"pgc-127-15-1\"  class=\"panel-grid-cell\" ><div id=\"panel-127-15-1-0\" class=\"so-panel widget widget_sow-editor panel-first-child panel-last-child\" data-index=\"17\" ><div\n\t\t\t\n\t\t\tclass=\"so-widget-sow-editor so-widget-sow-editor-base\"\n\t\t\t\n\t\t>\n<div class=\"siteorigin-widget-tinymce textwidget\">\n\t<p style=\"text-align: justify;\"><span class=\"texte\">- <strong>Samedi 6 Novembre 2010<\/strong>: Concert Blues \/ Gospel \/ Soul avec \"<a href=\"https:\/\/www.youtube.com\/user\/RachellePlasMyspace\" target=\"_blank\" rel=\"noopener\"><strong>The Rachelle Plas Quartet<\/strong><\/a>\" | <a href=\"http:\/\/asadepfrvn.cluster023.hosting.ovh.net\/wp-content\/uploads\/2017\/07\/Affiche-Rachelle-Plas-DEF-1.jpg\" data-lightbox=\"gal[127]\" target=\"_blank\" rel=\"noopener\">Voir l'affiche<\/a><span class=\"\" style=\"display:block;clear:both;height: 0px;padding-top: 20px;border-top-width:0px;border-bottom-width:0px;\"><\/span><\/span><\/p>\n<\/div>\n<\/div><\/div><\/div><div id=\"pgc-127-15-2\"  class=\"panel-grid-cell panel-grid-cell-empty panel-grid-cell-mobile-last\" ><\/div><div id=\"pgc-127-15-3\"  class=\"panel-grid-cell panel-grid-cell-empty\" ><\/div><\/div><div id=\"pg-127-16\"  class=\"panel-grid panel-no-style\" ><div id=\"pgc-127-16-0\"  class=\"panel-grid-cell panel-grid-cell-empty\" ><\/div><div id=\"pgc-127-16-1\"  class=\"panel-grid-cell\" ><div id=\"panel-127-16-1-0\" class=\"so-panel widget widget_sow-editor panel-first-child panel-last-child\" data-index=\"18\" ><div\n\t\t\t\n\t\t\tclass=\"so-widget-sow-editor so-widget-sow-editor-base\"\n\t\t\t\n\t\t>\n<div class=\"siteorigin-widget-tinymce textwidget\">\n\t<p style=\"text-align: justify;\"><span class=\"texte\">- <strong>Vendredi 18 D\u00e9cembre 2009<\/strong>: March\u00e9 de No\u00ebl: l'association a particip\u00e9 avec un Stand Asadep.<span class=\"\" style=\"display:block;clear:both;height: 0px;padding-top: 20px;border-top-width:0px;border-bottom-width:0px;\"><\/span><\/span><\/p>\n<\/div>\n<\/div><\/div><\/div><div id=\"pgc-127-16-2\"  class=\"panel-grid-cell panel-grid-cell-empty panel-grid-cell-mobile-last\" ><\/div><div id=\"pgc-127-16-3\"  class=\"panel-grid-cell panel-grid-cell-empty\" ><\/div><\/div><div id=\"pg-127-17\"  class=\"panel-grid panel-no-style\" ><div id=\"pgc-127-17-0\"  class=\"panel-grid-cell panel-grid-cell-empty\" ><\/div><div id=\"pgc-127-17-1\"  class=\"panel-grid-cell\" ><div id=\"panel-127-17-1-0\" class=\"so-panel widget widget_sow-editor panel-first-child panel-last-child\" data-index=\"19\" ><div\n\t\t\t\n\t\t\tclass=\"so-widget-sow-editor so-widget-sow-editor-base\"\n\t\t\t\n\t\t>\n<div class=\"siteorigin-widget-tinymce textwidget\">\n\t<p style=\"text-align: justify;\"><span class=\"texte\">- <strong>Samedi 14 Novembre 2009<\/strong>: Soir\u00e9e Jazz\/Rock avec \"<a href=\"https:\/\/myspace.com\/436171522\" target=\"_blank\" rel=\"noopener\"><strong>The Four Mustangs<\/strong><\/a>\": retour au jazz traditionnel (\u00e9poque Shadows):<br \/>\n&gt;&gt; <a href=\"http:\/\/asadepfrvn.cluster023.hosting.ovh.net\/wp-content\/uploads\/2017\/07\/Affiche-Four-Mustangs.jpg\" data-lightbox=\"gal[127]\" target=\"_blank\" rel=\"noopener\">Voir l'affiche<\/a><br \/>\n&gt;&gt; <a href=\"http:\/\/asadepfrvn.cluster023.hosting.ovh.net\/wp-content\/uploads\/2017\/07\/Programme-Four-Mustangs.pdf\" target=\"_blank\" rel=\"noopener\">Lire le programme<\/a><span class=\"\" style=\"display:block;clear:both;height: 0px;padding-top: 20px;border-top-width:0px;border-bottom-width:0px;\"><\/span><\/span><\/p>\n<\/div>\n<\/div><\/div><\/div><div id=\"pgc-127-17-2\"  class=\"panel-grid-cell panel-grid-cell-empty panel-grid-cell-mobile-last\" ><\/div><div id=\"pgc-127-17-3\"  class=\"panel-grid-cell panel-grid-cell-empty\" ><\/div><\/div><div id=\"pg-127-18\"  class=\"panel-grid panel-no-style\" ><div id=\"pgc-127-18-0\"  class=\"panel-grid-cell panel-grid-cell-empty\" ><\/div><div id=\"pgc-127-18-1\"  class=\"panel-grid-cell\" ><div id=\"panel-127-18-1-0\" class=\"so-panel widget widget_sow-editor panel-first-child panel-last-child\" data-index=\"20\" ><div\n\t\t\t\n\t\t\tclass=\"so-widget-sow-editor so-widget-sow-editor-base\"\n\t\t\t\n\t\t>\n<div class=\"siteorigin-widget-tinymce textwidget\">\n\t<p style=\"text-align: justify;\"><span class=\"texte\">- <strong>Samedi 10 Octobre 2009<\/strong>: Promenade en campagne avec les <a href=\"http:\/\/www.jardiniersdefrance.com\/\" target=\"_blank\" rel=\"noopener\">Jardiniers de France<\/a> sur le th\u00e8me \"<strong>Les Champignons<\/strong>\".<span class=\"\" style=\"display:block;clear:both;height: 0px;padding-top: 20px;border-top-width:0px;border-bottom-width:0px;\"><\/span><\/span><\/p>\n<\/div>\n<\/div><\/div><\/div><div id=\"pgc-127-18-2\"  class=\"panel-grid-cell panel-grid-cell-empty panel-grid-cell-mobile-last\" ><\/div><div id=\"pgc-127-18-3\"  class=\"panel-grid-cell panel-grid-cell-empty\" ><\/div><\/div><div id=\"pg-127-19\"  class=\"panel-grid panel-no-style\" ><div id=\"pgc-127-19-0\"  class=\"panel-grid-cell panel-grid-cell-empty\" ><\/div><div id=\"pgc-127-19-1\"  class=\"panel-grid-cell\" ><div id=\"panel-127-19-1-0\" class=\"so-panel widget widget_sow-editor panel-first-child panel-last-child\" data-index=\"21\" ><div\n\t\t\t\n\t\t\tclass=\"so-widget-sow-editor so-widget-sow-editor-base\"\n\t\t\t\n\t\t>\n<div class=\"siteorigin-widget-tinymce textwidget\">\n\t<p style=\"text-align: justify;\"><span class=\"texte\">- <strong>Samedi 26 Septembre 2009<\/strong>: 20h30 Concert avec le \"<a href=\"http:\/\/micheldintrich.free.fr\/\" target=\"_blank\" rel=\"noopener\"><strong>Trio Dintrich<\/strong><\/a>\": guitare 10 cordes, violon et violoncelle.<br \/>\n&gt;&gt; <a href=\"http:\/\/asadepfrvn.cluster023.hosting.ovh.net\/wp-content\/uploads\/2017\/07\/Communique-Trio-Dintrich.pdf\" target=\"_blank\" rel=\"noopener\">Lire le communiqu\u00e9<\/a><br \/>\n&gt;&gt; <a href=\"http:\/\/asadepfrvn.cluster023.hosting.ovh.net\/wp-content\/uploads\/2017\/07\/Affiche-Concert-Dintrich.pdf\" target=\"_blank\" rel=\"noopener\">Voir l'affiche<\/a><br \/>\n&gt;&gt; <a href=\"http:\/\/asadepfrvn.cluster023.hosting.ovh.net\/wp-content\/uploads\/2017\/07\/Programme-Trio-Dintrich.pdf\" target=\"_blank\" rel=\"noopener\">Lire le programme<\/a><span class=\"\" style=\"display:block;clear:both;height: 0px;padding-top: 20px;border-top-width:0px;border-bottom-width:0px;\"><\/span><\/span><\/p>\n<\/div>\n<\/div><\/div><\/div><div id=\"pgc-127-19-2\"  class=\"panel-grid-cell panel-grid-cell-empty panel-grid-cell-mobile-last\" ><\/div><div id=\"pgc-127-19-3\"  class=\"panel-grid-cell panel-grid-cell-empty\" ><\/div><\/div><div id=\"pg-127-20\"  class=\"panel-grid panel-no-style\" ><div id=\"pgc-127-20-0\"  class=\"panel-grid-cell panel-grid-cell-empty\" ><\/div><div id=\"pgc-127-20-1\"  class=\"panel-grid-cell\" ><div id=\"panel-127-20-1-0\" class=\"so-panel widget widget_sow-editor panel-first-child panel-last-child\" data-index=\"22\" ><div\n\t\t\t\n\t\t\tclass=\"so-widget-sow-editor so-widget-sow-editor-base\"\n\t\t\t\n\t\t>\n<div class=\"siteorigin-widget-tinymce textwidget\">\n\t<p style=\"text-align: justify;\"><span class=\"texte\">- <strong>Samedi 19 et Dimanche 20 Septembre 2009<\/strong>: Ouverture de l'Eglise de Saint Andr\u00e9 d'H\u00e9bertot dans le cadre des <strong>Journ\u00e9es Europ\u00e9ennes du Patrimoine<\/strong>. Visite comment\u00e9e par l'Asadep du Parc du Ch\u00e2teau puis de l'Eglise.<span class=\"\" style=\"display:block;clear:both;height: 0px;padding-top: 20px;border-top-width:0px;border-bottom-width:0px;\"><\/span><\/span><\/p>\n<\/div>\n<\/div><\/div><\/div><div id=\"pgc-127-20-2\"  class=\"panel-grid-cell panel-grid-cell-empty panel-grid-cell-mobile-last\" ><\/div><div id=\"pgc-127-20-3\"  class=\"panel-grid-cell panel-grid-cell-empty\" ><\/div><\/div><div id=\"pg-127-21\"  class=\"panel-grid panel-no-style\" ><div id=\"pgc-127-21-0\"  class=\"panel-grid-cell panel-grid-cell-empty\" ><\/div><div id=\"pgc-127-21-1\"  class=\"panel-grid-cell\" ><div id=\"panel-127-21-1-0\" class=\"so-panel widget widget_sow-editor panel-first-child panel-last-child\" data-index=\"23\" ><div\n\t\t\t\n\t\t\tclass=\"so-widget-sow-editor so-widget-sow-editor-base\"\n\t\t\t\n\t\t>\n<div class=\"siteorigin-widget-tinymce textwidget\">\n\t<p style=\"text-align: justify;\"><span class=\"texte\">- <strong>Samedi 25 Juillet 2009<\/strong>: A l'occasion de la <strong>F\u00eate des Charitons<\/strong>, ouverture de l'Eglise.<span class=\"\" style=\"display:block;clear:both;height: 0px;padding-top: 20px;border-top-width:0px;border-bottom-width:0px;\"><\/span><\/span><\/p>\n<\/div>\n<\/div><\/div><\/div><div id=\"pgc-127-21-2\"  class=\"panel-grid-cell panel-grid-cell-empty panel-grid-cell-mobile-last\" ><\/div><div id=\"pgc-127-21-3\"  class=\"panel-grid-cell panel-grid-cell-empty\" ><\/div><\/div><div id=\"pg-127-22\"  class=\"panel-grid panel-no-style\" ><div id=\"pgc-127-22-0\"  class=\"panel-grid-cell panel-grid-cell-empty\" ><\/div><div id=\"pgc-127-22-1\"  class=\"panel-grid-cell\" ><div id=\"panel-127-22-1-0\" class=\"so-panel widget widget_sow-editor panel-first-child panel-last-child\" data-index=\"24\" ><div\n\t\t\t\n\t\t\tclass=\"so-widget-sow-editor so-widget-sow-editor-base\"\n\t\t\t\n\t\t>\n<div class=\"siteorigin-widget-tinymce textwidget\">\n\t<p style=\"text-align: justify;\"><span class=\"texte\">- <strong>Samedi 20 Juin 2009<\/strong>: Concert \"<strong>Duo Ricercare<\/strong>\", fl\u00fbte traversi\u00e8re et guitare.<br \/>\n&gt;&gt; <a href=\"http:\/\/asadepfrvn.cluster023.hosting.ovh.net\/wp-content\/uploads\/2017\/07\/Affiche-Duo-Ricercare.pdf\" target=\"_blank\" rel=\"noopener\">Voir l'affiche<\/a><br \/>\n&gt;&gt; <a href=\"http:\/\/asadepfrvn.cluster023.hosting.ovh.net\/wp-content\/uploads\/2017\/07\/Presentation-Duo-Ricercare.pdf\" target=\"_blank\" rel=\"noopener\">Lire la pr\u00e9sentation du groupe<\/a><br \/>\n&gt;&gt; <a href=\"http:\/\/asadepfrvn.cluster023.hosting.ovh.net\/wp-content\/uploads\/2017\/07\/Programme-Concert-Ricercare.pdf\" target=\"_blank\" rel=\"noopener\">Lire le programme<\/a><span class=\"\" style=\"display:block;clear:both;height: 0px;padding-top: 20px;border-top-width:0px;border-bottom-width:0px;\"><\/span><\/span><\/p>\n<\/div>\n<\/div><\/div><\/div><div id=\"pgc-127-22-2\"  class=\"panel-grid-cell panel-grid-cell-empty panel-grid-cell-mobile-last\" ><\/div><div id=\"pgc-127-22-3\"  class=\"panel-grid-cell panel-grid-cell-empty\" ><\/div><\/div><div id=\"pg-127-23\"  class=\"panel-grid panel-no-style\" ><div id=\"pgc-127-23-0\"  class=\"panel-grid-cell panel-grid-cell-empty\" ><\/div><div id=\"pgc-127-23-1\"  class=\"panel-grid-cell\" ><div id=\"panel-127-23-1-0\" class=\"so-panel widget widget_sow-editor panel-first-child panel-last-child\" data-index=\"25\" ><div\n\t\t\t\n\t\t\tclass=\"so-widget-sow-editor so-widget-sow-editor-base\"\n\t\t\t\n\t\t>\n<div class=\"siteorigin-widget-tinymce textwidget\">\n\t<p style=\"text-align: justify;\"><span class=\"texte\">- <strong>Dimanche 14 Juin 2009<\/strong>: Ouverture de l'Eglise de Saint Andr\u00e9 d'H\u00e9bertot et acc\u00e8s restreint au parc du ch\u00e2teau, dans le cadre de la <strong>Journ\u00e9e du Patrimoine de Pays<\/strong>. Th\u00e8me: clochers et toitures.<span class=\"\" style=\"display:block;clear:both;height: 0px;padding-top: 20px;border-top-width:0px;border-bottom-width:0px;\"><\/span><\/span><\/p>\n<\/div>\n<\/div><\/div><\/div><div id=\"pgc-127-23-2\"  class=\"panel-grid-cell panel-grid-cell-empty panel-grid-cell-mobile-last\" ><\/div><div id=\"pgc-127-23-3\"  class=\"panel-grid-cell panel-grid-cell-empty\" ><\/div><\/div><div id=\"pg-127-24\"  class=\"panel-grid panel-no-style\" ><div id=\"pgc-127-24-0\"  class=\"panel-grid-cell panel-grid-cell-empty\" ><\/div><div id=\"pgc-127-24-1\"  class=\"panel-grid-cell\" ><div id=\"panel-127-24-1-0\" class=\"so-panel widget widget_sow-editor panel-first-child panel-last-child\" data-index=\"26\" ><div\n\t\t\t\n\t\t\tclass=\"so-widget-sow-editor so-widget-sow-editor-base\"\n\t\t\t\n\t\t>\n<div class=\"siteorigin-widget-tinymce textwidget\">\n\t<p style=\"text-align: justify;\"><span class=\"texte\">- <strong>Vendredi 24 Avril 2009<\/strong>: Visite des \u00e9l\u00e8ves de <strong>l'\u00e9cole de Quetteville<\/strong>: initiation \u00e0 l'Art.<span class=\"\" style=\"display:block;clear:both;height: 0px;padding-top: 20px;border-top-width:0px;border-bottom-width:0px;\"><\/span><\/span><\/p>\n<\/div>\n<\/div><\/div><\/div><div id=\"pgc-127-24-2\"  class=\"panel-grid-cell panel-grid-cell-empty panel-grid-cell-mobile-last\" ><\/div><div id=\"pgc-127-24-3\"  class=\"panel-grid-cell panel-grid-cell-empty\" ><\/div><\/div><div id=\"pg-127-25\"  class=\"panel-grid panel-no-style\" ><div id=\"pgc-127-25-0\"  class=\"panel-grid-cell panel-grid-cell-empty\" ><\/div><div id=\"pgc-127-25-1\"  class=\"panel-grid-cell\" ><div id=\"panel-127-25-1-0\" class=\"so-panel widget widget_sow-editor panel-first-child panel-last-child\" data-index=\"27\" ><div\n\t\t\t\n\t\t\tclass=\"so-widget-sow-editor so-widget-sow-editor-base\"\n\t\t\t\n\t\t>\n<div class=\"siteorigin-widget-tinymce textwidget\">\n\t<p style=\"text-align: justify;\"><span class=\"texte\">- <strong>Samedi 18 Avril 2009<\/strong>: Balade des Fontaines et <strong>Parc aux Daims<\/strong>: promenade comment\u00e9e dans les chemins autour de l'ancien Prieur\u00e9 St Martin, puis sources-lavoirs de la Fontaine St Martin, de la Fontaine de l'Erable, etc..., enfin travers\u00e9e du Parc \u00e0 Daims.<span class=\"\" style=\"display:block;clear:both;height: 0px;padding-top: 20px;border-top-width:0px;border-bottom-width:0px;\"><\/span><\/span><\/p>\n<\/div>\n<\/div><\/div><\/div><div id=\"pgc-127-25-2\"  class=\"panel-grid-cell panel-grid-cell-mobile-last\" ><div id=\"panel-127-25-2-0\" class=\"so-panel widget widget_sow-slider panel-first-child panel-last-child\" data-index=\"28\" ><div\n\t\t\t\n\t\t\tclass=\"so-widget-sow-slider so-widget-sow-slider-default-6d39609536fd-127\"\n\t\t\t\n\t\t>\t\t\t\t<div class=\"sow-slider-base\" style=\"display: none\" tabindex=\"0\">\n\t\t\t\t\t<ul\n\t\t\t\t\tclass=\"sow-slider-images\"\n\t\t\t\t\tdata-settings=\"{&quot;pagination&quot;:true,&quot;speed&quot;:800,&quot;timeout&quot;:8000,&quot;paused&quot;:false,&quot;pause_on_hover&quot;:false,&quot;swipe&quot;:true,&quot;nav_always_show_desktop&quot;:&quot;&quot;,&quot;nav_always_show_mobile&quot;:&quot;&quot;,&quot;breakpoint&quot;:&quot;780px&quot;,&quot;unmute&quot;:false,&quot;anchor&quot;:null}\"\n\t\t\t\t\t\t\t\t\t\tdata-anchor-id=\"\"\n\t\t\t\t>\t\t<li class=\"sow-slider-image\" style=\"visibility: visible;\" >\n\t\t\t\t\t\t<img loading=\"lazy\" decoding=\"async\" width=\"817\" height=\"1080\" src=\"https:\/\/asadep.fr\/wp-content\/uploads\/2017\/07\/IMG_0904d.jpg\" class=\"sow-slider-background-image\" alt=\"\" style=\"\" srcset=\"https:\/\/asadep.fr\/wp-content\/uploads\/2017\/07\/IMG_0904d.jpg 817w, https:\/\/asadep.fr\/wp-content\/uploads\/2017\/07\/IMG_0904d-227x300.jpg 227w, https:\/\/asadep.fr\/wp-content\/uploads\/2017\/07\/IMG_0904d-768x1015.jpg 768w, https:\/\/asadep.fr\/wp-content\/uploads\/2017\/07\/IMG_0904d-775x1024.jpg 775w, https:\/\/asadep.fr\/wp-content\/uploads\/2017\/07\/IMG_0904d-61x80.jpg 61w\" sizes=\"auto, (max-width: 817px) 100vw, 817px\" \/>\t\t<\/li>\n\t\t<\/ul>\t\t\t\t<ol class=\"sow-slider-pagination\">\n\t\t\t\t\t\t\t\t\t\t\t<li><a href=\"#\" data-goto=\"0\" aria-label=\"Display slide 1\"><\/a><\/li>\n\t\t\t\t\t\t\t\t\t<\/ol>\n\n\t\t\t\t<div class=\"sow-slide-nav sow-slide-nav-next\">\n\t\t\t\t\t<a href=\"#\" data-goto=\"next\" aria-label=\"Next slide\" data-action=\"next\">\n\t\t\t\t\t\t<em class=\"sow-sld-icon-thin-right\"><\/em>\n\t\t\t\t\t<\/a>\n\t\t\t\t<\/div>\n\n\t\t\t\t<div class=\"sow-slide-nav sow-slide-nav-prev\">\n\t\t\t\t\t<a href=\"#\" data-goto=\"previous\" aria-label=\"Previous slide\" data-action=\"prev\">\n\t\t\t\t\t\t<em class=\"sow-sld-icon-thin-left\"><\/em>\n\t\t\t\t\t<\/a>\n\t\t\t\t<\/div>\n\t\t\t\t<\/div><\/div><\/div><\/div><div id=\"pgc-127-25-3\"  class=\"panel-grid-cell panel-grid-cell-empty\" ><\/div><\/div><div id=\"pg-127-26\"  class=\"panel-grid panel-no-style\" ><div id=\"pgc-127-26-0\"  class=\"panel-grid-cell panel-grid-cell-empty\" ><\/div><div id=\"pgc-127-26-1\"  class=\"panel-grid-cell\" ><div id=\"panel-127-26-1-0\" class=\"so-panel widget widget_sow-editor panel-first-child panel-last-child\" data-index=\"29\" ><div\n\t\t\t\n\t\t\tclass=\"so-widget-sow-editor so-widget-sow-editor-base\"\n\t\t\t\n\t\t>\n<div class=\"siteorigin-widget-tinymce textwidget\">\n\t<p style=\"text-align: justify;\"><span class=\"texte\">- <strong>Vendredi 19 D\u00e9cembre 2008<\/strong>: stand ASADEP dans le cadre du <strong>March\u00e9 de No\u00ebl<\/strong> organis\u00e9 par le Comit\u00e9 des F\u00eates sur la place de la Mairie de St Andr\u00e9.<span class=\"\" style=\"display:block;clear:both;height: 0px;padding-top: 20px;border-top-width:0px;border-bottom-width:0px;\"><\/span><\/span><\/p>\n<\/div>\n<\/div><\/div><\/div><div id=\"pgc-127-26-2\"  class=\"panel-grid-cell panel-grid-cell-empty panel-grid-cell-mobile-last\" ><\/div><div id=\"pgc-127-26-3\"  class=\"panel-grid-cell panel-grid-cell-empty\" ><\/div><\/div><div id=\"pg-127-27\"  class=\"panel-grid panel-no-style\" ><div id=\"pgc-127-27-0\"  class=\"panel-grid-cell panel-grid-cell-empty\" ><\/div><div id=\"pgc-127-27-1\"  class=\"panel-grid-cell\" ><div id=\"panel-127-27-1-0\" class=\"so-panel widget widget_sow-editor panel-first-child panel-last-child\" data-index=\"30\" ><div\n\t\t\t\n\t\t\tclass=\"so-widget-sow-editor so-widget-sow-editor-base\"\n\t\t\t\n\t\t>\n<div class=\"siteorigin-widget-tinymce textwidget\">\n\t<p style=\"text-align: justify;\"><span class=\"texte\">- <strong>Samedi 8 Novembre 2008<\/strong>: Concert \"<strong>Saxophonies<\/strong>\", Ensemble du Conservatoire de Paris, sous la direction artistique de Claude Delangle - 20h30 dans l'Eglise.<br \/>\n&gt;&gt;<a href=\"http:\/\/asadepfrvn.cluster023.hosting.ovh.net\/wp-content\/uploads\/2017\/07\/Affiche-saxoWeb.jpg\" data-lightbox=\"gal[127]\" target=\"_blank\" rel=\"noopener\">Voir l'Affiche<\/a>.<span class=\"\" style=\"display:block;clear:both;height: 0px;padding-top: 20px;border-top-width:0px;border-bottom-width:0px;\"><\/span><\/span><\/p>\n<\/div>\n<\/div><\/div><\/div><div id=\"pgc-127-27-2\"  class=\"panel-grid-cell panel-grid-cell-empty panel-grid-cell-mobile-last\" ><\/div><div id=\"pgc-127-27-3\"  class=\"panel-grid-cell panel-grid-cell-empty\" ><\/div><\/div><div id=\"pg-127-28\"  class=\"panel-grid panel-no-style\" ><div id=\"pgc-127-28-0\"  class=\"panel-grid-cell panel-grid-cell-empty\" ><\/div><div id=\"pgc-127-28-1\"  class=\"panel-grid-cell\" ><div id=\"panel-127-28-1-0\" class=\"so-panel widget widget_sow-editor panel-first-child panel-last-child\" data-index=\"31\" ><div\n\t\t\t\n\t\t\tclass=\"so-widget-sow-editor so-widget-sow-editor-base\"\n\t\t\t\n\t\t>\n<div class=\"siteorigin-widget-tinymce textwidget\">\n\t<p style=\"text-align: justify;\"><span class=\"texte\">- <strong>Samedi 27 Septembre 2008<\/strong>: \"<a href=\"http:\/\/www.amurella.net\/\" target=\"_blank\" rel=\"noopener\"><strong>A Murella<\/strong><\/a>\"- Groupe f\u00e9minin de chants polyphoniques corses a cappella - 20h30 dans l'Eglise.<span class=\"\" style=\"display:block;clear:both;height: 0px;padding-top: 20px;border-top-width:0px;border-bottom-width:0px;\"><\/span><\/span><\/p>\n<\/div>\n<\/div><\/div><\/div><div id=\"pgc-127-28-2\"  class=\"panel-grid-cell panel-grid-cell-empty panel-grid-cell-mobile-last\" ><\/div><div id=\"pgc-127-28-3\"  class=\"panel-grid-cell panel-grid-cell-empty\" ><\/div><\/div><div id=\"pg-127-29\"  class=\"panel-grid panel-no-style\" ><div id=\"pgc-127-29-0\"  class=\"panel-grid-cell panel-grid-cell-empty\" ><\/div><div id=\"pgc-127-29-1\"  class=\"panel-grid-cell\" ><div id=\"panel-127-29-1-0\" class=\"so-panel widget widget_sow-editor panel-first-child panel-last-child\" data-index=\"32\" ><div\n\t\t\t\n\t\t\tclass=\"so-widget-sow-editor so-widget-sow-editor-base\"\n\t\t\t\n\t\t>\n<div class=\"siteorigin-widget-tinymce textwidget\">\n\t<p style=\"text-align: justify;\"><span class=\"texte\">- <strong>Dimanche 3 Ao\u00fbt 2008<\/strong>: Ouverture de l'Eglise de Saint Andr\u00e9 d'H\u00e9bertot de 15h \u00e0 18h, dans le cadre de \"<strong>Pays d'Auge Expansion<\/strong>\" (label Pays d'Art et d'Histoire).<span class=\"\" style=\"display:block;clear:both;height: 0px;padding-top: 20px;border-top-width:0px;border-bottom-width:0px;\"><\/span><\/span><\/p>\n<\/div>\n<\/div><\/div><\/div><div id=\"pgc-127-29-2\"  class=\"panel-grid-cell panel-grid-cell-empty panel-grid-cell-mobile-last\" ><\/div><div id=\"pgc-127-29-3\"  class=\"panel-grid-cell panel-grid-cell-empty\" ><\/div><\/div><div id=\"pg-127-30\"  class=\"panel-grid panel-no-style\" ><div id=\"pgc-127-30-0\"  class=\"panel-grid-cell panel-grid-cell-empty\" ><\/div><div id=\"pgc-127-30-1\"  class=\"panel-grid-cell\" ><div id=\"panel-127-30-1-0\" class=\"so-panel widget widget_sow-editor panel-first-child panel-last-child\" data-index=\"33\" ><div\n\t\t\t\n\t\t\tclass=\"so-widget-sow-editor so-widget-sow-editor-base\"\n\t\t\t\n\t\t>\n<div class=\"siteorigin-widget-tinymce textwidget\">\n\t<p style=\"text-align: justify;\"><span class=\"texte\">- <strong>Samedi 26 Juillet 2008<\/strong>: A l'occasion de la <strong>F\u00eate des Charitons<\/strong>, ouverture de l'Eglise \u00e0 partir de 14h30 avec Exposition de Chasubles Anciennes. Continuation Dimanche 27 Juillet de 15h00 \u00e0 18h00.<span class=\"\" style=\"display:block;clear:both;height: 0px;padding-top: 20px;border-top-width:0px;border-bottom-width:0px;\"><\/span><\/span><\/p>\n<\/div>\n<\/div><\/div><\/div><div id=\"pgc-127-30-2\"  class=\"panel-grid-cell panel-grid-cell-empty panel-grid-cell-mobile-last\" ><\/div><div id=\"pgc-127-30-3\"  class=\"panel-grid-cell panel-grid-cell-empty\" ><\/div><\/div><div id=\"pg-127-31\"  class=\"panel-grid panel-no-style\" ><div id=\"pgc-127-31-0\"  class=\"panel-grid-cell panel-grid-cell-empty\" ><\/div><div id=\"pgc-127-31-1\"  class=\"panel-grid-cell\" ><div id=\"panel-127-31-1-0\" class=\"so-panel widget widget_sow-editor panel-first-child panel-last-child\" data-index=\"34\" ><div\n\t\t\t\n\t\t\tclass=\"so-widget-sow-editor so-widget-sow-editor-base\"\n\t\t\t\n\t\t>\n<div class=\"siteorigin-widget-tinymce textwidget\">\n\t<p style=\"text-align: justify;\"><span class=\"texte\">- <strong>Dimanche 13 Juillet 2008<\/strong>: Ouverture de l'Eglise de Saint Andr\u00e9 d'H\u00e9bertot de 15h \u00e0 18h, dans le cadre de \"<strong>Pays d'Auge Expansion<\/strong>\" (label Pays d'Art et d'Histoire).<span class=\"\" style=\"display:block;clear:both;height: 0px;padding-top: 20px;border-top-width:0px;border-bottom-width:0px;\"><\/span><\/span><\/p>\n<\/div>\n<\/div><\/div><\/div><div id=\"pgc-127-31-2\"  class=\"panel-grid-cell panel-grid-cell-empty panel-grid-cell-mobile-last\" ><\/div><div id=\"pgc-127-31-3\"  class=\"panel-grid-cell panel-grid-cell-empty\" ><\/div><\/div><div id=\"pg-127-32\"  class=\"panel-grid panel-no-style\" ><div id=\"pgc-127-32-0\"  class=\"panel-grid-cell panel-grid-cell-empty\" ><\/div><div id=\"pgc-127-32-1\"  class=\"panel-grid-cell\" ><div id=\"panel-127-32-1-0\" class=\"so-panel widget widget_sow-editor panel-first-child panel-last-child\" data-index=\"35\" ><div\n\t\t\t\n\t\t\tclass=\"so-widget-sow-editor so-widget-sow-editor-base\"\n\t\t\t\n\t\t>\n<div class=\"siteorigin-widget-tinymce textwidget\">\n\t<p style=\"text-align: justify;\"><span class=\"texte\">- <strong>Samedi 17 Mai 2008<\/strong>: \"<strong>Balade...de la Pomme au Cidre<\/strong>\". D\u00e9part de la Mairie de Saint Andr\u00e9, promenade avec commentaires de Mo\u00efse Delabarre, puis visite de la cidrerie du <a href=\"http:\/\/boissel-pere-et-fils.com\/\" target=\"_blank\" rel=\"noopener\">GAEC Boissel<\/a> \u00e0 La Garenne, ap\u00e9ritif et pique-nique. Reprise de la promenade avec commentaires des <a href=\"http:\/\/www.jardiniersdefrance.com\/\" target=\"_blank\" rel=\"noopener\">Jardiniers de France<\/a>, visite de la cidrerie de Jacky Moulin, d\u00e9gustation, puis retour pour une collation finale \u00e0 la Mairie.<span class=\"\" style=\"display:block;clear:both;height: 0px;padding-top: 20px;border-top-width:0px;border-bottom-width:0px;\"><\/span><\/span><\/p>\n<\/div>\n<\/div><\/div><\/div><div id=\"pgc-127-32-2\"  class=\"panel-grid-cell panel-grid-cell-empty panel-grid-cell-mobile-last\" ><\/div><div id=\"pgc-127-32-3\"  class=\"panel-grid-cell panel-grid-cell-empty\" ><\/div><\/div><div id=\"pg-127-33\"  class=\"panel-grid panel-no-style\" ><div id=\"pgc-127-33-0\"  class=\"panel-grid-cell panel-grid-cell-empty\" ><\/div><div id=\"pgc-127-33-1\"  class=\"panel-grid-cell\" ><div id=\"panel-127-33-1-0\" class=\"so-panel widget widget_sow-editor panel-first-child panel-last-child\" data-index=\"36\" ><div\n\t\t\t\n\t\t\tclass=\"so-widget-sow-editor so-widget-sow-editor-base\"\n\t\t\t\n\t\t>\n<div class=\"siteorigin-widget-tinymce textwidget\">\n\t<p style=\"text-align: justify;\"><span class=\"texte\">- <strong>Samedi 19 Avril 2008<\/strong>: Concert de <a href=\"http:\/\/www.evhorizons.fr\/\" target=\"_blank\" rel=\"noopener\"><strong>l'Ensemble Vocal Horizons<\/strong><\/a>: chansons traditionnelles et populaires de France et du Monde.<br \/>\n&gt;&gt; <a href=\"http:\/\/asadepfrvn.cluster023.hosting.ovh.net\/wp-content\/uploads\/2017\/07\/Horizons-Santeny.jpg\" data-lightbox=\"gal[127]\" target=\"_blank\" rel=\"noopener\">Voir le groupe<\/a><br \/>\n&gt;&gt; <a href=\"http:\/\/asadepfrvn.cluster023.hosting.ovh.net\/wp-content\/uploads\/2017\/07\/EVH.pdf\" target=\"_blank\" rel=\"noopener\">Lire la pr\u00e9sentation du groupe<\/a><br \/>\n&gt;&gt; <a href=\"http:\/\/asadepfrvn.cluster023.hosting.ovh.net\/wp-content\/uploads\/2017\/07\/Pays_dAuge_11_04_08.pdf\" target=\"_blank\" rel=\"noopener\">Lire l'article du Pays d'Auge<\/a><br \/>\n&gt;&gt; Quelques extraits:<br \/>\nA Tcha, Annie Laurie, L'Onde Bleue, La Estrella, Rock Island, Siyahamba, We Shall Walk<\/span><\/p>\n<\/div>\n<\/div><\/div><\/div><div id=\"pgc-127-33-2\"  class=\"panel-grid-cell panel-grid-cell-empty panel-grid-cell-mobile-last\" ><\/div><div id=\"pgc-127-33-3\"  class=\"panel-grid-cell panel-grid-cell-empty\" ><\/div><\/div><div id=\"pg-127-34\"  class=\"panel-grid panel-no-style\" ><div id=\"pgc-127-34-0\"  class=\"panel-grid-cell panel-grid-cell-empty\" ><\/div><div id=\"pgc-127-34-1\"  class=\"panel-grid-cell\" ><div id=\"panel-127-34-1-0\" class=\"so-panel widget widget_simple_music_widget panel-first-child panel-last-child\" data-index=\"37\" >\n\t\t<div class=\"simple-music-widget\">\n\t\t\t<!-- album cover -->\n\t\t\t\t\t\t<!-- song details -->\n\t\t\t\t\t\t<!-- audio player -->\n\t\t\t<audio preload=\"metadata\" controls=\"\" src=\"http:\/\/asadepfrvn.cluster023.hosting.ovh.net\/wp-content\/uploads\/2017\/07\/A_Tcha.mp3\"><p>Your browser does not support the audio element.<\/p><\/audio>\t\t\t<!-- description -->\n\t\t\t\n\t\t<\/div>\n\t\t<\/div>\t\t<\/div><div id=\"pgc-127-34-2\"  class=\"panel-grid-cell panel-grid-cell-empty panel-grid-cell-mobile-last\" ><\/div><div id=\"pgc-127-34-3\"  class=\"panel-grid-cell panel-grid-cell-empty\" ><\/div><\/div><div id=\"pg-127-35\"  class=\"panel-grid panel-no-style\" ><div id=\"pgc-127-35-0\"  class=\"panel-grid-cell panel-grid-cell-empty\" ><\/div><div id=\"pgc-127-35-1\"  class=\"panel-grid-cell\" ><div id=\"panel-127-35-1-0\" class=\"so-panel widget widget_simple_music_widget panel-first-child panel-last-child\" data-index=\"38\" >\n\t\t<div class=\"simple-music-widget\">\n\t\t\t<!-- album cover -->\n\t\t\t\t\t\t<!-- song details -->\n\t\t\t\t\t\t<!-- audio player -->\n\t\t\t<audio preload=\"metadata\" controls=\"\" src=\"http:\/\/asadepfrvn.cluster023.hosting.ovh.net\/wp-content\/uploads\/2017\/07\/Annie_Laurie.mp3\"><p>Your browser does not support the audio element.<\/p><\/audio>\t\t\t<!-- description -->\n\t\t\t\n\t\t<\/div>\n\t\t<\/div>\t\t<\/div><div id=\"pgc-127-35-2\"  class=\"panel-grid-cell panel-grid-cell-empty panel-grid-cell-mobile-last\" ><\/div><div id=\"pgc-127-35-3\"  class=\"panel-grid-cell panel-grid-cell-empty\" ><\/div><\/div><div id=\"pg-127-36\"  class=\"panel-grid panel-no-style\" ><div id=\"pgc-127-36-0\"  class=\"panel-grid-cell panel-grid-cell-empty\" ><\/div><div id=\"pgc-127-36-1\"  class=\"panel-grid-cell\" ><div id=\"panel-127-36-1-0\" class=\"so-panel widget widget_simple_music_widget panel-first-child panel-last-child\" data-index=\"39\" >\n\t\t<div class=\"simple-music-widget\">\n\t\t\t<!-- album cover -->\n\t\t\t\t\t\t<!-- song details -->\n\t\t\t\t\t\t<!-- audio player -->\n\t\t\t<audio preload=\"metadata\" controls=\"\" src=\"http:\/\/asadepfrvn.cluster023.hosting.ovh.net\/wp-content\/uploads\/2017\/07\/Londe_bleue.mp3\"><p>Your browser does not support the audio element.<\/p><\/audio>\t\t\t<!-- description -->\n\t\t\t\n\t\t<\/div>\n\t\t<\/div>\t\t<\/div><div id=\"pgc-127-36-2\"  class=\"panel-grid-cell panel-grid-cell-empty panel-grid-cell-mobile-last\" ><\/div><div id=\"pgc-127-36-3\"  class=\"panel-grid-cell panel-grid-cell-empty\" ><\/div><\/div><div id=\"pg-127-37\"  class=\"panel-grid panel-no-style\" ><div id=\"pgc-127-37-0\"  class=\"panel-grid-cell panel-grid-cell-empty\" ><\/div><div id=\"pgc-127-37-1\"  class=\"panel-grid-cell\" ><div id=\"panel-127-37-1-0\" class=\"so-panel widget widget_simple_music_widget panel-first-child panel-last-child\" data-index=\"40\" >\n\t\t<div class=\"simple-music-widget\">\n\t\t\t<!-- album cover -->\n\t\t\t\t\t\t<!-- song details -->\n\t\t\t\t\t\t<!-- audio player -->\n\t\t\t<audio preload=\"metadata\" controls=\"\" src=\"http:\/\/asadepfrvn.cluster023.hosting.ovh.net\/wp-content\/uploads\/2017\/07\/La_Estrella.mp3\"><p>Your browser does not support the audio element.<\/p><\/audio>\t\t\t<!-- description -->\n\t\t\t\n\t\t<\/div>\n\t\t<\/div>\t\t<\/div><div id=\"pgc-127-37-2\"  class=\"panel-grid-cell panel-grid-cell-empty panel-grid-cell-mobile-last\" ><\/div><div id=\"pgc-127-37-3\"  class=\"panel-grid-cell panel-grid-cell-empty\" ><\/div><\/div><div id=\"pg-127-38\"  class=\"panel-grid panel-no-style\" ><div id=\"pgc-127-38-0\"  class=\"panel-grid-cell panel-grid-cell-empty\" ><\/div><div id=\"pgc-127-38-1\"  class=\"panel-grid-cell\" ><div id=\"panel-127-38-1-0\" class=\"so-panel widget widget_simple_music_widget panel-first-child panel-last-child\" data-index=\"41\" >\n\t\t<div class=\"simple-music-widget\">\n\t\t\t<!-- album cover -->\n\t\t\t\t\t\t<!-- song details -->\n\t\t\t\t\t\t<!-- audio player -->\n\t\t\t<audio preload=\"metadata\" controls=\"\" src=\"http:\/\/asadepfrvn.cluster023.hosting.ovh.net\/wp-content\/uploads\/2017\/07\/Rock_Island.mp3\"><p>Your browser does not support the audio element.<\/p><\/audio>\t\t\t<!-- description -->\n\t\t\t\n\t\t<\/div>\n\t\t<\/div>\t\t<\/div><div id=\"pgc-127-38-2\"  class=\"panel-grid-cell panel-grid-cell-empty panel-grid-cell-mobile-last\" ><\/div><div id=\"pgc-127-38-3\"  class=\"panel-grid-cell panel-grid-cell-empty\" ><\/div><\/div><div id=\"pg-127-39\"  class=\"panel-grid panel-no-style\" ><div id=\"pgc-127-39-0\"  class=\"panel-grid-cell panel-grid-cell-empty\" ><\/div><div id=\"pgc-127-39-1\"  class=\"panel-grid-cell\" ><div id=\"panel-127-39-1-0\" class=\"so-panel widget widget_simple_music_widget panel-first-child panel-last-child\" data-index=\"42\" >\n\t\t<div class=\"simple-music-widget\">\n\t\t\t<!-- album cover -->\n\t\t\t\t\t\t<!-- song details -->\n\t\t\t\t\t\t<!-- audio player -->\n\t\t\t<audio preload=\"metadata\" controls=\"\" src=\"http:\/\/asadepfrvn.cluster023.hosting.ovh.net\/wp-content\/uploads\/2017\/07\/Siyahamba.mp3\"><p>Your browser does not support the audio element.<\/p><\/audio>\t\t\t<!-- description -->\n\t\t\t\n\t\t<\/div>\n\t\t<\/div>\t\t<\/div><div id=\"pgc-127-39-2\"  class=\"panel-grid-cell panel-grid-cell-empty panel-grid-cell-mobile-last\" ><\/div><div id=\"pgc-127-39-3\"  class=\"panel-grid-cell panel-grid-cell-empty\" ><\/div><\/div><div id=\"pg-127-40\"  class=\"panel-grid panel-no-style\" ><div id=\"pgc-127-40-0\"  class=\"panel-grid-cell panel-grid-cell-empty\" ><\/div><div id=\"pgc-127-40-1\"  class=\"panel-grid-cell\" ><div id=\"panel-127-40-1-0\" class=\"so-panel widget widget_simple_music_widget panel-first-child panel-last-child\" data-index=\"43\" >\n\t\t<div class=\"simple-music-widget\">\n\t\t\t<!-- album cover -->\n\t\t\t\t\t\t<!-- song details -->\n\t\t\t\t\t\t<!-- audio player -->\n\t\t\t<audio preload=\"metadata\" controls=\"\" src=\"http:\/\/asadepfrvn.cluster023.hosting.ovh.net\/wp-content\/uploads\/2017\/07\/We_shall_walk.mp3\"><p>Your browser does not support the audio element.<\/p><\/audio>\t\t\t<!-- description -->\n\t\t\t\n\t\t<\/div>\n\t\t<\/div>\t\t<\/div><div id=\"pgc-127-40-2\"  class=\"panel-grid-cell panel-grid-cell-empty panel-grid-cell-mobile-last\" ><\/div><div id=\"pgc-127-40-3\"  class=\"panel-grid-cell panel-grid-cell-empty\" ><\/div><\/div><div id=\"pg-127-41\"  class=\"panel-grid panel-no-style\" ><div id=\"pgc-127-41-0\"  class=\"panel-grid-cell panel-grid-cell-empty\" ><\/div><div id=\"pgc-127-41-1\"  class=\"panel-grid-cell\" ><div id=\"panel-127-41-1-0\" class=\"so-panel widget widget_sow-editor panel-first-child panel-last-child\" data-index=\"44\" ><div\n\t\t\t\n\t\t\tclass=\"so-widget-sow-editor so-widget-sow-editor-base\"\n\t\t\t\n\t\t>\n<div class=\"siteorigin-widget-tinymce textwidget\">\n\t<p style=\"text-align: justify;\"><span class=\"texte\">- <strong>Samedi 10 Novembre 2007<\/strong>: Concert de Jazz: <strong>Dixie Project<\/strong>.<span class=\"\" style=\"display:block;clear:both;height: 0px;padding-top: 20px;border-top-width:0px;border-bottom-width:0px;\"><\/span><\/span><\/p>\n<\/div>\n<\/div><\/div><\/div><div id=\"pgc-127-41-2\"  class=\"panel-grid-cell panel-grid-cell-empty panel-grid-cell-mobile-last\" ><\/div><div id=\"pgc-127-41-3\"  class=\"panel-grid-cell panel-grid-cell-empty\" ><\/div><\/div><div id=\"pg-127-42\"  class=\"panel-grid panel-no-style\" ><div id=\"pgc-127-42-0\"  class=\"panel-grid-cell panel-grid-cell-empty\" ><\/div><div id=\"pgc-127-42-1\"  class=\"panel-grid-cell\" ><div id=\"panel-127-42-1-0\" class=\"so-panel widget widget_sow-editor panel-first-child panel-last-child\" data-index=\"45\" ><div\n\t\t\t\n\t\t\tclass=\"so-widget-sow-editor so-widget-sow-editor-base\"\n\t\t\t\n\t\t>\n<div class=\"siteorigin-widget-tinymce textwidget\">\n\t<p style=\"text-align: justify;\"><span class=\"texte\">- <strong>Dimanche 16 Septembre 2007<\/strong>: <strong>Journ\u00e9e du Patrimoine<\/strong>: ouverture de l'Eglise.<span class=\"\" style=\"display:block;clear:both;height: 0px;padding-top: 20px;border-top-width:0px;border-bottom-width:0px;\"><\/span><\/span><\/p>\n<\/div>\n<\/div><\/div><\/div><div id=\"pgc-127-42-2\"  class=\"panel-grid-cell panel-grid-cell-empty panel-grid-cell-mobile-last\" ><\/div><div id=\"pgc-127-42-3\"  class=\"panel-grid-cell panel-grid-cell-empty\" ><\/div><\/div><div id=\"pg-127-43\"  class=\"panel-grid panel-no-style\" ><div id=\"pgc-127-43-0\"  class=\"panel-grid-cell panel-grid-cell-empty\" ><\/div><div id=\"pgc-127-43-1\"  class=\"panel-grid-cell\" ><div id=\"panel-127-43-1-0\" class=\"so-panel widget widget_sow-editor panel-first-child panel-last-child\" data-index=\"46\" ><div\n\t\t\t\n\t\t\tclass=\"so-widget-sow-editor so-widget-sow-editor-base\"\n\t\t\t\n\t\t>\n<div class=\"siteorigin-widget-tinymce textwidget\">\n\t<p style=\"text-align: justify;\"><span class=\"texte\">- <strong>Samedi 4 Ao\u00fbt 2007<\/strong>: Concert de Piano: <a href=\"http:\/\/www.franceclidat.com\/\" target=\"_blank\" rel=\"noopener\"><strong>France Clidat<\/strong><\/a>.<span class=\"\" style=\"display:block;clear:both;height: 0px;padding-top: 20px;border-top-width:0px;border-bottom-width:0px;\"><\/span><\/span><\/p>\n<\/div>\n<\/div><\/div><\/div><div id=\"pgc-127-43-2\"  class=\"panel-grid-cell panel-grid-cell-empty panel-grid-cell-mobile-last\" ><\/div><div id=\"pgc-127-43-3\"  class=\"panel-grid-cell panel-grid-cell-empty\" ><\/div><\/div><div id=\"pg-127-44\"  class=\"panel-grid panel-no-style\" ><div id=\"pgc-127-44-0\"  class=\"panel-grid-cell panel-grid-cell-empty\" ><\/div><div id=\"pgc-127-44-1\"  class=\"panel-grid-cell\" ><div id=\"panel-127-44-1-0\" class=\"so-panel widget widget_sow-editor panel-first-child panel-last-child\" data-index=\"47\" ><div\n\t\t\t\n\t\t\tclass=\"so-widget-sow-editor so-widget-sow-editor-base\"\n\t\t\t\n\t\t>\n<div class=\"siteorigin-widget-tinymce textwidget\">\n\t<p style=\"text-align: justify;\"><span class=\"texte\">- <strong>Samedi 26 Mai 2007<\/strong>: Concert de Musique du Si\u00e8cle d'Or Espagnol: <strong>Quatuor de Violes de Gambe &amp; Ensemble Vocal Gabrieli<\/strong>.<span class=\"\" style=\"display:block;clear:both;height: 0px;padding-top: 20px;border-top-width:0px;border-bottom-width:0px;\"><\/span><\/span><\/p>\n<\/div>\n<\/div><\/div><\/div><div id=\"pgc-127-44-2\"  class=\"panel-grid-cell panel-grid-cell-empty panel-grid-cell-mobile-last\" ><\/div><div id=\"pgc-127-44-3\"  class=\"panel-grid-cell panel-grid-cell-empty\" ><\/div><\/div><div id=\"pg-127-45\"  class=\"panel-grid panel-no-style\" ><div id=\"pgc-127-45-0\"  class=\"panel-grid-cell panel-grid-cell-empty\" ><\/div><div id=\"pgc-127-45-1\"  class=\"panel-grid-cell\" ><div id=\"panel-127-45-1-0\" class=\"so-panel widget widget_sow-editor panel-first-child panel-last-child\" data-index=\"48\" ><div\n\t\t\t\n\t\t\tclass=\"so-widget-sow-editor so-widget-sow-editor-base\"\n\t\t\t\n\t\t>\n<div class=\"siteorigin-widget-tinymce textwidget\">\n\t<p style=\"text-align: justify;\"><span class=\"texte\">- <strong>Samedi 19 Mai 2007<\/strong>: Promenade Botanique avec les Jardiniers de France sur le th\u00e8me \"<strong>La Sant\u00e9 par les Plantes<\/strong>\".<span class=\"\" style=\"display:block;clear:both;height: 0px;padding-top: 20px;border-top-width:0px;border-bottom-width:0px;\"><\/span><\/span><\/p>\n<\/div>\n<\/div><\/div><\/div><div id=\"pgc-127-45-2\"  class=\"panel-grid-cell panel-grid-cell-empty panel-grid-cell-mobile-last\" ><\/div><div id=\"pgc-127-45-3\"  class=\"panel-grid-cell panel-grid-cell-empty\" ><\/div><\/div><div id=\"pg-127-46\"  class=\"panel-grid panel-no-style\" ><div id=\"pgc-127-46-0\"  class=\"panel-grid-cell panel-grid-cell-empty\" ><\/div><div id=\"pgc-127-46-1\"  class=\"panel-grid-cell\" ><div id=\"panel-127-46-1-0\" class=\"so-panel widget widget_sow-editor panel-first-child panel-last-child\" data-index=\"49\" ><div\n\t\t\t\n\t\t\tclass=\"so-widget-sow-editor so-widget-sow-editor-base\"\n\t\t\t\n\t\t>\n<div class=\"siteorigin-widget-tinymce textwidget\">\n\t<p style=\"text-align: justify;\"><span class=\"texte\">- <strong>Samedi 14 Avril 2007<\/strong>: Visite du Parc du <strong>Ch\u00e2teau de Saint Andr\u00e9 d'H\u00e9bertot<\/strong>.<span class=\"\" style=\"display:block;clear:both;height: 0px;padding-top: 20px;border-top-width:0px;border-bottom-width:0px;\"><\/span><\/span><\/p>\n<\/div>\n<\/div><\/div><\/div><div id=\"pgc-127-46-2\"  class=\"panel-grid-cell panel-grid-cell-empty panel-grid-cell-mobile-last\" ><\/div><div id=\"pgc-127-46-3\"  class=\"panel-grid-cell panel-grid-cell-empty\" ><\/div><\/div><div id=\"pg-127-47\"  class=\"panel-grid panel-no-style\" ><div id=\"pgc-127-47-0\"  class=\"panel-grid-cell panel-grid-cell-empty\" ><\/div><div id=\"pgc-127-47-1\"  class=\"panel-grid-cell\" ><div id=\"panel-127-47-1-0\" class=\"so-panel widget widget_sow-editor panel-first-child panel-last-child\" data-index=\"50\" ><div\n\t\t\t\n\t\t\tclass=\"so-widget-sow-editor so-widget-sow-editor-base\"\n\t\t\t\n\t\t>\n<div class=\"siteorigin-widget-tinymce textwidget\">\n\t<p style=\"text-align: justify;\"><span class=\"texte\">- <strong>- <\/strong><strong>Samedi 11 Novembre 2006<\/strong>: Concert de <strong>Jazz<\/strong>.<span class=\"\" style=\"display:block;clear:both;height: 0px;padding-top: 20px;border-top-width:0px;border-bottom-width:0px;\"><\/span><\/span><\/p>\n<\/div>\n<\/div><\/div><\/div><div id=\"pgc-127-47-2\"  class=\"panel-grid-cell panel-grid-cell-empty panel-grid-cell-mobile-last\" ><\/div><div id=\"pgc-127-47-3\"  class=\"panel-grid-cell panel-grid-cell-empty\" ><\/div><\/div><div id=\"pg-127-48\"  class=\"panel-grid panel-no-style\" ><div id=\"pgc-127-48-0\"  class=\"panel-grid-cell panel-grid-cell-empty\" ><\/div><div id=\"pgc-127-48-1\"  class=\"panel-grid-cell\" ><div id=\"panel-127-48-1-0\" class=\"so-panel widget widget_sow-editor panel-first-child panel-last-child\" data-index=\"51\" ><div\n\t\t\t\n\t\t\tclass=\"so-widget-sow-editor so-widget-sow-editor-base\"\n\t\t\t\n\t\t>\n<div class=\"siteorigin-widget-tinymce textwidget\">\n\t<p style=\"text-align: justify;\"><span class=\"texte\">- <strong>Samedi 29 Juillet 2006<\/strong>: Exposition lors de la <strong>F\u00eate des Charitons<\/strong>.<span class=\"\" style=\"display:block;clear:both;height: 0px;padding-top: 20px;border-top-width:0px;border-bottom-width:0px;\"><\/span><\/span><\/p>\n<\/div>\n<\/div><\/div><\/div><div id=\"pgc-127-48-2\"  class=\"panel-grid-cell panel-grid-cell-empty panel-grid-cell-mobile-last\" ><\/div><div id=\"pgc-127-48-3\"  class=\"panel-grid-cell panel-grid-cell-empty\" ><\/div><\/div><div id=\"pg-127-49\"  class=\"panel-grid panel-no-style\" ><div id=\"pgc-127-49-0\"  class=\"panel-grid-cell panel-grid-cell-empty\" ><\/div><div id=\"pgc-127-49-1\"  class=\"panel-grid-cell\" ><div id=\"panel-127-49-1-0\" class=\"so-panel widget widget_sow-editor panel-first-child panel-last-child\" data-index=\"52\" ><div\n\t\t\t\n\t\t\tclass=\"so-widget-sow-editor so-widget-sow-editor-base\"\n\t\t\t\n\t\t>\n<div class=\"siteorigin-widget-tinymce textwidget\">\n\t<p style=\"text-align: justify;\"><span class=\"texte\">- <strong>Samedi 24 Juin 2006<\/strong>: <strong>Feu de la Saint Jean<\/strong>.<span class=\"\" style=\"display:block;clear:both;height: 0px;padding-top: 20px;border-top-width:0px;border-bottom-width:0px;\"><\/span><\/span><\/p>\n<\/div>\n<\/div><\/div><\/div><div id=\"pgc-127-49-2\"  class=\"panel-grid-cell panel-grid-cell-empty panel-grid-cell-mobile-last\" ><\/div><div id=\"pgc-127-49-3\"  class=\"panel-grid-cell panel-grid-cell-empty\" ><\/div><\/div><div id=\"pg-127-50\"  class=\"panel-grid panel-no-style\" ><div id=\"pgc-127-50-0\"  class=\"panel-grid-cell panel-grid-cell-empty\" ><\/div><div id=\"pgc-127-50-1\"  class=\"panel-grid-cell\" ><div id=\"panel-127-50-1-0\" class=\"so-panel widget widget_sow-editor panel-first-child panel-last-child\" data-index=\"53\" ><div\n\t\t\t\n\t\t\tclass=\"so-widget-sow-editor so-widget-sow-editor-base\"\n\t\t\t\n\t\t>\n<div class=\"siteorigin-widget-tinymce textwidget\">\n\t<p style=\"text-align: justify;\"><span class=\"texte\">- <strong>Samedi 15 Avril 2006<\/strong>: Visite du <strong>tunnel de la voie ferr\u00e9e<\/strong> d\u00e9saffect\u00e9e reliant Saint Andr\u00e9 d'H\u00e9bertot \u00e0 Honfleur.<span class=\"\" style=\"display:block;clear:both;height: 0px;padding-top: 20px;border-top-width:0px;border-bottom-width:0px;\"><\/span><\/span><\/p>\n<\/div>\n<\/div><\/div><\/div><div id=\"pgc-127-50-2\"  class=\"panel-grid-cell panel-grid-cell-empty panel-grid-cell-mobile-last\" ><\/div><div id=\"pgc-127-50-3\"  class=\"panel-grid-cell panel-grid-cell-empty\" ><\/div><\/div><div id=\"pg-127-51\"  class=\"panel-grid panel-no-style\" ><div id=\"pgc-127-51-0\"  class=\"panel-grid-cell panel-grid-cell-empty\" ><\/div><div id=\"pgc-127-51-1\"  class=\"panel-grid-cell\" ><div id=\"panel-127-51-1-0\" class=\"so-panel widget widget_sow-editor panel-first-child panel-last-child\" data-index=\"54\" ><div\n\t\t\t\n\t\t\tclass=\"so-widget-sow-editor so-widget-sow-editor-base\"\n\t\t\t\n\t\t>\n<div class=\"siteorigin-widget-tinymce textwidget\">\n\t<p style=\"text-align: justify;\"><span class=\"texte\">- <strong>Samedi 30 Juillet 2005<\/strong>: Exposition <strong>d'Habits Sacerdotaux<\/strong>.<span class=\"\" style=\"display:block;clear:both;height: 0px;padding-top: 20px;border-top-width:0px;border-bottom-width:0px;\"><\/span><\/span><\/p>\n<\/div>\n<\/div><\/div><\/div><div id=\"pgc-127-51-2\"  class=\"panel-grid-cell panel-grid-cell-empty panel-grid-cell-mobile-last\" ><\/div><div id=\"pgc-127-51-3\"  class=\"panel-grid-cell panel-grid-cell-empty\" ><\/div><\/div><div id=\"pg-127-52\"  class=\"panel-grid panel-no-style\" ><div id=\"pgc-127-52-0\"  class=\"panel-grid-cell panel-grid-cell-empty\" ><\/div><div id=\"pgc-127-52-1\"  class=\"panel-grid-cell\" ><div id=\"panel-127-52-1-0\" class=\"so-panel widget widget_sow-editor panel-first-child panel-last-child\" data-index=\"55\" ><div\n\t\t\t\n\t\t\tclass=\"so-widget-sow-editor so-widget-sow-editor-base\"\n\t\t\t\n\t\t>\n<div class=\"siteorigin-widget-tinymce textwidget\">\n\t<p style=\"text-align: justify;\"><span class=\"texte\">- <strong>Samedi 14 Mai 2005<\/strong>: <strong>Exposition Artisanale<\/strong>.<span class=\"\" style=\"display:block;clear:both;height: 0px;padding-top: 20px;border-top-width:0px;border-bottom-width:0px;\"><\/span><\/span><\/p>\n<\/div>\n<\/div><\/div><\/div><div id=\"pgc-127-52-2\"  class=\"panel-grid-cell panel-grid-cell-empty panel-grid-cell-mobile-last\" ><\/div><div id=\"pgc-127-52-3\"  class=\"panel-grid-cell panel-grid-cell-empty\" ><\/div><\/div><div id=\"pg-127-53\"  class=\"panel-grid panel-no-style\" ><div id=\"pgc-127-53-0\"  class=\"panel-grid-cell panel-grid-cell-empty\" ><\/div><div id=\"pgc-127-53-1\"  class=\"panel-grid-cell\" ><div id=\"panel-127-53-1-0\" class=\"so-panel widget widget_sow-editor panel-first-child panel-last-child\" data-index=\"56\" ><div\n\t\t\t\n\t\t\tclass=\"so-widget-sow-editor so-widget-sow-editor-base\"\n\t\t\t\n\t\t>\n<div class=\"siteorigin-widget-tinymce textwidget\">\n\t<p style=\"text-align: justify;\"><span class=\"texte\">- <strong>Samedi 19 Mars 2005<\/strong>: Balade \"<strong>Fontaines et Lavoirs<\/strong>\".<span class=\"\" style=\"display:block;clear:both;height: 0px;padding-top: 10px;border-top-width:0px;border-bottom-width:0px;\"><\/span><\/span><\/p>\n<\/div>\n<\/div><\/div><\/div><div id=\"pgc-127-53-2\"  class=\"panel-grid-cell panel-grid-cell-empty panel-grid-cell-mobile-last\" ><\/div><div id=\"pgc-127-53-3\"  class=\"panel-grid-cell panel-grid-cell-empty\" ><\/div><\/div><div id=\"pg-127-54\"  class=\"panel-grid panel-no-style\" ><div id=\"pgc-127-54-0\"  class=\"panel-grid-cell panel-grid-cell-empty\" ><\/div><div id=\"pgc-127-54-1\"  class=\"panel-grid-cell panel-grid-cell-empty\" ><\/div><div id=\"pgc-127-54-2\"  class=\"panel-grid-cell panel-grid-cell-mobile-last\" ><div id=\"panel-127-54-2-0\" class=\"so-panel widget widget_sow-slider panel-first-child\" data-index=\"57\" ><div\n\t\t\t\n\t\t\tclass=\"so-widget-sow-slider so-widget-sow-slider-default-6d39609536fd-127\"\n\t\t\t\n\t\t>\t\t\t\t<div class=\"sow-slider-base\" style=\"display: none\" tabindex=\"0\">\n\t\t\t\t\t<ul\n\t\t\t\t\tclass=\"sow-slider-images\"\n\t\t\t\t\tdata-settings=\"{&quot;pagination&quot;:true,&quot;speed&quot;:800,&quot;timeout&quot;:8000,&quot;paused&quot;:false,&quot;pause_on_hover&quot;:false,&quot;swipe&quot;:true,&quot;nav_always_show_desktop&quot;:&quot;&quot;,&quot;nav_always_show_mobile&quot;:&quot;&quot;,&quot;breakpoint&quot;:&quot;780px&quot;,&quot;unmute&quot;:false,&quot;anchor&quot;:null}\"\n\t\t\t\t\t\t\t\t\t\tdata-anchor-id=\"\"\n\t\t\t\t>\t\t<li class=\"sow-slider-image\" style=\"visibility: visible;\" >\n\t\t\t\t\t\t<img loading=\"lazy\" decoding=\"async\" width=\"810\" height=\"1080\" src=\"https:\/\/asadep.fr\/wp-content\/uploads\/2017\/07\/DSC02586.jpg\" class=\"sow-slider-background-image\" alt=\"\" style=\"\" srcset=\"https:\/\/asadep.fr\/wp-content\/uploads\/2017\/07\/DSC02586.jpg 810w, https:\/\/asadep.fr\/wp-content\/uploads\/2017\/07\/DSC02586-225x300.jpg 225w, https:\/\/asadep.fr\/wp-content\/uploads\/2017\/07\/DSC02586-768x1024.jpg 768w, https:\/\/asadep.fr\/wp-content\/uploads\/2017\/07\/DSC02586-60x80.jpg 60w\" sizes=\"auto, (max-width: 810px) 100vw, 810px\" \/>\t\t<\/li>\n\t\t<\/ul>\t\t\t\t<ol class=\"sow-slider-pagination\">\n\t\t\t\t\t\t\t\t\t\t\t<li><a href=\"#\" data-goto=\"0\" aria-label=\"Display slide 1\"><\/a><\/li>\n\t\t\t\t\t\t\t\t\t<\/ol>\n\n\t\t\t\t<div class=\"sow-slide-nav sow-slide-nav-next\">\n\t\t\t\t\t<a href=\"#\" data-goto=\"next\" aria-label=\"Next slide\" data-action=\"next\">\n\t\t\t\t\t\t<em class=\"sow-sld-icon-thin-right\"><\/em>\n\t\t\t\t\t<\/a>\n\t\t\t\t<\/div>\n\n\t\t\t\t<div class=\"sow-slide-nav sow-slide-nav-prev\">\n\t\t\t\t\t<a href=\"#\" data-goto=\"previous\" aria-label=\"Previous slide\" data-action=\"prev\">\n\t\t\t\t\t\t<em class=\"sow-sld-icon-thin-left\"><\/em>\n\t\t\t\t\t<\/a>\n\t\t\t\t<\/div>\n\t\t\t\t<\/div><\/div><\/div><div id=\"panel-127-54-2-1\" class=\"so-panel widget widget_sow-slider\" data-index=\"58\" ><div\n\t\t\t\n\t\t\tclass=\"so-widget-sow-slider so-widget-sow-slider-default-6d39609536fd-127\"\n\t\t\t\n\t\t>\t\t\t\t<div class=\"sow-slider-base\" style=\"display: none\" tabindex=\"0\">\n\t\t\t\t\t<ul\n\t\t\t\t\tclass=\"sow-slider-images\"\n\t\t\t\t\tdata-settings=\"{&quot;pagination&quot;:true,&quot;speed&quot;:800,&quot;timeout&quot;:8000,&quot;paused&quot;:false,&quot;pause_on_hover&quot;:false,&quot;swipe&quot;:true,&quot;nav_always_show_desktop&quot;:&quot;&quot;,&quot;nav_always_show_mobile&quot;:&quot;&quot;,&quot;breakpoint&quot;:&quot;780px&quot;,&quot;unmute&quot;:false,&quot;anchor&quot;:null}\"\n\t\t\t\t\t\t\t\t\t\tdata-anchor-id=\"\"\n\t\t\t\t>\t\t<li class=\"sow-slider-image\" style=\"visibility: visible;\" >\n\t\t\t\t\t\t<img loading=\"lazy\" decoding=\"async\" width=\"1625\" height=\"1080\" src=\"https:\/\/asadep.fr\/wp-content\/uploads\/2017\/07\/A-Murella.jpg\" class=\"sow-slider-background-image\" alt=\"\" style=\"\" srcset=\"https:\/\/asadep.fr\/wp-content\/uploads\/2017\/07\/A-Murella.jpg 1625w, https:\/\/asadep.fr\/wp-content\/uploads\/2017\/07\/A-Murella-300x199.jpg 300w, https:\/\/asadep.fr\/wp-content\/uploads\/2017\/07\/A-Murella-768x510.jpg 768w, https:\/\/asadep.fr\/wp-content\/uploads\/2017\/07\/A-Murella-1024x681.jpg 1024w, https:\/\/asadep.fr\/wp-content\/uploads\/2017\/07\/A-Murella-120x80.jpg 120w, https:\/\/asadep.fr\/wp-content\/uploads\/2017\/07\/A-Murella-272x182.jpg 272w\" sizes=\"auto, (max-width: 1625px) 100vw, 1625px\" \/>\t\t<\/li>\n\t\t<\/ul>\t\t\t\t<ol class=\"sow-slider-pagination\">\n\t\t\t\t\t\t\t\t\t\t\t<li><a href=\"#\" data-goto=\"0\" aria-label=\"Display slide 1\"><\/a><\/li>\n\t\t\t\t\t\t\t\t\t<\/ol>\n\n\t\t\t\t<div class=\"sow-slide-nav sow-slide-nav-next\">\n\t\t\t\t\t<a href=\"#\" data-goto=\"next\" aria-label=\"Next slide\" data-action=\"next\">\n\t\t\t\t\t\t<em class=\"sow-sld-icon-thin-right\"><\/em>\n\t\t\t\t\t<\/a>\n\t\t\t\t<\/div>\n\n\t\t\t\t<div class=\"sow-slide-nav sow-slide-nav-prev\">\n\t\t\t\t\t<a href=\"#\" data-goto=\"previous\" aria-label=\"Previous slide\" data-action=\"prev\">\n\t\t\t\t\t\t<em class=\"sow-sld-icon-thin-left\"><\/em>\n\t\t\t\t\t<\/a>\n\t\t\t\t<\/div>\n\t\t\t\t<\/div><\/div><\/div><div id=\"panel-127-54-2-2\" class=\"so-panel widget widget_sow-slider\" data-index=\"59\" ><div\n\t\t\t\n\t\t\tclass=\"so-widget-sow-slider so-widget-sow-slider-default-6d39609536fd-127\"\n\t\t\t\n\t\t>\t\t\t\t<div class=\"sow-slider-base\" style=\"display: none\" tabindex=\"0\">\n\t\t\t\t\t<ul\n\t\t\t\t\tclass=\"sow-slider-images\"\n\t\t\t\t\tdata-settings=\"{&quot;pagination&quot;:true,&quot;speed&quot;:800,&quot;timeout&quot;:8000,&quot;paused&quot;:false,&quot;pause_on_hover&quot;:false,&quot;swipe&quot;:true,&quot;nav_always_show_desktop&quot;:&quot;&quot;,&quot;nav_always_show_mobile&quot;:&quot;&quot;,&quot;breakpoint&quot;:&quot;780px&quot;,&quot;unmute&quot;:false,&quot;anchor&quot;:null}\"\n\t\t\t\t\t\t\t\t\t\tdata-anchor-id=\"\"\n\t\t\t\t>\t\t<li class=\"sow-slider-image\" style=\"visibility: visible;\" >\n\t\t\t\t\t\t<img loading=\"lazy\" decoding=\"async\" width=\"1440\" height=\"1080\" src=\"https:\/\/asadep.fr\/wp-content\/uploads\/2017\/07\/24-06-06-FEU-de-la-St-jEAN-26.jpg\" class=\"sow-slider-background-image\" alt=\"\" style=\"\" srcset=\"https:\/\/asadep.fr\/wp-content\/uploads\/2017\/07\/24-06-06-FEU-de-la-St-jEAN-26.jpg 1440w, https:\/\/asadep.fr\/wp-content\/uploads\/2017\/07\/24-06-06-FEU-de-la-St-jEAN-26-300x225.jpg 300w, https:\/\/asadep.fr\/wp-content\/uploads\/2017\/07\/24-06-06-FEU-de-la-St-jEAN-26-768x576.jpg 768w, https:\/\/asadep.fr\/wp-content\/uploads\/2017\/07\/24-06-06-FEU-de-la-St-jEAN-26-1024x768.jpg 1024w, https:\/\/asadep.fr\/wp-content\/uploads\/2017\/07\/24-06-06-FEU-de-la-St-jEAN-26-107x80.jpg 107w\" sizes=\"auto, (max-width: 1440px) 100vw, 1440px\" \/>\t\t<\/li>\n\t\t<\/ul>\t\t\t\t<ol class=\"sow-slider-pagination\">\n\t\t\t\t\t\t\t\t\t\t\t<li><a href=\"#\" data-goto=\"0\" aria-label=\"Display slide 1\"><\/a><\/li>\n\t\t\t\t\t\t\t\t\t<\/ol>\n\n\t\t\t\t<div class=\"sow-slide-nav sow-slide-nav-next\">\n\t\t\t\t\t<a href=\"#\" data-goto=\"next\" aria-label=\"Next slide\" data-action=\"next\">\n\t\t\t\t\t\t<em class=\"sow-sld-icon-thin-right\"><\/em>\n\t\t\t\t\t<\/a>\n\t\t\t\t<\/div>\n\n\t\t\t\t<div class=\"sow-slide-nav sow-slide-nav-prev\">\n\t\t\t\t\t<a href=\"#\" data-goto=\"previous\" aria-label=\"Previous slide\" data-action=\"prev\">\n\t\t\t\t\t\t<em class=\"sow-sld-icon-thin-left\"><\/em>\n\t\t\t\t\t<\/a>\n\t\t\t\t<\/div>\n\t\t\t\t<\/div><\/div><\/div><div id=\"panel-127-54-2-3\" class=\"so-panel widget widget_sow-slider\" data-index=\"60\" ><div\n\t\t\t\n\t\t\tclass=\"so-widget-sow-slider so-widget-sow-slider-default-6d39609536fd-127\"\n\t\t\t\n\t\t>\t\t\t\t<div class=\"sow-slider-base\" style=\"display: none\" tabindex=\"0\">\n\t\t\t\t\t<ul\n\t\t\t\t\tclass=\"sow-slider-images\"\n\t\t\t\t\tdata-settings=\"{&quot;pagination&quot;:true,&quot;speed&quot;:800,&quot;timeout&quot;:8000,&quot;paused&quot;:false,&quot;pause_on_hover&quot;:false,&quot;swipe&quot;:true,&quot;nav_always_show_desktop&quot;:&quot;&quot;,&quot;nav_always_show_mobile&quot;:&quot;&quot;,&quot;breakpoint&quot;:&quot;780px&quot;,&quot;unmute&quot;:false,&quot;anchor&quot;:null}\"\n\t\t\t\t\t\t\t\t\t\tdata-anchor-id=\"\"\n\t\t\t\t>\t\t<li class=\"sow-slider-image\" style=\"visibility: visible;\" >\n\t\t\t\t\t\t<img loading=\"lazy\" decoding=\"async\" width=\"810\" height=\"1080\" src=\"https:\/\/asadep.fr\/wp-content\/uploads\/2017\/07\/30-07-05-VETEMENTS-SACERDOTAUX-St-ANDRE-d-H-19.jpg\" class=\"sow-slider-background-image\" alt=\"\" style=\"\" srcset=\"https:\/\/asadep.fr\/wp-content\/uploads\/2017\/07\/30-07-05-VETEMENTS-SACERDOTAUX-St-ANDRE-d-H-19.jpg 810w, https:\/\/asadep.fr\/wp-content\/uploads\/2017\/07\/30-07-05-VETEMENTS-SACERDOTAUX-St-ANDRE-d-H-19-225x300.jpg 225w, https:\/\/asadep.fr\/wp-content\/uploads\/2017\/07\/30-07-05-VETEMENTS-SACERDOTAUX-St-ANDRE-d-H-19-768x1024.jpg 768w, https:\/\/asadep.fr\/wp-content\/uploads\/2017\/07\/30-07-05-VETEMENTS-SACERDOTAUX-St-ANDRE-d-H-19-60x80.jpg 60w\" sizes=\"auto, (max-width: 810px) 100vw, 810px\" \/>\t\t<\/li>\n\t\t<\/ul>\t\t\t\t<ol class=\"sow-slider-pagination\">\n\t\t\t\t\t\t\t\t\t\t\t<li><a href=\"#\" data-goto=\"0\" aria-label=\"Display slide 1\"><\/a><\/li>\n\t\t\t\t\t\t\t\t\t<\/ol>\n\n\t\t\t\t<div class=\"sow-slide-nav sow-slide-nav-next\">\n\t\t\t\t\t<a href=\"#\" data-goto=\"next\" aria-label=\"Next slide\" data-action=\"next\">\n\t\t\t\t\t\t<em class=\"sow-sld-icon-thin-right\"><\/em>\n\t\t\t\t\t<\/a>\n\t\t\t\t<\/div>\n\n\t\t\t\t<div class=\"sow-slide-nav sow-slide-nav-prev\">\n\t\t\t\t\t<a href=\"#\" data-goto=\"previous\" aria-label=\"Previous slide\" data-action=\"prev\">\n\t\t\t\t\t\t<em class=\"sow-sld-icon-thin-left\"><\/em>\n\t\t\t\t\t<\/a>\n\t\t\t\t<\/div>\n\t\t\t\t<\/div><\/div><\/div><div id=\"panel-127-54-2-4\" class=\"so-panel widget widget_sow-slider\" data-index=\"61\" ><div\n\t\t\t\n\t\t\tclass=\"so-widget-sow-slider so-widget-sow-slider-default-6d39609536fd-127\"\n\t\t\t\n\t\t>\t\t\t\t<div class=\"sow-slider-base\" style=\"display: none\" tabindex=\"0\">\n\t\t\t\t\t<ul\n\t\t\t\t\tclass=\"sow-slider-images\"\n\t\t\t\t\tdata-settings=\"{&quot;pagination&quot;:true,&quot;speed&quot;:800,&quot;timeout&quot;:8000,&quot;paused&quot;:false,&quot;pause_on_hover&quot;:false,&quot;swipe&quot;:true,&quot;nav_always_show_desktop&quot;:&quot;&quot;,&quot;nav_always_show_mobile&quot;:&quot;&quot;,&quot;breakpoint&quot;:&quot;780px&quot;,&quot;unmute&quot;:false,&quot;anchor&quot;:null}\"\n\t\t\t\t\t\t\t\t\t\tdata-anchor-id=\"\"\n\t\t\t\t>\t\t<li class=\"sow-slider-image\" style=\"visibility: visible;\" >\n\t\t\t\t\t\t<img loading=\"lazy\" decoding=\"async\" width=\"1440\" height=\"1080\" src=\"https:\/\/asadep.fr\/wp-content\/uploads\/2017\/07\/14-05-05EXPO-18.jpg\" class=\"sow-slider-background-image\" alt=\"\" style=\"\" srcset=\"https:\/\/asadep.fr\/wp-content\/uploads\/2017\/07\/14-05-05EXPO-18.jpg 1440w, https:\/\/asadep.fr\/wp-content\/uploads\/2017\/07\/14-05-05EXPO-18-300x225.jpg 300w, https:\/\/asadep.fr\/wp-content\/uploads\/2017\/07\/14-05-05EXPO-18-768x576.jpg 768w, https:\/\/asadep.fr\/wp-content\/uploads\/2017\/07\/14-05-05EXPO-18-1024x768.jpg 1024w, https:\/\/asadep.fr\/wp-content\/uploads\/2017\/07\/14-05-05EXPO-18-107x80.jpg 107w\" sizes=\"auto, (max-width: 1440px) 100vw, 1440px\" \/>\t\t<\/li>\n\t\t<\/ul>\t\t\t\t<ol class=\"sow-slider-pagination\">\n\t\t\t\t\t\t\t\t\t\t\t<li><a href=\"#\" data-goto=\"0\" aria-label=\"Display slide 1\"><\/a><\/li>\n\t\t\t\t\t\t\t\t\t<\/ol>\n\n\t\t\t\t<div class=\"sow-slide-nav sow-slide-nav-next\">\n\t\t\t\t\t<a href=\"#\" data-goto=\"next\" aria-label=\"Next slide\" data-action=\"next\">\n\t\t\t\t\t\t<em class=\"sow-sld-icon-thin-right\"><\/em>\n\t\t\t\t\t<\/a>\n\t\t\t\t<\/div>\n\n\t\t\t\t<div class=\"sow-slide-nav sow-slide-nav-prev\">\n\t\t\t\t\t<a href=\"#\" data-goto=\"previous\" aria-label=\"Previous slide\" data-action=\"prev\">\n\t\t\t\t\t\t<em class=\"sow-sld-icon-thin-left\"><\/em>\n\t\t\t\t\t<\/a>\n\t\t\t\t<\/div>\n\t\t\t\t<\/div><\/div><\/div><div id=\"panel-127-54-2-5\" class=\"so-panel widget widget_sow-slider\" data-index=\"62\" ><div\n\t\t\t\n\t\t\tclass=\"so-widget-sow-slider so-widget-sow-slider-default-6d39609536fd-127\"\n\t\t\t\n\t\t>\t\t\t\t<div class=\"sow-slider-base\" style=\"display: none\" tabindex=\"0\">\n\t\t\t\t\t<ul\n\t\t\t\t\tclass=\"sow-slider-images\"\n\t\t\t\t\tdata-settings=\"{&quot;pagination&quot;:true,&quot;speed&quot;:800,&quot;timeout&quot;:8000,&quot;paused&quot;:false,&quot;pause_on_hover&quot;:false,&quot;swipe&quot;:true,&quot;nav_always_show_desktop&quot;:&quot;&quot;,&quot;nav_always_show_mobile&quot;:&quot;&quot;,&quot;breakpoint&quot;:&quot;780px&quot;,&quot;unmute&quot;:false,&quot;anchor&quot;:null}\"\n\t\t\t\t\t\t\t\t\t\tdata-anchor-id=\"\"\n\t\t\t\t>\t\t<li class=\"sow-slider-image\" style=\"visibility: visible;\" >\n\t\t\t\t\t\t<img loading=\"lazy\" decoding=\"async\" width=\"1440\" height=\"1080\" src=\"https:\/\/asadep.fr\/wp-content\/uploads\/2017\/07\/IMG_3527.jpg\" class=\"sow-slider-background-image\" alt=\"\" style=\"\" srcset=\"https:\/\/asadep.fr\/wp-content\/uploads\/2017\/07\/IMG_3527.jpg 1440w, https:\/\/asadep.fr\/wp-content\/uploads\/2017\/07\/IMG_3527-300x225.jpg 300w, https:\/\/asadep.fr\/wp-content\/uploads\/2017\/07\/IMG_3527-768x576.jpg 768w, https:\/\/asadep.fr\/wp-content\/uploads\/2017\/07\/IMG_3527-1024x768.jpg 1024w, https:\/\/asadep.fr\/wp-content\/uploads\/2017\/07\/IMG_3527-107x80.jpg 107w\" sizes=\"auto, (max-width: 1440px) 100vw, 1440px\" \/>\t\t<\/li>\n\t\t<\/ul>\t\t\t\t<ol class=\"sow-slider-pagination\">\n\t\t\t\t\t\t\t\t\t\t\t<li><a href=\"#\" data-goto=\"0\" aria-label=\"Display slide 1\"><\/a><\/li>\n\t\t\t\t\t\t\t\t\t<\/ol>\n\n\t\t\t\t<div class=\"sow-slide-nav sow-slide-nav-next\">\n\t\t\t\t\t<a href=\"#\" data-goto=\"next\" aria-label=\"Next slide\" data-action=\"next\">\n\t\t\t\t\t\t<em class=\"sow-sld-icon-thin-right\"><\/em>\n\t\t\t\t\t<\/a>\n\t\t\t\t<\/div>\n\n\t\t\t\t<div class=\"sow-slide-nav sow-slide-nav-prev\">\n\t\t\t\t\t<a href=\"#\" data-goto=\"previous\" aria-label=\"Previous slide\" data-action=\"prev\">\n\t\t\t\t\t\t<em class=\"sow-sld-icon-thin-left\"><\/em>\n\t\t\t\t\t<\/a>\n\t\t\t\t<\/div>\n\t\t\t\t<\/div><\/div><\/div><div id=\"panel-127-54-2-6\" class=\"so-panel widget widget_sow-slider\" data-index=\"63\" ><div\n\t\t\t\n\t\t\tclass=\"so-widget-sow-slider so-widget-sow-slider-default-6d39609536fd-127\"\n\t\t\t\n\t\t>\t\t\t\t<div class=\"sow-slider-base\" style=\"display: none\" tabindex=\"0\">\n\t\t\t\t\t<ul\n\t\t\t\t\tclass=\"sow-slider-images\"\n\t\t\t\t\tdata-settings=\"{&quot;pagination&quot;:true,&quot;speed&quot;:800,&quot;timeout&quot;:8000,&quot;paused&quot;:false,&quot;pause_on_hover&quot;:false,&quot;swipe&quot;:true,&quot;nav_always_show_desktop&quot;:&quot;&quot;,&quot;nav_always_show_mobile&quot;:&quot;&quot;,&quot;breakpoint&quot;:&quot;780px&quot;,&quot;unmute&quot;:false,&quot;anchor&quot;:null}\"\n\t\t\t\t\t\t\t\t\t\tdata-anchor-id=\"\"\n\t\t\t\t>\t\t<li class=\"sow-slider-image\" style=\"visibility: visible;\" >\n\t\t\t\t\t\t<img loading=\"lazy\" decoding=\"async\" width=\"1440\" height=\"1080\" src=\"https:\/\/asadep.fr\/wp-content\/uploads\/2017\/07\/IMG_3531.jpg\" class=\"sow-slider-background-image\" alt=\"\" style=\"\" srcset=\"https:\/\/asadep.fr\/wp-content\/uploads\/2017\/07\/IMG_3531.jpg 1440w, https:\/\/asadep.fr\/wp-content\/uploads\/2017\/07\/IMG_3531-300x225.jpg 300w, https:\/\/asadep.fr\/wp-content\/uploads\/2017\/07\/IMG_3531-768x576.jpg 768w, https:\/\/asadep.fr\/wp-content\/uploads\/2017\/07\/IMG_3531-1024x768.jpg 1024w, https:\/\/asadep.fr\/wp-content\/uploads\/2017\/07\/IMG_3531-107x80.jpg 107w\" sizes=\"auto, (max-width: 1440px) 100vw, 1440px\" \/>\t\t<\/li>\n\t\t<\/ul>\t\t\t\t<ol class=\"sow-slider-pagination\">\n\t\t\t\t\t\t\t\t\t\t\t<li><a href=\"#\" data-goto=\"0\" aria-label=\"Display slide 1\"><\/a><\/li>\n\t\t\t\t\t\t\t\t\t<\/ol>\n\n\t\t\t\t<div class=\"sow-slide-nav sow-slide-nav-next\">\n\t\t\t\t\t<a href=\"#\" data-goto=\"next\" aria-label=\"Next slide\" data-action=\"next\">\n\t\t\t\t\t\t<em class=\"sow-sld-icon-thin-right\"><\/em>\n\t\t\t\t\t<\/a>\n\t\t\t\t<\/div>\n\n\t\t\t\t<div class=\"sow-slide-nav sow-slide-nav-prev\">\n\t\t\t\t\t<a href=\"#\" data-goto=\"previous\" aria-label=\"Previous slide\" data-action=\"prev\">\n\t\t\t\t\t\t<em class=\"sow-sld-icon-thin-left\"><\/em>\n\t\t\t\t\t<\/a>\n\t\t\t\t<\/div>\n\t\t\t\t<\/div><\/div><\/div><div id=\"panel-127-54-2-7\" class=\"so-panel widget widget_sow-slider\" data-index=\"64\" ><div\n\t\t\t\n\t\t\tclass=\"so-widget-sow-slider so-widget-sow-slider-default-6d39609536fd-127\"\n\t\t\t\n\t\t>\t\t\t\t<div class=\"sow-slider-base\" style=\"display: none\" tabindex=\"0\">\n\t\t\t\t\t<ul\n\t\t\t\t\tclass=\"sow-slider-images\"\n\t\t\t\t\tdata-settings=\"{&quot;pagination&quot;:true,&quot;speed&quot;:800,&quot;timeout&quot;:8000,&quot;paused&quot;:false,&quot;pause_on_hover&quot;:false,&quot;swipe&quot;:true,&quot;nav_always_show_desktop&quot;:&quot;&quot;,&quot;nav_always_show_mobile&quot;:&quot;&quot;,&quot;breakpoint&quot;:&quot;780px&quot;,&quot;unmute&quot;:false,&quot;anchor&quot;:null}\"\n\t\t\t\t\t\t\t\t\t\tdata-anchor-id=\"\"\n\t\t\t\t>\t\t<li class=\"sow-slider-image\" style=\"visibility: visible;\" >\n\t\t\t\t\t\t<img loading=\"lazy\" decoding=\"async\" width=\"1920\" height=\"1079\" src=\"https:\/\/asadep.fr\/wp-content\/uploads\/2017\/07\/1-Orchestre-IMG_2016.jpg\" class=\"sow-slider-background-image\" alt=\"\" style=\"\" srcset=\"https:\/\/asadep.fr\/wp-content\/uploads\/2017\/07\/1-Orchestre-IMG_2016.jpg 1920w, https:\/\/asadep.fr\/wp-content\/uploads\/2017\/07\/1-Orchestre-IMG_2016-300x169.jpg 300w, https:\/\/asadep.fr\/wp-content\/uploads\/2017\/07\/1-Orchestre-IMG_2016-768x432.jpg 768w, https:\/\/asadep.fr\/wp-content\/uploads\/2017\/07\/1-Orchestre-IMG_2016-1024x575.jpg 1024w, https:\/\/asadep.fr\/wp-content\/uploads\/2017\/07\/1-Orchestre-IMG_2016-142x80.jpg 142w\" sizes=\"auto, (max-width: 1920px) 100vw, 1920px\" \/>\t\t<\/li>\n\t\t<\/ul>\t\t\t\t<ol class=\"sow-slider-pagination\">\n\t\t\t\t\t\t\t\t\t\t\t<li><a href=\"#\" data-goto=\"0\" aria-label=\"Display slide 1\"><\/a><\/li>\n\t\t\t\t\t\t\t\t\t<\/ol>\n\n\t\t\t\t<div class=\"sow-slide-nav sow-slide-nav-next\">\n\t\t\t\t\t<a href=\"#\" data-goto=\"next\" aria-label=\"Next slide\" data-action=\"next\">\n\t\t\t\t\t\t<em class=\"sow-sld-icon-thin-right\"><\/em>\n\t\t\t\t\t<\/a>\n\t\t\t\t<\/div>\n\n\t\t\t\t<div class=\"sow-slide-nav sow-slide-nav-prev\">\n\t\t\t\t\t<a href=\"#\" data-goto=\"previous\" aria-label=\"Previous slide\" data-action=\"prev\">\n\t\t\t\t\t\t<em class=\"sow-sld-icon-thin-left\"><\/em>\n\t\t\t\t\t<\/a>\n\t\t\t\t<\/div>\n\t\t\t\t<\/div><\/div><\/div><div id=\"panel-127-54-2-8\" class=\"so-panel widget widget_sow-slider\" data-index=\"65\" ><div\n\t\t\t\n\t\t\tclass=\"so-widget-sow-slider so-widget-sow-slider-default-6d39609536fd-127\"\n\t\t\t\n\t\t>\t\t\t\t<div class=\"sow-slider-base\" style=\"display: none\" tabindex=\"0\">\n\t\t\t\t\t<ul\n\t\t\t\t\tclass=\"sow-slider-images\"\n\t\t\t\t\tdata-settings=\"{&quot;pagination&quot;:true,&quot;speed&quot;:800,&quot;timeout&quot;:8000,&quot;paused&quot;:false,&quot;pause_on_hover&quot;:false,&quot;swipe&quot;:true,&quot;nav_always_show_desktop&quot;:&quot;&quot;,&quot;nav_always_show_mobile&quot;:&quot;&quot;,&quot;breakpoint&quot;:&quot;780px&quot;,&quot;unmute&quot;:false,&quot;anchor&quot;:null}\"\n\t\t\t\t\t\t\t\t\t\tdata-anchor-id=\"\"\n\t\t\t\t>\t\t<li class=\"sow-slider-image\" style=\"visibility: visible;\" >\n\t\t\t\t\t\t<img loading=\"lazy\" decoding=\"async\" width=\"1445\" height=\"1080\" src=\"https:\/\/asadep.fr\/wp-content\/uploads\/2017\/07\/Mille-Ans-dHistoires.jpg\" class=\"sow-slider-background-image\" alt=\"\" style=\"\" srcset=\"https:\/\/asadep.fr\/wp-content\/uploads\/2017\/07\/Mille-Ans-dHistoires.jpg 1445w, https:\/\/asadep.fr\/wp-content\/uploads\/2017\/07\/Mille-Ans-dHistoires-300x224.jpg 300w, https:\/\/asadep.fr\/wp-content\/uploads\/2017\/07\/Mille-Ans-dHistoires-768x574.jpg 768w, https:\/\/asadep.fr\/wp-content\/uploads\/2017\/07\/Mille-Ans-dHistoires-1024x765.jpg 1024w, https:\/\/asadep.fr\/wp-content\/uploads\/2017\/07\/Mille-Ans-dHistoires-107x80.jpg 107w\" sizes=\"auto, (max-width: 1445px) 100vw, 1445px\" \/>\t\t<\/li>\n\t\t<\/ul>\t\t\t\t<ol class=\"sow-slider-pagination\">\n\t\t\t\t\t\t\t\t\t\t\t<li><a href=\"#\" data-goto=\"0\" aria-label=\"Display slide 1\"><\/a><\/li>\n\t\t\t\t\t\t\t\t\t<\/ol>\n\n\t\t\t\t<div class=\"sow-slide-nav sow-slide-nav-next\">\n\t\t\t\t\t<a href=\"#\" data-goto=\"next\" aria-label=\"Next slide\" data-action=\"next\">\n\t\t\t\t\t\t<em class=\"sow-sld-icon-thin-right\"><\/em>\n\t\t\t\t\t<\/a>\n\t\t\t\t<\/div>\n\n\t\t\t\t<div class=\"sow-slide-nav sow-slide-nav-prev\">\n\t\t\t\t\t<a href=\"#\" data-goto=\"previous\" aria-label=\"Previous slide\" data-action=\"prev\">\n\t\t\t\t\t\t<em class=\"sow-sld-icon-thin-left\"><\/em>\n\t\t\t\t\t<\/a>\n\t\t\t\t<\/div>\n\t\t\t\t<\/div><\/div><\/div><div id=\"panel-127-54-2-9\" class=\"so-panel widget widget_sow-slider\" data-index=\"66\" ><div\n\t\t\t\n\t\t\tclass=\"so-widget-sow-slider so-widget-sow-slider-default-6d39609536fd-127\"\n\t\t\t\n\t\t>\t\t\t\t<div class=\"sow-slider-base\" style=\"display: none\" tabindex=\"0\">\n\t\t\t\t\t<ul\n\t\t\t\t\tclass=\"sow-slider-images\"\n\t\t\t\t\tdata-settings=\"{&quot;pagination&quot;:true,&quot;speed&quot;:800,&quot;timeout&quot;:8000,&quot;paused&quot;:false,&quot;pause_on_hover&quot;:false,&quot;swipe&quot;:true,&quot;nav_always_show_desktop&quot;:&quot;&quot;,&quot;nav_always_show_mobile&quot;:&quot;&quot;,&quot;breakpoint&quot;:&quot;780px&quot;,&quot;unmute&quot;:false,&quot;anchor&quot;:null}\"\n\t\t\t\t\t\t\t\t\t\tdata-anchor-id=\"\"\n\t\t\t\t>\t\t<li class=\"sow-slider-image\" style=\"visibility: visible;\" >\n\t\t\t\t\t\t<img loading=\"lazy\" decoding=\"async\" width=\"1440\" height=\"1080\" src=\"https:\/\/asadep.fr\/wp-content\/uploads\/2017\/07\/P1080949.jpg\" class=\"sow-slider-background-image\" alt=\"\" style=\"\" srcset=\"https:\/\/asadep.fr\/wp-content\/uploads\/2017\/07\/P1080949.jpg 1440w, https:\/\/asadep.fr\/wp-content\/uploads\/2017\/07\/P1080949-300x225.jpg 300w, https:\/\/asadep.fr\/wp-content\/uploads\/2017\/07\/P1080949-768x576.jpg 768w, https:\/\/asadep.fr\/wp-content\/uploads\/2017\/07\/P1080949-1024x768.jpg 1024w, https:\/\/asadep.fr\/wp-content\/uploads\/2017\/07\/P1080949-107x80.jpg 107w\" sizes=\"auto, (max-width: 1440px) 100vw, 1440px\" \/>\t\t<\/li>\n\t\t<\/ul>\t\t\t\t<ol class=\"sow-slider-pagination\">\n\t\t\t\t\t\t\t\t\t\t\t<li><a href=\"#\" data-goto=\"0\" aria-label=\"Display slide 1\"><\/a><\/li>\n\t\t\t\t\t\t\t\t\t<\/ol>\n\n\t\t\t\t<div class=\"sow-slide-nav sow-slide-nav-next\">\n\t\t\t\t\t<a href=\"#\" data-goto=\"next\" aria-label=\"Next slide\" data-action=\"next\">\n\t\t\t\t\t\t<em class=\"sow-sld-icon-thin-right\"><\/em>\n\t\t\t\t\t<\/a>\n\t\t\t\t<\/div>\n\n\t\t\t\t<div class=\"sow-slide-nav sow-slide-nav-prev\">\n\t\t\t\t\t<a href=\"#\" data-goto=\"previous\" aria-label=\"Previous slide\" data-action=\"prev\">\n\t\t\t\t\t\t<em class=\"sow-sld-icon-thin-left\"><\/em>\n\t\t\t\t\t<\/a>\n\t\t\t\t<\/div>\n\t\t\t\t<\/div><\/div><\/div><div id=\"panel-127-54-2-10\" class=\"so-panel widget widget_sow-slider\" data-index=\"67\" ><div\n\t\t\t\n\t\t\tclass=\"so-widget-sow-slider so-widget-sow-slider-default-6d39609536fd-127\"\n\t\t\t\n\t\t>\t\t\t\t<div class=\"sow-slider-base\" style=\"display: none\" tabindex=\"0\">\n\t\t\t\t\t<ul\n\t\t\t\t\tclass=\"sow-slider-images\"\n\t\t\t\t\tdata-settings=\"{&quot;pagination&quot;:true,&quot;speed&quot;:800,&quot;timeout&quot;:8000,&quot;paused&quot;:false,&quot;pause_on_hover&quot;:false,&quot;swipe&quot;:true,&quot;nav_always_show_desktop&quot;:&quot;&quot;,&quot;nav_always_show_mobile&quot;:&quot;&quot;,&quot;breakpoint&quot;:&quot;780px&quot;,&quot;unmute&quot;:false,&quot;anchor&quot;:null}\"\n\t\t\t\t\t\t\t\t\t\tdata-anchor-id=\"\"\n\t\t\t\t>\t\t<li class=\"sow-slider-image\" style=\"visibility: visible;\" >\n\t\t\t\t\t\t<img loading=\"lazy\" decoding=\"async\" width=\"1440\" height=\"1080\" src=\"https:\/\/asadep.fr\/wp-content\/uploads\/2017\/07\/P1080939.jpg\" class=\"sow-slider-background-image\" alt=\"\" style=\"\" srcset=\"https:\/\/asadep.fr\/wp-content\/uploads\/2017\/07\/P1080939.jpg 1440w, https:\/\/asadep.fr\/wp-content\/uploads\/2017\/07\/P1080939-300x225.jpg 300w, https:\/\/asadep.fr\/wp-content\/uploads\/2017\/07\/P1080939-768x576.jpg 768w, https:\/\/asadep.fr\/wp-content\/uploads\/2017\/07\/P1080939-1024x768.jpg 1024w, https:\/\/asadep.fr\/wp-content\/uploads\/2017\/07\/P1080939-107x80.jpg 107w\" sizes=\"auto, (max-width: 1440px) 100vw, 1440px\" \/>\t\t<\/li>\n\t\t<\/ul>\t\t\t\t<ol class=\"sow-slider-pagination\">\n\t\t\t\t\t\t\t\t\t\t\t<li><a href=\"#\" data-goto=\"0\" aria-label=\"Display slide 1\"><\/a><\/li>\n\t\t\t\t\t\t\t\t\t<\/ol>\n\n\t\t\t\t<div class=\"sow-slide-nav sow-slide-nav-next\">\n\t\t\t\t\t<a href=\"#\" data-goto=\"next\" aria-label=\"Next slide\" data-action=\"next\">\n\t\t\t\t\t\t<em class=\"sow-sld-icon-thin-right\"><\/em>\n\t\t\t\t\t<\/a>\n\t\t\t\t<\/div>\n\n\t\t\t\t<div class=\"sow-slide-nav sow-slide-nav-prev\">\n\t\t\t\t\t<a href=\"#\" data-goto=\"previous\" aria-label=\"Previous slide\" data-action=\"prev\">\n\t\t\t\t\t\t<em class=\"sow-sld-icon-thin-left\"><\/em>\n\t\t\t\t\t<\/a>\n\t\t\t\t<\/div>\n\t\t\t\t<\/div><\/div><\/div><div id=\"panel-127-54-2-11\" class=\"so-panel widget widget_sow-slider\" data-index=\"68\" ><div\n\t\t\t\n\t\t\tclass=\"so-widget-sow-slider so-widget-sow-slider-default-6d39609536fd-127\"\n\t\t\t\n\t\t>\t\t\t\t<div class=\"sow-slider-base\" style=\"display: none\" tabindex=\"0\">\n\t\t\t\t\t<ul\n\t\t\t\t\tclass=\"sow-slider-images\"\n\t\t\t\t\tdata-settings=\"{&quot;pagination&quot;:true,&quot;speed&quot;:800,&quot;timeout&quot;:8000,&quot;paused&quot;:false,&quot;pause_on_hover&quot;:false,&quot;swipe&quot;:true,&quot;nav_always_show_desktop&quot;:&quot;&quot;,&quot;nav_always_show_mobile&quot;:&quot;&quot;,&quot;breakpoint&quot;:&quot;780px&quot;,&quot;unmute&quot;:false,&quot;anchor&quot;:null}\"\n\t\t\t\t\t\t\t\t\t\tdata-anchor-id=\"\"\n\t\t\t\t>\t\t<li class=\"sow-slider-image\" style=\"visibility: visible;\" >\n\t\t\t\t\t\t<img loading=\"lazy\" decoding=\"async\" width=\"810\" height=\"1080\" src=\"https:\/\/asadep.fr\/wp-content\/uploads\/2017\/07\/IMG_2133.jpg\" class=\"sow-slider-background-image\" alt=\"\" style=\"\" srcset=\"https:\/\/asadep.fr\/wp-content\/uploads\/2017\/07\/IMG_2133.jpg 810w, https:\/\/asadep.fr\/wp-content\/uploads\/2017\/07\/IMG_2133-225x300.jpg 225w, https:\/\/asadep.fr\/wp-content\/uploads\/2017\/07\/IMG_2133-768x1024.jpg 768w, https:\/\/asadep.fr\/wp-content\/uploads\/2017\/07\/IMG_2133-60x80.jpg 60w\" sizes=\"auto, (max-width: 810px) 100vw, 810px\" \/>\t\t<\/li>\n\t\t<\/ul>\t\t\t\t<ol class=\"sow-slider-pagination\">\n\t\t\t\t\t\t\t\t\t\t\t<li><a href=\"#\" data-goto=\"0\" aria-label=\"Display slide 1\"><\/a><\/li>\n\t\t\t\t\t\t\t\t\t<\/ol>\n\n\t\t\t\t<div class=\"sow-slide-nav sow-slide-nav-next\">\n\t\t\t\t\t<a href=\"#\" data-goto=\"next\" aria-label=\"Next slide\" data-action=\"next\">\n\t\t\t\t\t\t<em class=\"sow-sld-icon-thin-right\"><\/em>\n\t\t\t\t\t<\/a>\n\t\t\t\t<\/div>\n\n\t\t\t\t<div class=\"sow-slide-nav sow-slide-nav-prev\">\n\t\t\t\t\t<a href=\"#\" data-goto=\"previous\" aria-label=\"Previous slide\" data-action=\"prev\">\n\t\t\t\t\t\t<em class=\"sow-sld-icon-thin-left\"><\/em>\n\t\t\t\t\t<\/a>\n\t\t\t\t<\/div>\n\t\t\t\t<\/div><\/div><\/div><div id=\"panel-127-54-2-12\" class=\"so-panel widget widget_sow-slider\" data-index=\"69\" ><div\n\t\t\t\n\t\t\tclass=\"so-widget-sow-slider so-widget-sow-slider-default-6d39609536fd-127\"\n\t\t\t\n\t\t>\t\t\t\t<div class=\"sow-slider-base\" style=\"display: none\" tabindex=\"0\">\n\t\t\t\t\t<ul\n\t\t\t\t\tclass=\"sow-slider-images\"\n\t\t\t\t\tdata-settings=\"{&quot;pagination&quot;:true,&quot;speed&quot;:800,&quot;timeout&quot;:8000,&quot;paused&quot;:false,&quot;pause_on_hover&quot;:false,&quot;swipe&quot;:true,&quot;nav_always_show_desktop&quot;:&quot;&quot;,&quot;nav_always_show_mobile&quot;:&quot;&quot;,&quot;breakpoint&quot;:&quot;780px&quot;,&quot;unmute&quot;:false,&quot;anchor&quot;:null}\"\n\t\t\t\t\t\t\t\t\t\tdata-anchor-id=\"\"\n\t\t\t\t>\t\t<li class=\"sow-slider-image\" style=\"visibility: visible;\" >\n\t\t\t\t\t\t<img loading=\"lazy\" decoding=\"async\" width=\"1379\" height=\"1080\" src=\"https:\/\/asadep.fr\/wp-content\/uploads\/2017\/07\/Photo-Duo-Ricercare-modif.jpg\" class=\"sow-slider-background-image\" alt=\"\" style=\"\" srcset=\"https:\/\/asadep.fr\/wp-content\/uploads\/2017\/07\/Photo-Duo-Ricercare-modif.jpg 1379w, https:\/\/asadep.fr\/wp-content\/uploads\/2017\/07\/Photo-Duo-Ricercare-modif-300x235.jpg 300w, https:\/\/asadep.fr\/wp-content\/uploads\/2017\/07\/Photo-Duo-Ricercare-modif-768x601.jpg 768w, https:\/\/asadep.fr\/wp-content\/uploads\/2017\/07\/Photo-Duo-Ricercare-modif-1024x802.jpg 1024w, https:\/\/asadep.fr\/wp-content\/uploads\/2017\/07\/Photo-Duo-Ricercare-modif-102x80.jpg 102w\" sizes=\"auto, (max-width: 1379px) 100vw, 1379px\" \/>\t\t<\/li>\n\t\t<\/ul>\t\t\t\t<ol class=\"sow-slider-pagination\">\n\t\t\t\t\t\t\t\t\t\t\t<li><a href=\"#\" data-goto=\"0\" aria-label=\"Display slide 1\"><\/a><\/li>\n\t\t\t\t\t\t\t\t\t<\/ol>\n\n\t\t\t\t<div class=\"sow-slide-nav sow-slide-nav-next\">\n\t\t\t\t\t<a href=\"#\" data-goto=\"next\" aria-label=\"Next slide\" data-action=\"next\">\n\t\t\t\t\t\t<em class=\"sow-sld-icon-thin-right\"><\/em>\n\t\t\t\t\t<\/a>\n\t\t\t\t<\/div>\n\n\t\t\t\t<div class=\"sow-slide-nav sow-slide-nav-prev\">\n\t\t\t\t\t<a href=\"#\" data-goto=\"previous\" aria-label=\"Previous slide\" data-action=\"prev\">\n\t\t\t\t\t\t<em class=\"sow-sld-icon-thin-left\"><\/em>\n\t\t\t\t\t<\/a>\n\t\t\t\t<\/div>\n\t\t\t\t<\/div><\/div><\/div><div id=\"panel-127-54-2-13\" class=\"so-panel widget widget_sow-slider\" data-index=\"70\" ><div\n\t\t\t\n\t\t\tclass=\"so-widget-sow-slider so-widget-sow-slider-default-6d39609536fd-127\"\n\t\t\t\n\t\t>\t\t\t\t<div class=\"sow-slider-base\" style=\"display: none\" tabindex=\"0\">\n\t\t\t\t\t<ul\n\t\t\t\t\tclass=\"sow-slider-images\"\n\t\t\t\t\tdata-settings=\"{&quot;pagination&quot;:true,&quot;speed&quot;:800,&quot;timeout&quot;:8000,&quot;paused&quot;:false,&quot;pause_on_hover&quot;:false,&quot;swipe&quot;:true,&quot;nav_always_show_desktop&quot;:&quot;&quot;,&quot;nav_always_show_mobile&quot;:&quot;&quot;,&quot;breakpoint&quot;:&quot;780px&quot;,&quot;unmute&quot;:false,&quot;anchor&quot;:null}\"\n\t\t\t\t\t\t\t\t\t\tdata-anchor-id=\"\"\n\t\t\t\t>\t\t<li class=\"sow-slider-image\" style=\"visibility: visible;\" >\n\t\t\t\t\t\t<img loading=\"lazy\" decoding=\"async\" width=\"1439\" height=\"1080\" src=\"https:\/\/asadep.fr\/wp-content\/uploads\/2017\/07\/IMG_0492b.jpg\" class=\"sow-slider-background-image\" alt=\"\" style=\"\" srcset=\"https:\/\/asadep.fr\/wp-content\/uploads\/2017\/07\/IMG_0492b.jpg 1439w, https:\/\/asadep.fr\/wp-content\/uploads\/2017\/07\/IMG_0492b-300x225.jpg 300w, https:\/\/asadep.fr\/wp-content\/uploads\/2017\/07\/IMG_0492b-768x576.jpg 768w, https:\/\/asadep.fr\/wp-content\/uploads\/2017\/07\/IMG_0492b-1024x769.jpg 1024w, https:\/\/asadep.fr\/wp-content\/uploads\/2017\/07\/IMG_0492b-107x80.jpg 107w\" sizes=\"auto, (max-width: 1439px) 100vw, 1439px\" \/>\t\t<\/li>\n\t\t<\/ul>\t\t\t\t<ol class=\"sow-slider-pagination\">\n\t\t\t\t\t\t\t\t\t\t\t<li><a href=\"#\" data-goto=\"0\" aria-label=\"Display slide 1\"><\/a><\/li>\n\t\t\t\t\t\t\t\t\t<\/ol>\n\n\t\t\t\t<div class=\"sow-slide-nav sow-slide-nav-next\">\n\t\t\t\t\t<a href=\"#\" data-goto=\"next\" aria-label=\"Next slide\" data-action=\"next\">\n\t\t\t\t\t\t<em class=\"sow-sld-icon-thin-right\"><\/em>\n\t\t\t\t\t<\/a>\n\t\t\t\t<\/div>\n\n\t\t\t\t<div class=\"sow-slide-nav sow-slide-nav-prev\">\n\t\t\t\t\t<a href=\"#\" data-goto=\"previous\" aria-label=\"Previous slide\" data-action=\"prev\">\n\t\t\t\t\t\t<em class=\"sow-sld-icon-thin-left\"><\/em>\n\t\t\t\t\t<\/a>\n\t\t\t\t<\/div>\n\t\t\t\t<\/div><\/div><\/div><div id=\"panel-127-54-2-14\" class=\"so-panel widget widget_sow-slider\" data-index=\"71\" ><div\n\t\t\t\n\t\t\tclass=\"so-widget-sow-slider so-widget-sow-slider-default-6d39609536fd-127\"\n\t\t\t\n\t\t>\t\t\t\t<div class=\"sow-slider-base\" style=\"display: none\" tabindex=\"0\">\n\t\t\t\t\t<ul\n\t\t\t\t\tclass=\"sow-slider-images\"\n\t\t\t\t\tdata-settings=\"{&quot;pagination&quot;:true,&quot;speed&quot;:800,&quot;timeout&quot;:8000,&quot;paused&quot;:false,&quot;pause_on_hover&quot;:false,&quot;swipe&quot;:true,&quot;nav_always_show_desktop&quot;:&quot;&quot;,&quot;nav_always_show_mobile&quot;:&quot;&quot;,&quot;breakpoint&quot;:&quot;780px&quot;,&quot;unmute&quot;:false,&quot;anchor&quot;:null}\"\n\t\t\t\t\t\t\t\t\t\tdata-anchor-id=\"\"\n\t\t\t\t>\t\t<li class=\"sow-slider-image\" style=\"visibility: visible;\" >\n\t\t\t\t\t\t<img loading=\"lazy\" decoding=\"async\" width=\"1440\" height=\"1080\" src=\"https:\/\/asadep.fr\/wp-content\/uploads\/2017\/07\/P1030810.jpg\" class=\"sow-slider-background-image\" alt=\"\" style=\"\" srcset=\"https:\/\/asadep.fr\/wp-content\/uploads\/2017\/07\/P1030810.jpg 1440w, https:\/\/asadep.fr\/wp-content\/uploads\/2017\/07\/P1030810-300x225.jpg 300w, https:\/\/asadep.fr\/wp-content\/uploads\/2017\/07\/P1030810-768x576.jpg 768w, https:\/\/asadep.fr\/wp-content\/uploads\/2017\/07\/P1030810-1024x768.jpg 1024w, https:\/\/asadep.fr\/wp-content\/uploads\/2017\/07\/P1030810-107x80.jpg 107w\" sizes=\"auto, (max-width: 1440px) 100vw, 1440px\" \/>\t\t<\/li>\n\t\t<\/ul>\t\t\t\t<ol class=\"sow-slider-pagination\">\n\t\t\t\t\t\t\t\t\t\t\t<li><a href=\"#\" data-goto=\"0\" aria-label=\"Display slide 1\"><\/a><\/li>\n\t\t\t\t\t\t\t\t\t<\/ol>\n\n\t\t\t\t<div class=\"sow-slide-nav sow-slide-nav-next\">\n\t\t\t\t\t<a href=\"#\" data-goto=\"next\" aria-label=\"Next slide\" data-action=\"next\">\n\t\t\t\t\t\t<em class=\"sow-sld-icon-thin-right\"><\/em>\n\t\t\t\t\t<\/a>\n\t\t\t\t<\/div>\n\n\t\t\t\t<div class=\"sow-slide-nav sow-slide-nav-prev\">\n\t\t\t\t\t<a href=\"#\" data-goto=\"previous\" aria-label=\"Previous slide\" data-action=\"prev\">\n\t\t\t\t\t\t<em class=\"sow-sld-icon-thin-left\"><\/em>\n\t\t\t\t\t<\/a>\n\t\t\t\t<\/div>\n\t\t\t\t<\/div><\/div><\/div><div id=\"panel-127-54-2-15\" class=\"so-panel widget widget_sow-slider\" data-index=\"72\" ><div\n\t\t\t\n\t\t\tclass=\"so-widget-sow-slider so-widget-sow-slider-default-6d39609536fd-127\"\n\t\t\t\n\t\t>\t\t\t\t<div class=\"sow-slider-base\" style=\"display: none\" tabindex=\"0\">\n\t\t\t\t\t<ul\n\t\t\t\t\tclass=\"sow-slider-images\"\n\t\t\t\t\tdata-settings=\"{&quot;pagination&quot;:true,&quot;speed&quot;:800,&quot;timeout&quot;:8000,&quot;paused&quot;:false,&quot;pause_on_hover&quot;:false,&quot;swipe&quot;:true,&quot;nav_always_show_desktop&quot;:&quot;&quot;,&quot;nav_always_show_mobile&quot;:&quot;&quot;,&quot;breakpoint&quot;:&quot;780px&quot;,&quot;unmute&quot;:false,&quot;anchor&quot;:null}\"\n\t\t\t\t\t\t\t\t\t\tdata-anchor-id=\"\"\n\t\t\t\t>\t\t<li class=\"sow-slider-image\" style=\"visibility: visible;\" >\n\t\t\t\t\t\t<img loading=\"lazy\" decoding=\"async\" width=\"1539\" height=\"1080\" src=\"https:\/\/asadep.fr\/wp-content\/uploads\/2017\/07\/IMG_0949b.jpg\" class=\"sow-slider-background-image\" alt=\"\" style=\"\" srcset=\"https:\/\/asadep.fr\/wp-content\/uploads\/2017\/07\/IMG_0949b.jpg 1539w, https:\/\/asadep.fr\/wp-content\/uploads\/2017\/07\/IMG_0949b-300x211.jpg 300w, https:\/\/asadep.fr\/wp-content\/uploads\/2017\/07\/IMG_0949b-768x539.jpg 768w, https:\/\/asadep.fr\/wp-content\/uploads\/2017\/07\/IMG_0949b-1024x719.jpg 1024w, https:\/\/asadep.fr\/wp-content\/uploads\/2017\/07\/IMG_0949b-114x80.jpg 114w\" sizes=\"auto, (max-width: 1539px) 100vw, 1539px\" \/>\t\t<\/li>\n\t\t<\/ul>\t\t\t\t<ol class=\"sow-slider-pagination\">\n\t\t\t\t\t\t\t\t\t\t\t<li><a href=\"#\" data-goto=\"0\" aria-label=\"Display slide 1\"><\/a><\/li>\n\t\t\t\t\t\t\t\t\t<\/ol>\n\n\t\t\t\t<div class=\"sow-slide-nav sow-slide-nav-next\">\n\t\t\t\t\t<a href=\"#\" data-goto=\"next\" aria-label=\"Next slide\" data-action=\"next\">\n\t\t\t\t\t\t<em class=\"sow-sld-icon-thin-right\"><\/em>\n\t\t\t\t\t<\/a>\n\t\t\t\t<\/div>\n\n\t\t\t\t<div class=\"sow-slide-nav sow-slide-nav-prev\">\n\t\t\t\t\t<a href=\"#\" data-goto=\"previous\" aria-label=\"Previous slide\" data-action=\"prev\">\n\t\t\t\t\t\t<em class=\"sow-sld-icon-thin-left\"><\/em>\n\t\t\t\t\t<\/a>\n\t\t\t\t<\/div>\n\t\t\t\t<\/div><\/div><\/div><div id=\"panel-127-54-2-16\" class=\"so-panel widget widget_sow-slider\" data-index=\"73\" ><div\n\t\t\t\n\t\t\tclass=\"so-widget-sow-slider so-widget-sow-slider-default-6d39609536fd-127\"\n\t\t\t\n\t\t>\t\t\t\t<div class=\"sow-slider-base\" style=\"display: none\" tabindex=\"0\">\n\t\t\t\t\t<ul\n\t\t\t\t\tclass=\"sow-slider-images\"\n\t\t\t\t\tdata-settings=\"{&quot;pagination&quot;:true,&quot;speed&quot;:800,&quot;timeout&quot;:8000,&quot;paused&quot;:false,&quot;pause_on_hover&quot;:false,&quot;swipe&quot;:true,&quot;nav_always_show_desktop&quot;:&quot;&quot;,&quot;nav_always_show_mobile&quot;:&quot;&quot;,&quot;breakpoint&quot;:&quot;780px&quot;,&quot;unmute&quot;:false,&quot;anchor&quot;:null}\"\n\t\t\t\t\t\t\t\t\t\tdata-anchor-id=\"\"\n\t\t\t\t>\t\t<li class=\"sow-slider-image\" style=\"visibility: visible;\" >\n\t\t\t\t\t\t<img loading=\"lazy\" decoding=\"async\" width=\"1511\" height=\"1080\" src=\"https:\/\/asadep.fr\/wp-content\/uploads\/2017\/07\/IMG_0944b.jpg\" class=\"sow-slider-background-image\" alt=\"\" style=\"\" srcset=\"https:\/\/asadep.fr\/wp-content\/uploads\/2017\/07\/IMG_0944b.jpg 1511w, https:\/\/asadep.fr\/wp-content\/uploads\/2017\/07\/IMG_0944b-300x214.jpg 300w, https:\/\/asadep.fr\/wp-content\/uploads\/2017\/07\/IMG_0944b-768x549.jpg 768w, https:\/\/asadep.fr\/wp-content\/uploads\/2017\/07\/IMG_0944b-1024x732.jpg 1024w, https:\/\/asadep.fr\/wp-content\/uploads\/2017\/07\/IMG_0944b-112x80.jpg 112w\" sizes=\"auto, (max-width: 1511px) 100vw, 1511px\" \/>\t\t<\/li>\n\t\t<\/ul>\t\t\t\t<ol class=\"sow-slider-pagination\">\n\t\t\t\t\t\t\t\t\t\t\t<li><a href=\"#\" data-goto=\"0\" aria-label=\"Display slide 1\"><\/a><\/li>\n\t\t\t\t\t\t\t\t\t<\/ol>\n\n\t\t\t\t<div class=\"sow-slide-nav sow-slide-nav-next\">\n\t\t\t\t\t<a href=\"#\" data-goto=\"next\" aria-label=\"Next slide\" data-action=\"next\">\n\t\t\t\t\t\t<em class=\"sow-sld-icon-thin-right\"><\/em>\n\t\t\t\t\t<\/a>\n\t\t\t\t<\/div>\n\n\t\t\t\t<div class=\"sow-slide-nav sow-slide-nav-prev\">\n\t\t\t\t\t<a href=\"#\" data-goto=\"previous\" aria-label=\"Previous slide\" data-action=\"prev\">\n\t\t\t\t\t\t<em class=\"sow-sld-icon-thin-left\"><\/em>\n\t\t\t\t\t<\/a>\n\t\t\t\t<\/div>\n\t\t\t\t<\/div><\/div><\/div><div id=\"panel-127-54-2-17\" class=\"so-panel widget widget_sow-slider\" data-index=\"74\" ><div\n\t\t\t\n\t\t\tclass=\"so-widget-sow-slider so-widget-sow-slider-default-6d39609536fd-127\"\n\t\t\t\n\t\t>\t\t\t\t<div class=\"sow-slider-base\" style=\"display: none\" tabindex=\"0\">\n\t\t\t\t\t<ul\n\t\t\t\t\tclass=\"sow-slider-images\"\n\t\t\t\t\tdata-settings=\"{&quot;pagination&quot;:true,&quot;speed&quot;:800,&quot;timeout&quot;:8000,&quot;paused&quot;:false,&quot;pause_on_hover&quot;:false,&quot;swipe&quot;:true,&quot;nav_always_show_desktop&quot;:&quot;&quot;,&quot;nav_always_show_mobile&quot;:&quot;&quot;,&quot;breakpoint&quot;:&quot;780px&quot;,&quot;unmute&quot;:false,&quot;anchor&quot;:null}\"\n\t\t\t\t\t\t\t\t\t\tdata-anchor-id=\"\"\n\t\t\t\t>\t\t<li class=\"sow-slider-image\" style=\"visibility: visible;\" >\n\t\t\t\t\t\t<img loading=\"lazy\" decoding=\"async\" width=\"1624\" height=\"1080\" src=\"https:\/\/asadep.fr\/wp-content\/uploads\/2017\/07\/IMG_0954b.jpg\" class=\"sow-slider-background-image\" alt=\"\" style=\"\" srcset=\"https:\/\/asadep.fr\/wp-content\/uploads\/2017\/07\/IMG_0954b.jpg 1624w, https:\/\/asadep.fr\/wp-content\/uploads\/2017\/07\/IMG_0954b-300x200.jpg 300w, https:\/\/asadep.fr\/wp-content\/uploads\/2017\/07\/IMG_0954b-768x511.jpg 768w, https:\/\/asadep.fr\/wp-content\/uploads\/2017\/07\/IMG_0954b-1024x681.jpg 1024w, https:\/\/asadep.fr\/wp-content\/uploads\/2017\/07\/IMG_0954b-120x80.jpg 120w, https:\/\/asadep.fr\/wp-content\/uploads\/2017\/07\/IMG_0954b-272x182.jpg 272w\" sizes=\"auto, (max-width: 1624px) 100vw, 1624px\" \/>\t\t<\/li>\n\t\t<\/ul>\t\t\t\t<ol class=\"sow-slider-pagination\">\n\t\t\t\t\t\t\t\t\t\t\t<li><a href=\"#\" data-goto=\"0\" aria-label=\"Display slide 1\"><\/a><\/li>\n\t\t\t\t\t\t\t\t\t<\/ol>\n\n\t\t\t\t<div class=\"sow-slide-nav sow-slide-nav-next\">\n\t\t\t\t\t<a href=\"#\" data-goto=\"next\" aria-label=\"Next slide\" data-action=\"next\">\n\t\t\t\t\t\t<em class=\"sow-sld-icon-thin-right\"><\/em>\n\t\t\t\t\t<\/a>\n\t\t\t\t<\/div>\n\n\t\t\t\t<div class=\"sow-slide-nav sow-slide-nav-prev\">\n\t\t\t\t\t<a href=\"#\" data-goto=\"previous\" aria-label=\"Previous slide\" data-action=\"prev\">\n\t\t\t\t\t\t<em class=\"sow-sld-icon-thin-left\"><\/em>\n\t\t\t\t\t<\/a>\n\t\t\t\t<\/div>\n\t\t\t\t<\/div><\/div><\/div><div id=\"panel-127-54-2-18\" class=\"so-panel widget widget_sow-slider\" data-index=\"75\" ><div\n\t\t\t\n\t\t\tclass=\"so-widget-sow-slider so-widget-sow-slider-default-6d39609536fd-127\"\n\t\t\t\n\t\t>\t\t\t\t<div class=\"sow-slider-base\" style=\"display: none\" tabindex=\"0\">\n\t\t\t\t\t<ul\n\t\t\t\t\tclass=\"sow-slider-images\"\n\t\t\t\t\tdata-settings=\"{&quot;pagination&quot;:true,&quot;speed&quot;:800,&quot;timeout&quot;:8000,&quot;paused&quot;:false,&quot;pause_on_hover&quot;:false,&quot;swipe&quot;:true,&quot;nav_always_show_desktop&quot;:&quot;&quot;,&quot;nav_always_show_mobile&quot;:&quot;&quot;,&quot;breakpoint&quot;:&quot;780px&quot;,&quot;unmute&quot;:false,&quot;anchor&quot;:null}\"\n\t\t\t\t\t\t\t\t\t\tdata-anchor-id=\"\"\n\t\t\t\t>\t\t<li class=\"sow-slider-image\" style=\"visibility: visible;\" >\n\t\t\t\t\t\t<img loading=\"lazy\" decoding=\"async\" width=\"1440\" height=\"1080\" src=\"https:\/\/asadep.fr\/wp-content\/uploads\/2017\/07\/P1020208.jpg\" class=\"sow-slider-background-image\" alt=\"\" style=\"\" srcset=\"https:\/\/asadep.fr\/wp-content\/uploads\/2017\/07\/P1020208.jpg 1440w, https:\/\/asadep.fr\/wp-content\/uploads\/2017\/07\/P1020208-300x225.jpg 300w, https:\/\/asadep.fr\/wp-content\/uploads\/2017\/07\/P1020208-768x576.jpg 768w, https:\/\/asadep.fr\/wp-content\/uploads\/2017\/07\/P1020208-1024x768.jpg 1024w, https:\/\/asadep.fr\/wp-content\/uploads\/2017\/07\/P1020208-107x80.jpg 107w\" sizes=\"auto, (max-width: 1440px) 100vw, 1440px\" \/>\t\t<\/li>\n\t\t<\/ul>\t\t\t\t<ol class=\"sow-slider-pagination\">\n\t\t\t\t\t\t\t\t\t\t\t<li><a href=\"#\" data-goto=\"0\" aria-label=\"Display slide 1\"><\/a><\/li>\n\t\t\t\t\t\t\t\t\t<\/ol>\n\n\t\t\t\t<div class=\"sow-slide-nav sow-slide-nav-next\">\n\t\t\t\t\t<a href=\"#\" data-goto=\"next\" aria-label=\"Next slide\" data-action=\"next\">\n\t\t\t\t\t\t<em class=\"sow-sld-icon-thin-right\"><\/em>\n\t\t\t\t\t<\/a>\n\t\t\t\t<\/div>\n\n\t\t\t\t<div class=\"sow-slide-nav sow-slide-nav-prev\">\n\t\t\t\t\t<a href=\"#\" data-goto=\"previous\" aria-label=\"Previous slide\" data-action=\"prev\">\n\t\t\t\t\t\t<em class=\"sow-sld-icon-thin-left\"><\/em>\n\t\t\t\t\t<\/a>\n\t\t\t\t<\/div>\n\t\t\t\t<\/div><\/div><\/div><div id=\"panel-127-54-2-19\" class=\"so-panel widget widget_sow-slider\" data-index=\"76\" ><div\n\t\t\t\n\t\t\tclass=\"so-widget-sow-slider so-widget-sow-slider-default-6d39609536fd-127\"\n\t\t\t\n\t\t>\t\t\t\t<div class=\"sow-slider-base\" style=\"display: none\" tabindex=\"0\">\n\t\t\t\t\t<ul\n\t\t\t\t\tclass=\"sow-slider-images\"\n\t\t\t\t\tdata-settings=\"{&quot;pagination&quot;:true,&quot;speed&quot;:800,&quot;timeout&quot;:8000,&quot;paused&quot;:false,&quot;pause_on_hover&quot;:false,&quot;swipe&quot;:true,&quot;nav_always_show_desktop&quot;:&quot;&quot;,&quot;nav_always_show_mobile&quot;:&quot;&quot;,&quot;breakpoint&quot;:&quot;780px&quot;,&quot;unmute&quot;:false,&quot;anchor&quot;:null}\"\n\t\t\t\t\t\t\t\t\t\tdata-anchor-id=\"\"\n\t\t\t\t>\t\t<li class=\"sow-slider-image\" style=\"visibility: visible;\" >\n\t\t\t\t\t\t<img loading=\"lazy\" decoding=\"async\" width=\"2040\" height=\"1728\" src=\"https:\/\/asadep.fr\/wp-content\/uploads\/2017\/07\/Horizons-Santeny.jpg\" class=\"sow-slider-background-image\" alt=\"\" style=\"\" srcset=\"https:\/\/asadep.fr\/wp-content\/uploads\/2017\/07\/Horizons-Santeny.jpg 2040w, https:\/\/asadep.fr\/wp-content\/uploads\/2017\/07\/Horizons-Santeny-300x254.jpg 300w, https:\/\/asadep.fr\/wp-content\/uploads\/2017\/07\/Horizons-Santeny-768x651.jpg 768w, https:\/\/asadep.fr\/wp-content\/uploads\/2017\/07\/Horizons-Santeny-1024x867.jpg 1024w, https:\/\/asadep.fr\/wp-content\/uploads\/2017\/07\/Horizons-Santeny-94x80.jpg 94w\" sizes=\"auto, (max-width: 2040px) 100vw, 2040px\" \/>\t\t<\/li>\n\t\t<\/ul>\t\t\t\t<ol class=\"sow-slider-pagination\">\n\t\t\t\t\t\t\t\t\t\t\t<li><a href=\"#\" data-goto=\"0\" aria-label=\"Display slide 1\"><\/a><\/li>\n\t\t\t\t\t\t\t\t\t<\/ol>\n\n\t\t\t\t<div class=\"sow-slide-nav sow-slide-nav-next\">\n\t\t\t\t\t<a href=\"#\" data-goto=\"next\" aria-label=\"Next slide\" data-action=\"next\">\n\t\t\t\t\t\t<em class=\"sow-sld-icon-thin-right\"><\/em>\n\t\t\t\t\t<\/a>\n\t\t\t\t<\/div>\n\n\t\t\t\t<div class=\"sow-slide-nav sow-slide-nav-prev\">\n\t\t\t\t\t<a href=\"#\" data-goto=\"previous\" aria-label=\"Previous slide\" data-action=\"prev\">\n\t\t\t\t\t\t<em class=\"sow-sld-icon-thin-left\"><\/em>\n\t\t\t\t\t<\/a>\n\t\t\t\t<\/div>\n\t\t\t\t<\/div><\/div><\/div><div id=\"panel-127-54-2-20\" class=\"so-panel widget widget_sow-slider\" data-index=\"77\" ><div\n\t\t\t\n\t\t\tclass=\"so-widget-sow-slider so-widget-sow-slider-default-6d39609536fd-127\"\n\t\t\t\n\t\t>\t\t\t\t<div class=\"sow-slider-base\" style=\"display: none\" tabindex=\"0\">\n\t\t\t\t\t<ul\n\t\t\t\t\tclass=\"sow-slider-images\"\n\t\t\t\t\tdata-settings=\"{&quot;pagination&quot;:true,&quot;speed&quot;:800,&quot;timeout&quot;:8000,&quot;paused&quot;:false,&quot;pause_on_hover&quot;:false,&quot;swipe&quot;:true,&quot;nav_always_show_desktop&quot;:&quot;&quot;,&quot;nav_always_show_mobile&quot;:&quot;&quot;,&quot;breakpoint&quot;:&quot;780px&quot;,&quot;unmute&quot;:false,&quot;anchor&quot;:null}\"\n\t\t\t\t\t\t\t\t\t\tdata-anchor-id=\"\"\n\t\t\t\t>\t\t<li class=\"sow-slider-image\" style=\"visibility: visible;\" >\n\t\t\t\t\t\t<img loading=\"lazy\" decoding=\"async\" width=\"1440\" height=\"1080\" src=\"https:\/\/asadep.fr\/wp-content\/uploads\/2017\/07\/24-06-06-FEU-de-la-St-jEAN-9.jpg\" class=\"sow-slider-background-image\" alt=\"\" style=\"\" srcset=\"https:\/\/asadep.fr\/wp-content\/uploads\/2017\/07\/24-06-06-FEU-de-la-St-jEAN-9.jpg 1440w, https:\/\/asadep.fr\/wp-content\/uploads\/2017\/07\/24-06-06-FEU-de-la-St-jEAN-9-300x225.jpg 300w, https:\/\/asadep.fr\/wp-content\/uploads\/2017\/07\/24-06-06-FEU-de-la-St-jEAN-9-768x576.jpg 768w, https:\/\/asadep.fr\/wp-content\/uploads\/2017\/07\/24-06-06-FEU-de-la-St-jEAN-9-1024x768.jpg 1024w, https:\/\/asadep.fr\/wp-content\/uploads\/2017\/07\/24-06-06-FEU-de-la-St-jEAN-9-107x80.jpg 107w\" sizes=\"auto, (max-width: 1440px) 100vw, 1440px\" \/>\t\t<\/li>\n\t\t<\/ul>\t\t\t\t<ol class=\"sow-slider-pagination\">\n\t\t\t\t\t\t\t\t\t\t\t<li><a href=\"#\" data-goto=\"0\" aria-label=\"Display slide 1\"><\/a><\/li>\n\t\t\t\t\t\t\t\t\t<\/ol>\n\n\t\t\t\t<div class=\"sow-slide-nav sow-slide-nav-next\">\n\t\t\t\t\t<a href=\"#\" data-goto=\"next\" aria-label=\"Next slide\" data-action=\"next\">\n\t\t\t\t\t\t<em class=\"sow-sld-icon-thin-right\"><\/em>\n\t\t\t\t\t<\/a>\n\t\t\t\t<\/div>\n\n\t\t\t\t<div class=\"sow-slide-nav sow-slide-nav-prev\">\n\t\t\t\t\t<a href=\"#\" data-goto=\"previous\" aria-label=\"Previous slide\" data-action=\"prev\">\n\t\t\t\t\t\t<em class=\"sow-sld-icon-thin-left\"><\/em>\n\t\t\t\t\t<\/a>\n\t\t\t\t<\/div>\n\t\t\t\t<\/div><\/div><\/div><div id=\"panel-127-54-2-21\" class=\"so-panel widget widget_sow-slider\" data-index=\"78\" ><div\n\t\t\t\n\t\t\tclass=\"so-widget-sow-slider so-widget-sow-slider-default-6d39609536fd-127\"\n\t\t\t\n\t\t>\t\t\t\t<div class=\"sow-slider-base\" style=\"display: none\" tabindex=\"0\">\n\t\t\t\t\t<ul\n\t\t\t\t\tclass=\"sow-slider-images\"\n\t\t\t\t\tdata-settings=\"{&quot;pagination&quot;:true,&quot;speed&quot;:800,&quot;timeout&quot;:8000,&quot;paused&quot;:false,&quot;pause_on_hover&quot;:false,&quot;swipe&quot;:true,&quot;nav_always_show_desktop&quot;:&quot;&quot;,&quot;nav_always_show_mobile&quot;:&quot;&quot;,&quot;breakpoint&quot;:&quot;780px&quot;,&quot;unmute&quot;:false,&quot;anchor&quot;:null}\"\n\t\t\t\t\t\t\t\t\t\tdata-anchor-id=\"\"\n\t\t\t\t>\t\t<li class=\"sow-slider-image\" style=\"visibility: visible;\" >\n\t\t\t\t\t\t<img loading=\"lazy\" decoding=\"async\" width=\"1440\" height=\"1080\" src=\"https:\/\/asadep.fr\/wp-content\/uploads\/2017\/07\/24-06-06-FEU-de-la-St-jEAN-3.jpg\" class=\"sow-slider-background-image\" alt=\"\" style=\"\" srcset=\"https:\/\/asadep.fr\/wp-content\/uploads\/2017\/07\/24-06-06-FEU-de-la-St-jEAN-3.jpg 1440w, https:\/\/asadep.fr\/wp-content\/uploads\/2017\/07\/24-06-06-FEU-de-la-St-jEAN-3-300x225.jpg 300w, https:\/\/asadep.fr\/wp-content\/uploads\/2017\/07\/24-06-06-FEU-de-la-St-jEAN-3-768x576.jpg 768w, https:\/\/asadep.fr\/wp-content\/uploads\/2017\/07\/24-06-06-FEU-de-la-St-jEAN-3-1024x768.jpg 1024w, https:\/\/asadep.fr\/wp-content\/uploads\/2017\/07\/24-06-06-FEU-de-la-St-jEAN-3-107x80.jpg 107w\" sizes=\"auto, (max-width: 1440px) 100vw, 1440px\" \/>\t\t<\/li>\n\t\t<\/ul>\t\t\t\t<ol class=\"sow-slider-pagination\">\n\t\t\t\t\t\t\t\t\t\t\t<li><a href=\"#\" data-goto=\"0\" aria-label=\"Display slide 1\"><\/a><\/li>\n\t\t\t\t\t\t\t\t\t<\/ol>\n\n\t\t\t\t<div class=\"sow-slide-nav sow-slide-nav-next\">\n\t\t\t\t\t<a href=\"#\" data-goto=\"next\" aria-label=\"Next slide\" data-action=\"next\">\n\t\t\t\t\t\t<em class=\"sow-sld-icon-thin-right\"><\/em>\n\t\t\t\t\t<\/a>\n\t\t\t\t<\/div>\n\n\t\t\t\t<div class=\"sow-slide-nav sow-slide-nav-prev\">\n\t\t\t\t\t<a href=\"#\" data-goto=\"previous\" aria-label=\"Previous slide\" data-action=\"prev\">\n\t\t\t\t\t\t<em class=\"sow-sld-icon-thin-left\"><\/em>\n\t\t\t\t\t<\/a>\n\t\t\t\t<\/div>\n\t\t\t\t<\/div><\/div><\/div><div id=\"panel-127-54-2-22\" class=\"so-panel widget widget_sow-slider panel-last-child\" data-index=\"79\" ><div\n\t\t\t\n\t\t\tclass=\"so-widget-sow-slider so-widget-sow-slider-default-6d39609536fd-127\"\n\t\t\t\n\t\t>\t\t\t\t<div class=\"sow-slider-base\" style=\"display: none\" tabindex=\"0\">\n\t\t\t\t\t<ul\n\t\t\t\t\tclass=\"sow-slider-images\"\n\t\t\t\t\tdata-settings=\"{&quot;pagination&quot;:true,&quot;speed&quot;:800,&quot;timeout&quot;:8000,&quot;paused&quot;:false,&quot;pause_on_hover&quot;:false,&quot;swipe&quot;:true,&quot;nav_always_show_desktop&quot;:&quot;&quot;,&quot;nav_always_show_mobile&quot;:&quot;&quot;,&quot;breakpoint&quot;:&quot;780px&quot;,&quot;unmute&quot;:false,&quot;anchor&quot;:null}\"\n\t\t\t\t\t\t\t\t\t\tdata-anchor-id=\"\"\n\t\t\t\t>\t\t<li class=\"sow-slider-image\" style=\"visibility: visible;\" >\n\t\t\t\t\t\t<img loading=\"lazy\" decoding=\"async\" width=\"1440\" height=\"1080\" src=\"https:\/\/asadep.fr\/wp-content\/uploads\/2017\/07\/14-05-05EXPO-4.jpg\" class=\"sow-slider-background-image\" alt=\"\" style=\"\" srcset=\"https:\/\/asadep.fr\/wp-content\/uploads\/2017\/07\/14-05-05EXPO-4.jpg 1440w, https:\/\/asadep.fr\/wp-content\/uploads\/2017\/07\/14-05-05EXPO-4-300x225.jpg 300w, https:\/\/asadep.fr\/wp-content\/uploads\/2017\/07\/14-05-05EXPO-4-768x576.jpg 768w, https:\/\/asadep.fr\/wp-content\/uploads\/2017\/07\/14-05-05EXPO-4-1024x768.jpg 1024w, https:\/\/asadep.fr\/wp-content\/uploads\/2017\/07\/14-05-05EXPO-4-107x80.jpg 107w\" sizes=\"auto, (max-width: 1440px) 100vw, 1440px\" \/>\t\t<\/li>\n\t\t<\/ul>\t\t\t\t<ol class=\"sow-slider-pagination\">\n\t\t\t\t\t\t\t\t\t\t\t<li><a href=\"#\" data-goto=\"0\" aria-label=\"Display slide 1\"><\/a><\/li>\n\t\t\t\t\t\t\t\t\t<\/ol>\n\n\t\t\t\t<div class=\"sow-slide-nav sow-slide-nav-next\">\n\t\t\t\t\t<a href=\"#\" data-goto=\"next\" aria-label=\"Next slide\" data-action=\"next\">\n\t\t\t\t\t\t<em class=\"sow-sld-icon-thin-right\"><\/em>\n\t\t\t\t\t<\/a>\n\t\t\t\t<\/div>\n\n\t\t\t\t<div class=\"sow-slide-nav sow-slide-nav-prev\">\n\t\t\t\t\t<a href=\"#\" data-goto=\"previous\" aria-label=\"Previous slide\" data-action=\"prev\">\n\t\t\t\t\t\t<em class=\"sow-sld-icon-thin-left\"><\/em>\n\t\t\t\t\t<\/a>\n\t\t\t\t<\/div>\n\t\t\t\t<\/div><\/div><\/div><\/div><div id=\"pgc-127-54-3\"  class=\"panel-grid-cell panel-grid-cell-empty\" ><\/div><\/div><\/div>","protected":false},"excerpt":{"rendered":"<p>Nos activit\u00e9sCliquez ici pour consulter les articles de presse concernant l&rsquo;ASADEP. Consultez r\u00e9guli\u00e8rement ce site afin de vous tenir inform\u00e9s.Programme 2017<\/p>\n","protected":false},"author":2,"featured_media":0,"parent":0,"menu_order":0,"comment_status":"closed","ping_status":"closed","template":"template-builder.php","meta":{"footnotes":""},"class_list":["post-127","page","type-page","status-publish","hentry"],"_links":{"self":[{"href":"https:\/\/asadep.fr\/index.php\/wp-json\/wp\/v2\/pages\/127","targetHints":{"allow":["GET"]}}],"collection":[{"href":"https:\/\/asadep.fr\/index.php\/wp-json\/wp\/v2\/pages"}],"about":[{"href":"https:\/\/asadep.fr\/index.php\/wp-json\/wp\/v2\/types\/page"}],"author":[{"embeddable":true,"href":"https:\/\/asadep.fr\/index.php\/wp-json\/wp\/v2\/users\/2"}],"replies":[{"embeddable":true,"href":"https:\/\/asadep.fr\/index.php\/wp-json\/wp\/v2\/comments?post=127"}],"version-history":[{"count":85,"href":"https:\/\/asadep.fr\/index.php\/wp-json\/wp\/v2\/pages\/127\/revisions"}],"predecessor-version":[{"id":132,"href":"https:\/\/asadep.fr\/index.php\/wp-json\/wp\/v2\/pages\/127\/revisions\/132"}],"wp:attachment":[{"href":"https:\/\/asadep.fr\/index.php\/wp-json\/wp\/v2\/media?parent=127"}],"curies":[{"name":"wp","href":"https:\/\/api.w.org\/{rel}","templated":true}]}}