{"id":668,"date":"2017-07-24T16:51:19","date_gmt":"2017-07-24T14:51:19","guid":{"rendered":"http:\/\/asadepfrvn.cluster023.hosting.ovh.net\/?page_id=668"},"modified":"2017-07-24T17:27:57","modified_gmt":"2017-07-24T15:27:57","slug":"presse-html","status":"publish","type":"page","link":"https:\/\/asadep.fr\/index.php\/presse-html\/","title":{"rendered":"Presse"},"content":{"rendered":"<div id=\"pl-668\"  class=\"panel-layout\" ><div id=\"pg-668-0\"  class=\"panel-grid panel-no-style\" ><div id=\"pgc-668-0-0\"  class=\"panel-grid-cell panel-grid-cell-empty\" ><\/div><div id=\"pgc-668-0-1\"  class=\"panel-grid-cell panel-grid-cell-mobile-last\" ><div id=\"panel-668-0-1-0\" class=\"so-panel widget widget_sow-editor panel-first-child panel-last-child\" data-index=\"0\" ><div\n\t\t\t\n\t\t\tclass=\"so-widget-sow-editor so-widget-sow-editor-base\"\n\t\t\t\n\t\t>\n<div class=\"siteorigin-widget-tinymce textwidget\">\n\t<p style=\"text-align: center;\"><span class=\"titre\"><span class=\"\" style=\"display:block;clear:both;height: 0px;padding-top: 20px;border-top-width:0px;border-bottom-width:0px;\"><\/span>La presse en parle<span class=\"\" style=\"display:block;clear:both;height: 0px;padding-top: 20px;border-top-width:0px;border-bottom-width:0px;\"><\/span><\/span><\/p>\n<p style=\"text-align: justify;\"><span class=\"texte\">\"Les \u00e9l\u00e8ves regarderont les \u00e9glises autrement\"<br \/>\n3 juillet 2015 - Ouest France<br \/>\nVisualisez l'article au format PDF <a href=\"http:\/\/asadepfrvn.cluster023.hosting.ovh.net\/wp-content\/uploads\/2017\/07\/15-07-03-Ouest-France.pdf\" target=\"_blank\" rel=\"noopener\">ici<\/a><span class=\"\" style=\"display:block;clear:both;height: 0px;padding-top: 10px;border-top-width:0px;border-bottom-width:0px;\"><\/span><br \/>\n\"G\u00e9rard Redon reprend la pr\u00e9sidence\"<br \/>\n27 juin 2014 - Pays d'Auge<br \/>\nVisualisez l'article au format PDF <a href=\"http:\/\/asadepfrvn.cluster023.hosting.ovh.net\/wp-content\/uploads\/2017\/07\/14-06-27-Pays-dAuge.pdf\" target=\"_blank\" rel=\"noopener\">ici<\/a><span class=\"\" style=\"display:block;clear:both;height: 0px;padding-top: 10px;border-top-width:0px;border-bottom-width:0px;\"><\/span><br \/>\n\"L'\u00e9glise retrouve sa vocation\"<br \/>\n23 mai 2014 - Pays d'Auge<br \/>\nVisualisez l'article au format PDF <a href=\"http:\/\/asadepfrvn.cluster023.hosting.ovh.net\/wp-content\/uploads\/2017\/07\/14-05-23-PaysdAuge.pdf\" target=\"_blank\" rel=\"noopener\">ici<\/a><span class=\"\" style=\"display:block;clear:both;height: 0px;padding-top: 10px;border-top-width:0px;border-bottom-width:0px;\"><\/span><br \/>\n\"L'\u00e9glise a brill\u00e9 lors de l'op\u00e9ration Pierres en Lumi\u00e8res\"<br \/>\n22 mai 2014 - Ouest France<br \/>\nVisualisez l'article au format PDF <a href=\"http:\/\/asadepfrvn.cluster023.hosting.ovh.net\/wp-content\/uploads\/2017\/07\/14-05-22-Ouest-France.pdf\" target=\"_blank\" rel=\"noopener\">ici<\/a><span class=\"\" style=\"display:block;clear:both;height: 0px;padding-top: 10px;border-top-width:0px;border-bottom-width:0px;\"><\/span><br \/>\n\"120 personnes au concert au profit de l'\u00e9glise Saint-Andr\u00e9 d'H\u00e9bertot\"<br \/>\n24 novembre 2010 - Ouest France<br \/>\nVisualisez l'article au format PDF <a href=\"http:\/\/asadepfrvn.cluster023.hosting.ovh.net\/wp-content\/uploads\/2017\/07\/10-11-24-Ouest-France.pdf\" target=\"_blank\" rel=\"noopener\">ici<\/a><span class=\"\" style=\"display:block;clear:both;height: 0px;padding-top: 10px;border-top-width:0px;border-bottom-width:0px;\"><\/span><br \/>\n\"Charme et talent au service du jazz\"<br \/>\n16 novembre 2010 - Pays d'Auge<br \/>\nVisualisez l'article au format PDF <a href=\"http:\/\/asadepfrvn.cluster023.hosting.ovh.net\/wp-content\/uploads\/2017\/07\/10-11-16-Pays-dAuge.pdf\" target=\"_blank\" rel=\"noopener\">ici<\/a><span class=\"\" style=\"display:block;clear:both;height: 0px;padding-top: 10px;border-top-width:0px;border-bottom-width:0px;\"><\/span><br \/>\n\"Le Rachelle Plas quartet en concert ce samedi soir\"<br \/>\n6 novembre 2010 - Ouest France<br \/>\nVisualisez l'article au format PDF <a href=\"http:\/\/asadepfrvn.cluster023.hosting.ovh.net\/wp-content\/uploads\/2017\/07\/10-11-06-Rachelle-Plas-Quartet-Ouest-France.pdf\" target=\"_blank\" rel=\"noopener\">ici<\/a><span class=\"\" style=\"display:block;clear:both;height: 0px;padding-top: 10px;border-top-width:0px;border-bottom-width:0px;\"><\/span><br \/>\n\"A la d\u00e9couverte de Nicolas Louis Vauquelin\"<br \/>\n24 septembre 2010 - Pays d'Auge<br \/>\nVisualisez l'article au format PDF <a href=\"http:\/\/asadepfrvn.cluster023.hosting.ovh.net\/wp-content\/uploads\/2017\/07\/10-09-24-Pays-dAuge.pdf\" target=\"_blank\" rel=\"noopener\">ici<\/a><span class=\"\" style=\"display:block;clear:both;height: 0px;padding-top: 10px;border-top-width:0px;border-bottom-width:0px;\"><\/span><br \/>\n\"Nicolas Vauquelin \u00e0 l'honneur pour les Journ\u00e9es du Patrimoine\"<br \/>\n17 septembre 2010 - Ouest France<br \/>\nVisualisez l'article au format PDF <a href=\"http:\/\/asadepfrvn.cluster023.hosting.ovh.net\/wp-content\/uploads\/2017\/07\/10-09-17-Ouest-France.pdf\" target=\"_blank\" rel=\"noopener\">ici<\/a><span class=\"\" style=\"display:block;clear:both;height: 0px;padding-top: 10px;border-top-width:0px;border-bottom-width:0px;\"><\/span><br \/>\n\"Conf\u00e9rence et exposition: Une approche de l'Art Roman\"<br \/>\n14 septembre 2010 - Pays d'Auge<br \/>\nVisualisez l'article au format PDF <a href=\"http:\/\/asadepfrvn.cluster023.hosting.ovh.net\/wp-content\/uploads\/2017\/07\/10-09-14-Pays-dAuge.pdf\" target=\"_blank\" rel=\"noopener\">ici<\/a><span class=\"\" style=\"display:block;clear:both;height: 0px;padding-top: 10px;border-top-width:0px;border-bottom-width:0px;\"><\/span><br \/>\n\"Une conf\u00e9rence et une expositon pr\u00e9vues ce week end\"<br \/>\n10 septembre 2010 - Ouest France<br \/>\nVisualisez l'article au format PDF <a href=\"http:\/\/asadepfrvn.cluster023.hosting.ovh.net\/wp-content\/uploads\/2017\/07\/10-09-10-Ouest-France.pdf\" target=\"_blank\" rel=\"noopener\">ici<\/a><span class=\"\" style=\"display:block;clear:both;height: 0px;padding-top: 10px;border-top-width:0px;border-bottom-width:0px;\"><\/span><br \/>\n\"Bilan des actions de l'association en faveur de l'Eglise\"<br \/>\n16 f\u00e9vrier 2010 - Ouest France<br \/>\nVisualisez l'article au format PDF <a href=\"http:\/\/asadepfrvn.cluster023.hosting.ovh.net\/wp-content\/uploads\/2017\/07\/10-02-16-Ouest-France.pdf\" target=\"_blank\" rel=\"noopener\">ici<\/a><span class=\"\" style=\"display:block;clear:both;height: 0px;padding-top: 10px;border-top-width:0px;border-bottom-width:0px;\"><\/span><br \/>\n\"Les Four Mustangs pour le 5\u00e8me anniversaire\"<br \/>\n17 novembre 2009 - Pays d'Auge<br \/>\nVisualisez l'article au format PDF <a href=\"http:\/\/asadepfrvn.cluster023.hosting.ovh.net\/wp-content\/uploads\/2017\/07\/09-11-17-Pays-dAuge.pdf\" target=\"_blank\" rel=\"noopener\">ici<\/a><span class=\"\" style=\"display:block;clear:both;height: 0px;padding-top: 10px;border-top-width:0px;border-bottom-width:0px;\"><\/span><br \/>\n\"A la d\u00e9couverte du parc du ch\u00e2teau\"<br \/>\n25 septembre 2009 - Pays d'Auge<br \/>\nVisualisez l'article au format PDF <a href=\"http:\/\/asadepfrvn.cluster023.hosting.ovh.net\/wp-content\/uploads\/2017\/07\/09-09-25-Pays-dAuge.pdf\" target=\"_blank\" rel=\"noopener\">ici<\/a><span class=\"\" style=\"display:block;clear:both;height: 0px;padding-top: 10px;border-top-width:0px;border-bottom-width:0px;\"><\/span><br \/>\n\"Une association de passionn\u00e9s qui veut sauver son Eglise\"<br \/>\n25 septembre 2009 - Ouest France<br \/>\nVisualisez l'article au format PDF <a href=\"http:\/\/asadepfrvn.cluster023.hosting.ovh.net\/wp-content\/uploads\/2017\/07\/09-09-25-Ouest-France.pdf\" target=\"_blank\" rel=\"noopener\">ici<\/a> ou <a href=\"http:\/\/asadepfrvn.cluster023.hosting.ovh.net\/wp-content\/uploads\/2017\/07\/Ouest-France-09-09-25.pdf\" target=\"_blank\" rel=\"noopener\">ici<\/a><span class=\"\" style=\"display:block;clear:both;height: 0px;padding-top: 10px;border-top-width:0px;border-bottom-width:0px;\"><\/span><br \/>\n\"Le Trio Dintrich\"<br \/>\n22 septembre 2009 - L'Eveil<br \/>\nVisualisez l'article au format PDF <a href=\"http:\/\/asadepfrvn.cluster023.hosting.ovh.net\/wp-content\/uploads\/2017\/07\/09-09-22-LEveil.pdf\" target=\"_blank\" rel=\"noopener\">ici<\/a><span class=\"\" style=\"display:block;clear:both;height: 0px;padding-top: 10px;border-top-width:0px;border-bottom-width:0px;\"><\/span><br \/>\n\"Voyage intemporel en musique\"<br \/>\n26 juin 2009 - Pays d'Auge<br \/>\nVisualisez l'article au format PDF <a href=\"http:\/\/asadepfrvn.cluster023.hosting.ovh.net\/wp-content\/uploads\/2017\/07\/09-06-26-Pays-dAuge.pdf\" target=\"_blank\" rel=\"noopener\">ici<\/a><span class=\"\" style=\"display:block;clear:both;height: 0px;padding-top: 10px;border-top-width:0px;border-bottom-width:0px;\"><\/span><br \/>\n\"Associations et commune unies pour distraire les habitants\"<br \/>\n5 juin 2009 - Ouest France<br \/>\nVisualisez l'article au format PDF <a href=\"http:\/\/asadepfrvn.cluster023.hosting.ovh.net\/wp-content\/uploads\/2017\/07\/09-06-05-Ouest-France.pdf\" target=\"_blank\" rel=\"noopener\">ici<\/a><span class=\"\" style=\"display:block;clear:both;height: 0px;padding-top: 10px;border-top-width:0px;border-bottom-width:0px;\"><\/span><br \/>\n\"Les associations font bouger le village\"<br \/>\n29 mai 2009 - Pays d'Auge<br \/>\nVisualisez l'article au format PDF <a href=\"http:\/\/asadepfrvn.cluster023.hosting.ovh.net\/wp-content\/uploads\/2017\/07\/09-05-29-Pays-dAuge.pdf\" target=\"_blank\" rel=\"noopener\">ici<\/a><span class=\"\" style=\"display:block;clear:both;height: 0px;padding-top: 10px;border-top-width:0px;border-bottom-width:0px;\"><\/span><br \/>\n\"Les enfants visitent l'Eglise\"<br \/>\n1er mai 2009 - Pays d'Auge<br \/>\nVisualisez l'article au format PDF <a href=\"http:\/\/asadepfrvn.cluster023.hosting.ovh.net\/wp-content\/uploads\/2017\/07\/09-05-01-Pays-dAuge.pdf\" target=\"_blank\" rel=\"noopener\">ici<\/a><span class=\"\" style=\"display:block;clear:both;height: 0px;padding-top: 10px;border-top-width:0px;border-bottom-width:0px;\"><\/span><br \/>\n\"Une visite au coeur du Parc aux Daims\"<br \/>\n21 avril 2009 - Pays d'Auge<br \/>\nVisualisez l'article au format PDF <a href=\"http:\/\/asadepfrvn.cluster023.hosting.ovh.net\/wp-content\/uploads\/2017\/07\/09-04-21-Pays-d-Auge.pdf\" target=\"_blank\" rel=\"noopener\">ici<\/a><span class=\"\" style=\"display:block;clear:both;height: 0px;padding-top: 10px;border-top-width:0px;border-bottom-width:0px;\"><\/span><br \/>\n\"Les saxophonistes au secours de l'\u00e9glise\"<br \/>\n11 novembre 2008 - Pays d'Auge<br \/>\nVisualisez l'article au format PDF <a href=\"http:\/\/asadepfrvn.cluster023.hosting.ovh.net\/wp-content\/uploads\/2017\/07\/08-11-11-Pays-dAuge.pdf\" target=\"_blank\" rel=\"noopener\">ici<\/a><span class=\"\" style=\"display:block;clear:both;height: 0px;padding-top: 10px;border-top-width:0px;border-bottom-width:0px;\"><\/span><br \/>\n\"Concert de saxophones ce samedi soir\"<br \/>\n8 novembre 2008 - Ouest France<br \/>\nVisualisez l'article au format PDF <a href=\"http:\/\/asadepfrvn.cluster023.hosting.ovh.net\/wp-content\/uploads\/2017\/07\/08-11-08-Ouest-France.pdf\" target=\"_blank\" rel=\"noopener\">ici<\/a><span class=\"\" style=\"display:block;clear:both;height: 0px;padding-top: 10px;border-top-width:0px;border-bottom-width:0px;\"><\/span><br \/>\n\"Des voix corses invit\u00e9es en pays d'Auge\"<br \/>\n30 septembre 2008 - Pays d'Auge<br \/>\nVisualisez l'article au format PDF <a href=\"http:\/\/asadepfrvn.cluster023.hosting.ovh.net\/wp-content\/uploads\/2017\/07\/08-09-30-Pays-dAuge.pdf\" target=\"_blank\" rel=\"noopener\">ici<\/a><span class=\"\" style=\"display:block;clear:both;height: 0px;padding-top: 10px;border-top-width:0px;border-bottom-width:0px;\"><\/span><br \/>\n\"Balade sous les pommiers pour 30 marcheurs\"<br \/>\n23 mai 2008 - Pays d'Auge<br \/>\nVisualisez l'article au format PDF <a href=\"http:\/\/asadepfrvn.cluster023.hosting.ovh.net\/wp-content\/uploads\/2017\/07\/08-05-23-Pays-dAuge.pdf\" target=\"_blank\" rel=\"noopener\">ici<\/a><span class=\"\" style=\"display:block;clear:both;height: 0px;padding-top: 10px;border-top-width:0px;border-bottom-width:0px;\"><\/span><br \/>\n\"Quarante personnes au concert de l'Ensemble horizon\"<br \/>\n23 avril 2008<br \/>\nVisualisez l'article <a href=\"http:\/\/asadepfrvn.cluster023.hosting.ovh.net\/wp-content\/uploads\/2017\/07\/08-04-23.jpg\" data-lightbox=\"gal[668]\" target=\"_blank\" rel=\"noopener\">ici<\/a><span class=\"\" style=\"display:block;clear:both;height: 0px;padding-top: 10px;border-top-width:0px;border-bottom-width:0px;\"><\/span><br \/>\n\"Un voyage chant\u00e9 sous une vo\u00fbte romane\"<br \/>\n22 avril 2008 - Pays d'Auge<br \/>\nVisualisez l'article <a href=\"http:\/\/asadepfrvn.cluster023.hosting.ovh.net\/wp-content\/uploads\/2017\/07\/08-04-22.jpg\" data-lightbox=\"gal[668]\" target=\"_blank\" rel=\"noopener\">ici<\/a><span class=\"\" style=\"display:block;clear:both;height: 0px;padding-top: 10px;border-top-width:0px;border-bottom-width:0px;\"><\/span><br \/>\n\"Le programme de la saison est boucl\u00e9\"<br \/>\n\"L'ensemble vocal \"Horizons\" ouvre la saison\"<br \/>\n11 avril 2008 - Pays d'Auge<br \/>\nVisualisez l'article <a href=\"http:\/\/asadepfrvn.cluster023.hosting.ovh.net\/wp-content\/uploads\/2017\/07\/08-04-11-Pays-dAuge.pdf\" target=\"_blank\" rel=\"noopener\">ici<\/a><span class=\"\" style=\"display:block;clear:both;height: 0px;padding-top: 10px;border-top-width:0px;border-bottom-width:0px;\"><\/span><br \/>\n\"Un concert de musique du monde donn\u00e9 \u00e0 l'\u00e9glise le 19 avril\"<br \/>\n08 avril 2008 - Ouest France<br \/>\nVisualisez l'article <a href=\"http:\/\/asadepfrvn.cluster023.hosting.ovh.net\/wp-content\/uploads\/2017\/07\/08-04-08.jpg\" data-lightbox=\"gal[668]\" target=\"_blank\" rel=\"noopener\">ici<\/a><span class=\"\" style=\"display:block;clear:both;height: 0px;padding-top: 10px;border-top-width:0px;border-bottom-width:0px;\"><\/span><br \/>\n\"Des retrouvailles attendues et chaleureuses\"<br \/>\n13 novembre 2007 - Pays d'Auge<span class=\"\" style=\"display:block;clear:both;height: 0px;padding-top: 10px;border-top-width:0px;border-bottom-width:0px;\"><\/span><br \/>\n\"Le public nombreux au concert de jazz\"<br \/>\n13 novembre 2007 - Ouest France<br \/>\nVisualisez l'article <a href=\"http:\/\/asadepfrvn.cluster023.hosting.ovh.net\/wp-content\/uploads\/2017\/07\/07-11-13.jpg\" data-lightbox=\"gal[668]\" target=\"_blank\" rel=\"noopener\">ici<\/a><span class=\"\" style=\"display:block;clear:both;height: 0px;padding-top: 10px;border-top-width:0px;border-bottom-width:0px;\"><\/span><br \/>\n\"Soir\u00e9e r\u00e9ussie autour de France Clidat et Liszt\"<br \/>\n07 ao\u00fbt 2007 - Pays d'Auge<br \/>\nVisualisez l'article <a href=\"http:\/\/asadepfrvn.cluster023.hosting.ovh.net\/wp-content\/uploads\/2017\/07\/07-08-07.jpg\" data-lightbox=\"gal[668]\" target=\"_blank\" rel=\"noopener\">ici<\/a><span class=\"\" style=\"display:block;clear:both;height: 0px;padding-top: 10px;border-top-width:0px;border-bottom-width:0px;\"><\/span><br \/>\n\"Pr\u00e8s de 65 spectateurs pour une belle prestation\"<br \/>\n29 mai 2007 - Pays d'Auge<br \/>\nVisualisez l'article <a href=\"http:\/\/asadepfrvn.cluster023.hosting.ovh.net\/wp-content\/uploads\/2017\/07\/07-05-29.jpg\" data-lightbox=\"gal[668]\" target=\"_blank\" rel=\"noopener\">ici<\/a><span class=\"\" style=\"display:block;clear:both;height: 0px;padding-top: 10px;border-top-width:0px;border-bottom-width:0px;\"><\/span><br \/>\n\"Peu de monde pour une opportunit\u00e9 rare\"<br \/>\n17 avril 2007 - Pays d'Auge<br \/>\nVisualisez l'article <a href=\"http:\/\/asadepfrvn.cluster023.hosting.ovh.net\/wp-content\/uploads\/2017\/07\/07-04-17.jpg\" data-lightbox=\"gal[668]\" target=\"_blank\" rel=\"noopener\">ici<\/a><span class=\"texte\"><span class=\"\" style=\"display:block;clear:both;height: 0px;padding-top: 10px;border-top-width:0px;border-bottom-width:0px;\"><\/span><\/span><br \/>\n\"La Nouvelle Orl\u00e9ans met le feu aux vo\u00fbtes s\u00e9culaires\"<br \/>\n14 novembre 2006 - Pays d'Auge<br \/>\nVisualisez l'article <a href=\"http:\/\/asadepfrvn.cluster023.hosting.ovh.net\/wp-content\/uploads\/2017\/07\/08-11-11-Pays-dAuge.pdf\" target=\"_blank\" rel=\"noopener\">ici<\/a><span class=\"\" style=\"display:block;clear:both;height: 0px;padding-top: 10px;border-top-width:0px;border-bottom-width:0px;\"><\/span><br \/>\n\"Une envie de faire vivre le village\"<br \/>\n31 mai 2006 - Pays d'Auge<br \/>\nVisualisez l'article <a href=\"http:\/\/asadepfrvn.cluster023.hosting.ovh.net\/wp-content\/uploads\/2017\/07\/06-05-31.jpg\" data-lightbox=\"gal[668]\" target=\"_blank\" rel=\"noopener\">ici<\/a><span class=\"\" style=\"display:block;clear:both;height: 0px;padding-top: 10px;border-top-width:0px;border-bottom-width:0px;\"><\/span><br \/>\n\"C'est comme lorsque les trains \u00e0 vapeur passaient encore dans le tunnel\"<br \/>\n15 avril 2006<br \/>\nVisualisez l'article <a href=\"http:\/\/asadepfrvn.cluster023.hosting.ovh.net\/wp-content\/uploads\/2017\/07\/06-04-15.jpg\" data-lightbox=\"gal[668]\" target=\"_blank\" rel=\"noopener\">ici<\/a><span class=\"\" style=\"display:block;clear:both;height: 0px;padding-top: 10px;border-top-width:0px;border-bottom-width:0px;\"><\/span><br \/>\n\"Exposition et visite \u00e0 Saint-Andr\u00e9 d'H\u00e9bertot\"<br \/>\n14 mai 2005<br \/>\nVisualisez l'article <a href=\"http:\/\/asadepfrvn.cluster023.hosting.ovh.net\/wp-content\/uploads\/2017\/07\/05-05-14_001.jpg\" data-lightbox=\"gal[668]\" target=\"_blank\" rel=\"noopener\">ici<\/a><span class=\"\" style=\"display:block;clear:both;height: 0px;padding-top: 10px;border-top-width:0px;border-bottom-width:0px;\"><\/span><br \/>\n\"Patrimoine et visite \u00e0 Saint-Andr\u00e9 d'H\u00e9bertot\"<br \/>\n14 mai 2005<br \/>\nVisualisez l'article <a href=\"http:\/\/asadepfrvn.cluster023.hosting.ovh.net\/wp-content\/uploads\/2017\/07\/05-05-14.jpg\" data-lightbox=\"gal[668]\" target=\"_blank\" rel=\"noopener\">ici<\/a><span class=\"\" style=\"display:block;clear:both;height: 0px;padding-top: 10px;border-top-width:0px;border-bottom-width:0px;\"><\/span><br \/>\n\"Une association pour mettre en valeur les tr\u00e9sors du patrimoine du village\"<br \/>\n22 mars 2005 - Pays d'Auge<br \/>\nVisualisez l'article <a href=\"http:\/\/asadepfrvn.cluster023.hosting.ovh.net\/wp-content\/uploads\/2017\/07\/05-03-22.jpg\" data-lightbox=\"gal[668]\" target=\"_blank\" rel=\"noopener\">ici<\/a><span class=\"\" style=\"display:block;clear:both;height: 0px;padding-top: 10px;border-top-width:0px;border-bottom-width:0px;\"><\/span><\/span><\/p>\n<\/div>\n<\/div><\/div><\/div><div id=\"pgc-668-0-2\"  class=\"panel-grid-cell panel-grid-cell-empty\" ><\/div><\/div><\/div>","protected":false},"excerpt":{"rendered":"<p>La presse en parle \u00ab\u00a0Les \u00e9l\u00e8ves regarderont les \u00e9glises autrement\u00a0\u00bb 3 juillet 2015 &#8211; Ouest France Visualisez l&rsquo;article au format PDF ici \u00ab\u00a0G\u00e9rard Redon reprend la pr\u00e9sidence\u00a0\u00bb 27 juin 2014 &#8211; Pays d&rsquo;Auge Visualisez l&rsquo;article au format PDF ici \u00ab\u00a0L&rsquo;\u00e9glise retrouve sa vocation\u00a0\u00bb 23 mai 2014 &#8211; Pays d&rsquo;Auge Visualisez l&rsquo;article au format PDF ici [&hellip;]<\/p>\n","protected":false},"author":2,"featured_media":0,"parent":0,"menu_order":0,"comment_status":"closed","ping_status":"closed","template":"template-builder.php","meta":{"footnotes":""},"class_list":["post-668","page","type-page","status-publish","hentry"],"_links":{"self":[{"href":"https:\/\/asadep.fr\/index.php\/wp-json\/wp\/v2\/pages\/668","targetHints":{"allow":["GET"]}}],"collection":[{"href":"https:\/\/asadep.fr\/index.php\/wp-json\/wp\/v2\/pages"}],"about":[{"href":"https:\/\/asadep.fr\/index.php\/wp-json\/wp\/v2\/types\/page"}],"author":[{"embeddable":true,"href":"https:\/\/asadep.fr\/index.php\/wp-json\/wp\/v2\/users\/2"}],"replies":[{"embeddable":true,"href":"https:\/\/asadep.fr\/index.php\/wp-json\/wp\/v2\/comments?post=668"}],"version-history":[{"count":10,"href":"https:\/\/asadep.fr\/index.php\/wp-json\/wp\/v2\/pages\/668\/revisions"}],"predecessor-version":[{"id":719,"href":"https:\/\/asadep.fr\/index.php\/wp-json\/wp\/v2\/pages\/668\/revisions\/719"}],"wp:attachment":[{"href":"https:\/\/asadep.fr\/index.php\/wp-json\/wp\/v2\/media?parent=668"}],"curies":[{"name":"wp","href":"https:\/\/api.w.org\/{rel}","templated":true}]}}